{"version":"1.0","provider_name":"Tribu Exp\u00e9rientiel","provider_url":"https:\/\/tribu.co\/fr\/","author_name":"audreane","author_url":"https:\/\/tribu.co\/fr\/author\/audreane\/","title":"ACTIVATIONS MARATHONS BENEVA DE MONTR\u00c9AL ET DE QU\u00c9BEC 2023 - Tribu Exp\u00e9rientiel","type":"rich","width":600,"height":338,"html":"<blockquote class=\"wp-embedded-content\" data-secret=\"KYD3JNx2oj\"><a href=\"https:\/\/tribu.co\/fr\/project\/marathons-beneva-de-montreal-et-de-quebec-2023\/\">ACTIVATIONS MARATHONS BENEVA DE MONTR\u00c9AL ET DE QU\u00c9BEC 2023<\/a><\/blockquote><iframe sandbox=\"allow-scripts\" security=\"restricted\" src=\"https:\/\/tribu.co\/fr\/project\/marathons-beneva-de-montreal-et-de-quebec-2023\/embed\/#?secret=KYD3JNx2oj\" width=\"600\" height=\"338\" title=\"&#8220;ACTIVATIONS MARATHONS BENEVA DE MONTR\u00c9AL ET DE QU\u00c9BEC 2023&#8221; &#8212; Tribu Exp\u00e9rientiel\" data-secret=\"KYD3JNx2oj\" frameborder=\"0\" marginwidth=\"0\" marginheight=\"0\" scrolling=\"no\" class=\"wp-embedded-content\"><\/iframe><script type=\"text\/javascript\">\n\/* <![CDATA[ *\/\n\/*! This file is auto-generated *\/\n!function(d,l){\"use strict\";l.querySelector&&d.addEventListener&&\"undefined\"!=typeof URL&&(d.wp=d.wp||{},d.wp.receiveEmbedMessage||(d.wp.receiveEmbedMessage=function(e){var t=e.data;if((t||t.secret||t.message||t.value)&&!\/[^a-zA-Z0-9]\/.test(t.secret)){for(var s,r,n,a=l.querySelectorAll('iframe[data-secret=\"'+t.secret+'\"]'),o=l.querySelectorAll('blockquote[data-secret=\"'+t.secret+'\"]'),c=new RegExp(\"^https?:$\",\"i\"),i=0;i<o.length;i++)o[i].style.display=\"none\";for(i=0;i<a.length;i++)s=a[i],e.source===s.contentWindow&&(s.removeAttribute(\"style\"),\"height\"===t.message?(1e3<(r=parseInt(t.value,10))?r=1e3:~~r<200&&(r=200),s.height=r):\"link\"===t.message&&(r=new URL(s.getAttribute(\"src\")),n=new URL(t.value),c.test(n.protocol))&&n.host===r.host&&l.activeElement===s&&(d.top.location.href=t.value))}},d.addEventListener(\"message\",d.wp.receiveEmbedMessage,!1),l.addEventListener(\"DOMContentLoaded\",function(){for(var e,t,s=l.querySelectorAll(\"iframe.wp-embedded-content\"),r=0;r<s.length;r++)(t=(e=s[r]).getAttribute(\"data-secret\"))||(t=Math.random().toString(36).substring(2,12),e.src+=\"#?secret=\"+t,e.setAttribute(\"data-secret\",t)),e.contentWindow.postMessage({message:\"ready\",secret:t},\"*\")},!1)))}(window,document);\n\/\/# sourceURL=https:\/\/tribu.co\/wp-includes\/js\/wp-embed.min.js\n\/* ]]> *\/\n<\/script>\n","description":"Pour une deuxi\u00e8me ann\u00e9e, Beneva \u00e9tait le commanditaire en titre des marathons de Montr\u00e9al et de Qu\u00e9bec. Pour l\u2019occasion, Tribu assurait l\u2019id\u00e9ation, la conceptualisation, la cr\u00e9ation, la production et l\u2019ex\u00e9cution terrain de l\u2019ensemble de l\u2019activation des deux commandites (avant, pendant et apr\u00e8s). Les objectifs de ces activations \u00e9tait de renforcer le message de bienveillance et bien-\u00eatre du coureur ainsi que de cr\u00e9er une exp\u00e9rience qui apporte de la valeur ajout\u00e9e aux participants ainsi qu\u2019aux \u00e9v\u00e9nements.","thumbnail_url":"https:\/\/tribu.co\/wp-content\/uploads\/2020\/03\/Tribu-Header-2.jpg","thumbnail_width":4096,"thumbnail_height":2399}