{"id":10264,"date":"2023-12-14T13:27:52","date_gmt":"2023-12-14T18:27:52","guid":{"rendered":"https:\/\/tribu.co\/?post_type=project&#038;p=10264"},"modified":"2023-12-20T08:40:24","modified_gmt":"2023-12-20T13:40:24","slug":"beneva-x-activation-omnium-banque-nationale","status":"publish","type":"project","link":"https:\/\/tribu.co\/fr\/project\/beneva-x-activation-omnium-banque-nationale\/","title":{"rendered":"Beneva x Activation Omnium Banque Nationale"},"content":{"rendered":"<section block class=\"b-text\" data-watch>\n\t<div class=\"container-narrow container--align-center\">\n\t\t<div class=\"b-text-content wysiwyg wysiwyg--text\">\n\t\t\t<h2 style=\"text-align: center;\">Le projet<\/h2>\n<p style=\"text-align: center;\">Pour l&#8217;\u00e9dition 2023 de l&#8217;Omnium Banque Nationale de Montr\u00e9al (4 au 13 ao\u00fbt), nous avons \u00e9t\u00e9 mandat\u00e9 par <a href=\"https:\/\/www.beneva.ca\/fr\">Beneva<\/a> pour concevoir une exp\u00e9rience de marque 360. Mettant en avant les valeurs et le r\u00e9cit de la marque, notre projet cl\u00e9 en main a int\u00e9gr\u00e9 la cr\u00e9ation et l&#8217;ex\u00e9cution du Balcon Beneva et d&#8217;un Espace d&#8217;Activation ext\u00e9rieur.<\/p>\n<p style=\"text-align: center;\">Notre approche incluait un concours pr\u00e9-\u00e9v\u00e9nement, une exp\u00e9rience immersive sur place, et la production de contenu post-\u00e9v\u00e9nement pour une r\u00e9sonance durable.<\/p>\n<p>&nbsp;<\/p>\n\n\t\t<\/div>\n\t<\/div>\n<\/section>\n\n<section block class=\"b-gallery\" data-watch>\n\t<div class=\"container-inset\">\n\n\t\t<div class=\"b-gallery-items\">\n\n\t\t\t\n\t\t\t\t<div\n\t\t\t\t\tclass=\"b-gallery-item\"\n\t\t\t\t\tdata-watch\n\t\t\t\t\tdata-watch-enter=\"0.65\"\n\t\t\t\t\tdata-watch-class=\"item-on-screen\">\n\t\t\t\t\t<div class=\"image image--with-layer\"><div class=\"layer\" style=\"background-image: url(https:\/\/tribu.co\/wp-content\/uploads\/2023\/12\/IMG_1447-scaled.jpeg)\"><\/div><\/div>\n\t\t\t\t<\/div>\n\n\t\t\t\n\t\t\t\t<div\n\t\t\t\t\tclass=\"b-gallery-item\"\n\t\t\t\t\tdata-watch\n\t\t\t\t\tdata-watch-enter=\"0.65\"\n\t\t\t\t\tdata-watch-class=\"item-on-screen\">\n\t\t\t\t\t<div class=\"image image--with-layer\"><div class=\"layer\" style=\"background-image: url(https:\/\/tribu.co\/wp-content\/uploads\/2023\/12\/366082665_634241505150870_4708664298265703733_n-1.jpg)\"><\/div><\/div>\n\t\t\t\t<\/div>\n\n\t\t\t\n\t\t<\/div>\n\n\t<\/div>\n<\/section>\n\n<section block class=\"b-text\" data-watch>\n\t<div class=\"container-narrow container--align-center\">\n\t\t<div class=\"b-text-content wysiwyg wysiwyg--text\">\n\t\t\t<h2 style=\"text-align: center;\">L\u2019exp\u00e9rience<\/h2>\n<p style=\"text-align: center;\">Ayant pour objectif de positionner Beneva comme la marque bienveillante par excellence, le point focal de notre id\u00e9ation met l&#8217;humain au centre de l&#8217;exp\u00e9rience.<\/p>\n<p style=\"text-align: center;\">\n<strong>1. AVANT &#8211; CR\u00c9ATION D\u2019UN CONCOURS<\/strong><br \/>\nNous avons mis en place un concours pr\u00e9-\u00e9v\u00e9nement visant \u00e0 rassembler des leads de clients potentiels. Les participants ont \u00e9t\u00e9 invit\u00e9s \u00e0 agir en s&#8217;inscrivant et en contribuant au contenu. L&#8217;incitatif pour participer \u00e9tait la chance de gagner une place exclusive au Balcon Beneva. Cette initiative a permis de susciter l&#8217;engagement et d&#8217;attirer un public qualifi\u00e9 en amont de l&#8217;\u00e9v\u00e9nement.<\/p>\n<p style=\"text-align: center;\"><strong>2. PENDANT &#8211; EXP\u00c9RIENCE DE MARQUE TERRAIN<\/strong><br \/>\nL&#8217;activation sur le terrain a cherch\u00e9 \u00e0 immerger les visiteurs dans l&#8217;univers de Beneva, les positionnant comme des acteurs cl\u00e9s des actions positives au sein de la communaut\u00e9 tennis. Intitul\u00e9e &#8220;Les Bons \u00c9changes Beneva&#8221;, cette initiative a mis en lumi\u00e8re des valeurs telles que la solidarit\u00e9, l&#8217;empathie, la cr\u00e9ativit\u00e9 et la convivialit\u00e9.<\/p>\n<p style=\"text-align: center;\">\u00c0 travers ce concept, nous avons encourag\u00e9 des interactions positives en mettant en place un jeu interactif entre deux participants. Le but \u00e9tait de reconna\u00eetre les contributions exceptionnelles de cinq comit\u00e9s de b\u00e9n\u00e9voles qui ont jou\u00e9 un r\u00f4le essentiel dans le succ\u00e8s de l&#8217;OBN. En \u00e9change de leurs services, les festivaliers ont \u00e9t\u00e9 invit\u00e9s \u00e0 participer \u00e0 des matchs de tennis interactifs pour saluer le travail de ces b\u00e9n\u00e9voles.<\/p>\n<p style=\"text-align: center;\">Le &#8220;Court Int\u00e9ractif des Bons \u00c9changes Beneva&#8221; a offert une exp\u00e9rience ludique et engageante. Le mur int\u00e9ractif simulait un terrain de tennis avec des t\u00e9moins lumineux. Chaque fois qu&#8217;un t\u00e9moin s&#8217;allumait, le joueur qui r\u00e9agissait le plus rapidement remportait le point. Cette activit\u00e9 a incarn\u00e9 l&#8217;esprit de collaboration et de reconnaissance au c\u0153ur de la marque Beneva.<\/p>\n<p style=\"text-align: center;\"><strong>3. APR\u00c8S &#8211; CR\u00c9ATION DE CONTENU<\/strong><br \/>\nNous avons produit du contenu mettant en avant nos actions pendant l&#8217;\u00e9v\u00e9nement, pr\u00e9sent\u00e9 \u00e0 travers une vid\u00e9o R\u00c9EL et un r\u00e9capitulatif. Ces initiatives positives envers la communaut\u00e9 tennis ont \u00e9t\u00e9 amplifi\u00e9es sur diverses plateformes.<\/p>\n\n\t\t<\/div>\n\t<\/div>\n<\/section>\n\n<section block class=\"b-gallery\" data-watch>\n\t<div class=\"container-inset\">\n\n\t\t<div class=\"b-gallery-items\">\n\n\t\t\t\n\t\t\t\t<div\n\t\t\t\t\tclass=\"b-gallery-item\"\n\t\t\t\t\tdata-watch\n\t\t\t\t\tdata-watch-enter=\"0.65\"\n\t\t\t\t\tdata-watch-class=\"item-on-screen\">\n\t\t\t\t\t<div class=\"image image--with-layer\"><div class=\"layer\" style=\"background-image: url(https:\/\/tribu.co\/wp-content\/uploads\/2023\/12\/365384075_1150871372982473_1071361819266100925_n.jpg)\"><\/div><\/div>\n\t\t\t\t<\/div>\n\n\t\t\t\n\t\t\t\t<div\n\t\t\t\t\tclass=\"b-gallery-item\"\n\t\t\t\t\tdata-watch\n\t\t\t\t\tdata-watch-enter=\"0.65\"\n\t\t\t\t\tdata-watch-class=\"item-on-screen\">\n\t\t\t\t\t<div class=\"image image--with-layer\"><div class=\"layer\" style=\"background-image: url(https:\/\/tribu.co\/wp-content\/uploads\/2023\/12\/71314719780__75730FA5-DC13-4B37-A570-A8E2DC5D7556-scaled.jpeg)\"><\/div><\/div>\n\t\t\t\t<\/div>\n\n\t\t\t\n\t\t<\/div>\n\n\t<\/div>\n<\/section>\n\n<section block class=\"b-text\" data-watch>\n\t<div class=\"container-narrow container--align-center\">\n\t\t<div class=\"b-text-content wysiwyg wysiwyg--text\">\n\t\t\t<p style=\"text-align: center;\"><strong>R\u00e9cap de l&#8217;activation de commandite Beneva x Omnium Banque Nationale<\/strong><\/p>\n\n\t\t<\/div>\n\t<\/div>\n<\/section>\n\n<section block class=\"b-video\" data-watch>\n\t<div class=\"container-inset\">\n\t\t<div class=\"b-video-frame wysiwyg wysiwyg--text\">\n\n\t\t\t\t\t\t\t<div class=\"b-video-player video-player--vimeo\">\n\t\t\t\t\t<iframe loading=\"lazy\" src=\"https:\/\/player.vimeo.com\/video\/894578519?share=copy\" width=\"640\" height=\"480\" frameborder=\"0\" allow=\"autoplay; fullscreen\" allowfullscreen><\/iframe>\n\t\t\t\t<\/div>\n\t\t\t\n\t\t\t\n\t\t<\/div>\n\t<\/div>\n<\/section>\n\n<section block class=\"b-enum\" data-watch>\n\t<div class=\"container-inset\">\n\n\t\t\t\t\t<div class=\"b-enum-heading wysiwyg wysiwyg--small wysiwyg--color\">\n\t\t\t\t<h2>Les r\u00e9sultats?<\/h2>\n\n\t\t\t<\/div>\n\t\t\n\t\t<div class=\"b-enum-items\">\n\n\t\t\t\n\t\t\t\t<div\n\t\t\t\t\tclass=\"b-enum-item\"\n\t\t\t\t\tdata-watch\n\t\t\t\t\tdata-watch-enter=\"0.65\"\n\t\t\t\t\tdata-watch-class=\"item-on-screen\"\n\t\t\t\t\tdata-break-lines=\".b-enum-item-value\">\n\n\t\t\t\t\t\t\t\t\t\t\t<div class=\"b-enum-item-value\">\n\t\t\t\t\t\t\t10 jours\n\t\t\t\t\t\t<\/div>\n\t\t\t\t\t\n\t\t\t\t\t\t\t\t\t\t\t<div class=\"b-enum-item-label\">\n\t\t\t\t\t\t\td\u2019activation\n\t\t\t\t\t\t<\/div>\n\t\t\t\t\t\n\t\t\t\t<\/div>\n\n\t\t\t\n\t\t\t\t<div\n\t\t\t\t\tclass=\"b-enum-item\"\n\t\t\t\t\tdata-watch\n\t\t\t\t\tdata-watch-enter=\"0.65\"\n\t\t\t\t\tdata-watch-class=\"item-on-screen\"\n\t\t\t\t\tdata-break-lines=\".b-enum-item-value\">\n\n\t\t\t\t\t\t\t\t\t\t\t<div class=\"b-enum-item-value\">\n\t\t\t\t\t\t\t14 253 interceptions\n\t\t\t\t\t\t<\/div>\n\t\t\t\t\t\n\t\t\t\t\t\t\t\t\t\t\t<div class=\"b-enum-item-label\">\n\t\t\t\t\t\t\tdurant les 10 jours\n\t\t\t\t\t\t<\/div>\n\t\t\t\t\t\n\t\t\t\t<\/div>\n\n\t\t\t\n\t\t\t\t<div\n\t\t\t\t\tclass=\"b-enum-item\"\n\t\t\t\t\tdata-watch\n\t\t\t\t\tdata-watch-enter=\"0.65\"\n\t\t\t\t\tdata-watch-class=\"item-on-screen\"\n\t\t\t\t\tdata-break-lines=\".b-enum-item-value\">\n\n\t\t\t\t\t\t\t\t\t\t\t<div class=\"b-enum-item-value\">\n\t\t\t\t\t\t\t4231 participations\n\t\t\t\t\t\t<\/div>\n\t\t\t\t\t\n\t\t\t\t\t\t\t\t\t\t\t<div class=\"b-enum-item-label\">\n\t\t\t\t\t\t\t\u00e0 l\u2019activation (jeu interactif)\n\t\t\t\t\t\t<\/div>\n\t\t\t\t\t\n\t\t\t\t<\/div>\n\n\t\t\t\n\t\t\t\t<div\n\t\t\t\t\tclass=\"b-enum-item\"\n\t\t\t\t\tdata-watch\n\t\t\t\t\tdata-watch-enter=\"0.65\"\n\t\t\t\t\tdata-watch-class=\"item-on-screen\"\n\t\t\t\t\tdata-break-lines=\".b-enum-item-value\">\n\n\t\t\t\t\t\t\t\t\t\t\t<div class=\"b-enum-item-value\">\n\t\t\t\t\t\t\t1767 participations\n\t\t\t\t\t\t<\/div>\n\t\t\t\t\t\n\t\t\t\t\t\t\t\t\t\t\t<div class=\"b-enum-item-label\">\n\t\t\t\t\t\t\tau concours Toronto 2024\n\t\t\t\t\t\t<\/div>\n\t\t\t\t\t\n\t\t\t\t<\/div>\n\n\t\t\t\n\t\t<\/div>\n\n\t<\/div>\n<\/section>","protected":false},"author":16,"featured_media":10271,"menu_order":0,"template":"","project-service":[35],"project-event":[],"project-location":[64],"class_list":["post-10264","project","type-project","status-publish","has-post-thumbnail","hentry","project-service-experience-de-marque","project-location-canada-fr"],"acf":[],"yoast_head":"<!-- This site is optimized with the Yoast SEO plugin v26.7 - https:\/\/yoast.com\/wordpress\/plugins\/seo\/ -->\n<title>Beneva x Activation Omnium Banque Nationale - Tribu Exp\u00e9rientiel<\/title>\n<meta name=\"description\" content=\"Pour l&#039;\u00e9dition 2023 de l&#039;Omnium Banque Nationale de Montr\u00e9al (4 au 13 ao\u00fbt), nous avons \u00e9t\u00e9 mandat\u00e9 par Beneva pour concevoir une exp\u00e9rience de marque 360. Mettant en avant les valeurs et le r\u00e9cit de la marque, notre projet cl\u00e9 en main a int\u00e9gr\u00e9 la cr\u00e9ation et l&#039;ex\u00e9cution du Balcon Beneva et d&#039;un Espace d&#039;Activation ext\u00e9rieur.\" \/>\n<meta name=\"robots\" content=\"index, follow, max-snippet:-1, max-image-preview:large, max-video-preview:-1\" \/>\n<link rel=\"canonical\" href=\"https:\/\/tribu.co\/fr\/project\/beneva-x-activation-omnium-banque-nationale\/\" \/>\n<meta property=\"og:locale\" content=\"fr_CA\" \/>\n<meta property=\"og:type\" content=\"article\" \/>\n<meta property=\"og:title\" content=\"Beneva x Activation Omnium Banque Nationale - Tribu Exp\u00e9rientiel\" \/>\n<meta property=\"og:description\" content=\"Pour l&#039;\u00e9dition 2023 de l&#039;Omnium Banque Nationale de Montr\u00e9al (4 au 13 ao\u00fbt), nous avons \u00e9t\u00e9 mandat\u00e9 par Beneva pour concevoir une exp\u00e9rience de marque 360. Mettant en avant les valeurs et le r\u00e9cit de la marque, notre projet cl\u00e9 en main a int\u00e9gr\u00e9 la cr\u00e9ation et l&#039;ex\u00e9cution du Balcon Beneva et d&#039;un Espace d&#039;Activation ext\u00e9rieur.\" \/>\n<meta property=\"og:url\" content=\"https:\/\/tribu.co\/fr\/project\/beneva-x-activation-omnium-banque-nationale\/\" \/>\n<meta property=\"og:site_name\" content=\"Tribu Exp\u00e9rientiel\" \/>\n<meta property=\"article:publisher\" content=\"https:\/\/www.facebook.com\/TribuExperientiel\/\" \/>\n<meta property=\"article:modified_time\" content=\"2023-12-20T13:40:24+00:00\" \/>\n<meta property=\"og:image\" content=\"https:\/\/tribu.co\/app\/uploads\/2023\/12\/IMG_1447-scaled.jpeg\" \/>\n\t<meta property=\"og:image:width\" content=\"1920\" \/>\n\t<meta property=\"og:image:height\" content=\"2560\" \/>\n\t<meta property=\"og:image:type\" content=\"image\/jpeg\" \/>\n<meta name=\"twitter:card\" content=\"summary_large_image\" \/>\n<meta name=\"twitter:site\" content=\"@tribu_exp\" \/>\n<script type=\"application\/ld+json\" class=\"yoast-schema-graph\">{\"@context\":\"https:\/\/schema.org\",\"@graph\":[{\"@type\":\"WebPage\",\"@id\":\"https:\/\/tribu.co\/fr\/project\/beneva-x-activation-omnium-banque-nationale\/\",\"url\":\"https:\/\/tribu.co\/fr\/project\/beneva-x-activation-omnium-banque-nationale\/\",\"name\":\"Beneva x Activation Omnium Banque Nationale - Tribu Exp\u00e9rientiel\",\"isPartOf\":{\"@id\":\"https:\/\/tribu.co\/#website\"},\"primaryImageOfPage\":{\"@id\":\"https:\/\/tribu.co\/fr\/project\/beneva-x-activation-omnium-banque-nationale\/#primaryimage\"},\"image\":{\"@id\":\"https:\/\/tribu.co\/fr\/project\/beneva-x-activation-omnium-banque-nationale\/#primaryimage\"},\"thumbnailUrl\":\"https:\/\/tribu.co\/wp-content\/uploads\/2023\/12\/IMG_1447-scaled.jpeg\",\"datePublished\":\"2023-12-14T18:27:52+00:00\",\"dateModified\":\"2023-12-20T13:40:24+00:00\",\"description\":\"Pour l'\u00e9dition 2023 de l'Omnium Banque Nationale de Montr\u00e9al (4 au 13 ao\u00fbt), nous avons \u00e9t\u00e9 mandat\u00e9 par Beneva pour concevoir une exp\u00e9rience de marque 360. Mettant en avant les valeurs et le r\u00e9cit de la marque, notre projet cl\u00e9 en main a int\u00e9gr\u00e9 la cr\u00e9ation et l'ex\u00e9cution du Balcon Beneva et d'un Espace d'Activation ext\u00e9rieur.\",\"breadcrumb\":{\"@id\":\"https:\/\/tribu.co\/fr\/project\/beneva-x-activation-omnium-banque-nationale\/#breadcrumb\"},\"inLanguage\":\"fr-CA\",\"potentialAction\":[{\"@type\":\"ReadAction\",\"target\":[\"https:\/\/tribu.co\/fr\/project\/beneva-x-activation-omnium-banque-nationale\/\"]}]},{\"@type\":\"ImageObject\",\"inLanguage\":\"fr-CA\",\"@id\":\"https:\/\/tribu.co\/fr\/project\/beneva-x-activation-omnium-banque-nationale\/#primaryimage\",\"url\":\"https:\/\/tribu.co\/wp-content\/uploads\/2023\/12\/IMG_1447-scaled.jpeg\",\"contentUrl\":\"https:\/\/tribu.co\/wp-content\/uploads\/2023\/12\/IMG_1447-scaled.jpeg\",\"width\":1920,\"height\":2560},{\"@type\":\"BreadcrumbList\",\"@id\":\"https:\/\/tribu.co\/fr\/project\/beneva-x-activation-omnium-banque-nationale\/#breadcrumb\",\"itemListElement\":[{\"@type\":\"ListItem\",\"position\":1,\"name\":\"Home\",\"item\":\"https:\/\/tribu.co\/fr\/accueil\/\"},{\"@type\":\"ListItem\",\"position\":2,\"name\":\"Beneva x Activation Omnium Banque Nationale\"}]},{\"@type\":\"WebSite\",\"@id\":\"https:\/\/tribu.co\/#website\",\"url\":\"https:\/\/tribu.co\/\",\"name\":\"Tribu\",\"description\":\"Integrated experiences\",\"publisher\":{\"@id\":\"https:\/\/tribu.co\/#organization\"},\"potentialAction\":[{\"@type\":\"SearchAction\",\"target\":{\"@type\":\"EntryPoint\",\"urlTemplate\":\"https:\/\/tribu.co\/?s={search_term_string}\"},\"query-input\":{\"@type\":\"PropertyValueSpecification\",\"valueRequired\":true,\"valueName\":\"search_term_string\"}}],\"inLanguage\":\"fr-CA\"},{\"@type\":\"Organization\",\"@id\":\"https:\/\/tribu.co\/#organization\",\"name\":\"Tribu\",\"url\":\"https:\/\/tribu.co\/\",\"logo\":{\"@type\":\"ImageObject\",\"inLanguage\":\"fr-CA\",\"@id\":\"https:\/\/tribu.co\/#\/schema\/logo\/image\/\",\"url\":\"https:\/\/tribu.co\/app\/uploads\/2020\/03\/Tribu-Header.png\",\"contentUrl\":\"https:\/\/tribu.co\/app\/uploads\/2020\/03\/Tribu-Header.png\",\"width\":2500,\"height\":1398,\"caption\":\"Tribu\"},\"image\":{\"@id\":\"https:\/\/tribu.co\/#\/schema\/logo\/image\/\"},\"sameAs\":[\"https:\/\/www.facebook.com\/TribuExperientiel\/\",\"https:\/\/x.com\/tribu_exp\",\"https:\/\/www.instagram.com\/tribuexperientiel\/\",\"https:\/\/www.linkedin.com\/tribuexperientiel\/\"]}]}<\/script>\n<!-- \/ Yoast SEO plugin. -->","yoast_head_json":{"title":"Beneva x Activation Omnium Banque Nationale - Tribu Exp\u00e9rientiel","description":"Pour l'\u00e9dition 2023 de l'Omnium Banque Nationale de Montr\u00e9al (4 au 13 ao\u00fbt), nous avons \u00e9t\u00e9 mandat\u00e9 par Beneva pour concevoir une exp\u00e9rience de marque 360. Mettant en avant les valeurs et le r\u00e9cit de la marque, notre projet cl\u00e9 en main a int\u00e9gr\u00e9 la cr\u00e9ation et l'ex\u00e9cution du Balcon Beneva et d'un Espace d'Activation ext\u00e9rieur.","robots":{"index":"index","follow":"follow","max-snippet":"max-snippet:-1","max-image-preview":"max-image-preview:large","max-video-preview":"max-video-preview:-1"},"canonical":"https:\/\/tribu.co\/fr\/project\/beneva-x-activation-omnium-banque-nationale\/","og_locale":"fr_CA","og_type":"article","og_title":"Beneva x Activation Omnium Banque Nationale - Tribu Exp\u00e9rientiel","og_description":"Pour l'\u00e9dition 2023 de l'Omnium Banque Nationale de Montr\u00e9al (4 au 13 ao\u00fbt), nous avons \u00e9t\u00e9 mandat\u00e9 par Beneva pour concevoir une exp\u00e9rience de marque 360. Mettant en avant les valeurs et le r\u00e9cit de la marque, notre projet cl\u00e9 en main a int\u00e9gr\u00e9 la cr\u00e9ation et l'ex\u00e9cution du Balcon Beneva et d'un Espace d'Activation ext\u00e9rieur.","og_url":"https:\/\/tribu.co\/fr\/project\/beneva-x-activation-omnium-banque-nationale\/","og_site_name":"Tribu Exp\u00e9rientiel","article_publisher":"https:\/\/www.facebook.com\/TribuExperientiel\/","article_modified_time":"2023-12-20T13:40:24+00:00","og_image":[{"width":1920,"height":2560,"url":"https:\/\/tribu.co\/app\/uploads\/2023\/12\/IMG_1447-scaled.jpeg","type":"image\/jpeg"}],"twitter_card":"summary_large_image","twitter_site":"@tribu_exp","schema":{"@context":"https:\/\/schema.org","@graph":[{"@type":"WebPage","@id":"https:\/\/tribu.co\/fr\/project\/beneva-x-activation-omnium-banque-nationale\/","url":"https:\/\/tribu.co\/fr\/project\/beneva-x-activation-omnium-banque-nationale\/","name":"Beneva x Activation Omnium Banque Nationale - Tribu Exp\u00e9rientiel","isPartOf":{"@id":"https:\/\/tribu.co\/#website"},"primaryImageOfPage":{"@id":"https:\/\/tribu.co\/fr\/project\/beneva-x-activation-omnium-banque-nationale\/#primaryimage"},"image":{"@id":"https:\/\/tribu.co\/fr\/project\/beneva-x-activation-omnium-banque-nationale\/#primaryimage"},"thumbnailUrl":"https:\/\/tribu.co\/wp-content\/uploads\/2023\/12\/IMG_1447-scaled.jpeg","datePublished":"2023-12-14T18:27:52+00:00","dateModified":"2023-12-20T13:40:24+00:00","description":"Pour l'\u00e9dition 2023 de l'Omnium Banque Nationale de Montr\u00e9al (4 au 13 ao\u00fbt), nous avons \u00e9t\u00e9 mandat\u00e9 par Beneva pour concevoir une exp\u00e9rience de marque 360. Mettant en avant les valeurs et le r\u00e9cit de la marque, notre projet cl\u00e9 en main a int\u00e9gr\u00e9 la cr\u00e9ation et l'ex\u00e9cution du Balcon Beneva et d'un Espace d'Activation ext\u00e9rieur.","breadcrumb":{"@id":"https:\/\/tribu.co\/fr\/project\/beneva-x-activation-omnium-banque-nationale\/#breadcrumb"},"inLanguage":"fr-CA","potentialAction":[{"@type":"ReadAction","target":["https:\/\/tribu.co\/fr\/project\/beneva-x-activation-omnium-banque-nationale\/"]}]},{"@type":"ImageObject","inLanguage":"fr-CA","@id":"https:\/\/tribu.co\/fr\/project\/beneva-x-activation-omnium-banque-nationale\/#primaryimage","url":"https:\/\/tribu.co\/wp-content\/uploads\/2023\/12\/IMG_1447-scaled.jpeg","contentUrl":"https:\/\/tribu.co\/wp-content\/uploads\/2023\/12\/IMG_1447-scaled.jpeg","width":1920,"height":2560},{"@type":"BreadcrumbList","@id":"https:\/\/tribu.co\/fr\/project\/beneva-x-activation-omnium-banque-nationale\/#breadcrumb","itemListElement":[{"@type":"ListItem","position":1,"name":"Home","item":"https:\/\/tribu.co\/fr\/accueil\/"},{"@type":"ListItem","position":2,"name":"Beneva x Activation Omnium Banque Nationale"}]},{"@type":"WebSite","@id":"https:\/\/tribu.co\/#website","url":"https:\/\/tribu.co\/","name":"Tribu","description":"Integrated experiences","publisher":{"@id":"https:\/\/tribu.co\/#organization"},"potentialAction":[{"@type":"SearchAction","target":{"@type":"EntryPoint","urlTemplate":"https:\/\/tribu.co\/?s={search_term_string}"},"query-input":{"@type":"PropertyValueSpecification","valueRequired":true,"valueName":"search_term_string"}}],"inLanguage":"fr-CA"},{"@type":"Organization","@id":"https:\/\/tribu.co\/#organization","name":"Tribu","url":"https:\/\/tribu.co\/","logo":{"@type":"ImageObject","inLanguage":"fr-CA","@id":"https:\/\/tribu.co\/#\/schema\/logo\/image\/","url":"https:\/\/tribu.co\/app\/uploads\/2020\/03\/Tribu-Header.png","contentUrl":"https:\/\/tribu.co\/app\/uploads\/2020\/03\/Tribu-Header.png","width":2500,"height":1398,"caption":"Tribu"},"image":{"@id":"https:\/\/tribu.co\/#\/schema\/logo\/image\/"},"sameAs":["https:\/\/www.facebook.com\/TribuExperientiel\/","https:\/\/x.com\/tribu_exp","https:\/\/www.instagram.com\/tribuexperientiel\/","https:\/\/www.linkedin.com\/tribuexperientiel\/"]}]}},"_links":{"self":[{"href":"https:\/\/tribu.co\/fr\/wp-json\/wp\/v2\/project\/10264","targetHints":{"allow":["GET"]}}],"collection":[{"href":"https:\/\/tribu.co\/fr\/wp-json\/wp\/v2\/project"}],"about":[{"href":"https:\/\/tribu.co\/fr\/wp-json\/wp\/v2\/types\/project"}],"author":[{"embeddable":true,"href":"https:\/\/tribu.co\/fr\/wp-json\/wp\/v2\/users\/16"}],"wp:featuredmedia":[{"embeddable":true,"href":"https:\/\/tribu.co\/fr\/wp-json\/wp\/v2\/media\/10271"}],"wp:attachment":[{"href":"https:\/\/tribu.co\/fr\/wp-json\/wp\/v2\/media?parent=10264"}],"wp:term":[{"taxonomy":"project-service","embeddable":true,"href":"https:\/\/tribu.co\/fr\/wp-json\/wp\/v2\/project-service?post=10264"},{"taxonomy":"project-event","embeddable":true,"href":"https:\/\/tribu.co\/fr\/wp-json\/wp\/v2\/project-event?post=10264"},{"taxonomy":"project-location","embeddable":true,"href":"https:\/\/tribu.co\/fr\/wp-json\/wp\/v2\/project-location?post=10264"}],"curies":[{"name":"wp","href":"https:\/\/api.w.org\/{rel}","templated":true}]}}