{"id":10562,"date":"2024-03-11T15:01:29","date_gmt":"2024-03-11T20:01:29","guid":{"rendered":"https:\/\/tribu.co\/?post_type=project&#038;p=10562"},"modified":"2024-04-10T14:53:43","modified_gmt":"2024-04-10T19:53:43","slug":"apik-2024-mont-saint-denis-competition-de-ski-et-de-snowboard","status":"publish","type":"project","link":"https:\/\/tribu.co\/fr\/project\/apik-2024-mont-saint-denis-competition-de-ski-et-de-snowboard\/","title":{"rendered":"APIK 2024 &#8211; Quartier Latin"},"content":{"rendered":"<section block class=\"b-text\" data-watch>\n\t<div class=\"container-narrow container--align-left\">\n\t\t<div class=\"b-text-content wysiwyg wysiwyg--text\">\n\t\t\t<h2 style=\"text-align: center;\">Le projet<\/h2>\n<p style=\"text-align: center;\"><a href=\"https:\/\/apik.tribu.co\/\">APIK<\/a> est un \u00e9v\u00e9nement urbain GRATUIT du 1er au 3 mars 2024 en plein c\u0153ur de Montr\u00e9al pour les passionn\u00e9s d\u2019adr\u00e9naline dans le Quartier latin (rue Saint-Denis coin rue Sherbrooke \/ rue Ontario).<br \/>\nC\u2019est l\u2019occasion d\u2019assister \u00e0 une comp\u00e9tition de ski et de snowboard palpitante, de magasiner dans le village partenaires, de profiter d\u2019offres exclusives ou de se laisser emporter par les rythmes de nos DJs!<\/p>\n<p style=\"text-align: center;\">Le tout dans une ambiance familiale et festive.<\/p>\n\n\t\t<\/div>\n\t<\/div>\n<\/section>\n\n<section block class=\"b-image\" data-watch>\n\t<div class=\"container-inset\">\n\n\t\t<div class=\"b-image-frame\">\n\t\t\t<img decoding=\"async\" class=\"image\" src=\"https:\/\/tribu.co\/wp-content\/uploads\/2024\/03\/JAY-3-scaled-1920x0-c-default.jpg\">\n\t\t<\/div>\n\n\t\t\t\t\t<div class=\"b-image-legend wysiwyg\">\n\t\t\t \t<h5>Cr\u00e9dit: Jay Gallant<\/h5>\n\n\t\t\t<\/div>\n\t\t\n\t<\/div>\n<\/section>\n\n<section block class=\"b-text\" data-watch>\n\t<div class=\"container-narrow container--align-left\">\n\t\t<div class=\"b-text-content wysiwyg wysiwyg--text\">\n\t\t\t<h2 style=\"text-align: center;\"><strong>L\u2019exp\u00e9rience<\/strong><\/h2>\n<p style=\"text-align: center;\">D\u00e8s le vendredi soir, APIK a offert une exp\u00e9rience palpitante aux festivaliers en d\u00e9butant avec une comp\u00e9tition amicale de snowskate &#8216;best trick&#8217;, mettant en vedette les athl\u00e8tes talentueux d&#8217;<a href=\"https:\/\/www.instagram.com\/ambitionsnowskates\/\">Ambition Snowskates<\/a>.<\/p>\n<p style=\"text-align: center;\">Le samedi, les festivaliers ont \u00e9t\u00e9 invit\u00e9s \u00e0 une s\u00e9ance d&#8217;initiation au snowskate, anim\u00e9e par les coachs experts d&#8217;Ambition Snowskates, suivie de la comp\u00e9tition de snowboard avec pour juge en chef l&#8217;athl\u00e8te olympique <a href=\"https:\/\/www.instagram.com\/sebtoots\/\">S\u00e9bastien Toutant<\/a> .<\/p>\n<p style=\"text-align: center;\">Enfin, pour cl\u00f4turer le weekend, le dimanche a \u00e9t\u00e9 marqu\u00e9 par la comp\u00e9tition de ski. Pendant APIK, nous nous assurons que chaque moment est rempli d&#8217;excitation et de d\u00e9couvertes pour nos participants.<\/p>\n<p><img loading=\"lazy\" decoding=\"async\" class=\"wp-image-10598 aligncenter\" src=\"https:\/\/tribu.co\/app\/uploads\/2024\/03\/APIK-PRESSE-300x204.jpg\" alt=\"\" width=\"410\" height=\"279\" srcset=\"https:\/\/tribu.co\/wp-content\/uploads\/2024\/03\/APIK-PRESSE-300x204.jpg 300w, https:\/\/tribu.co\/wp-content\/uploads\/2024\/03\/APIK-PRESSE-1024x695.jpg 1024w, https:\/\/tribu.co\/wp-content\/uploads\/2024\/03\/APIK-PRESSE-768x521.jpg 768w, https:\/\/tribu.co\/wp-content\/uploads\/2024\/03\/APIK-PRESSE-1536x1042.jpg 1536w, https:\/\/tribu.co\/wp-content\/uploads\/2024\/03\/APIK-PRESSE.jpg 2000w\" sizes=\"auto, (max-width: 410px) 100vw, 410px\" \/><\/p>\n\n\t\t<\/div>\n\t<\/div>\n<\/section>\n\n<section block class=\"b-gallery\" data-watch>\n\t<div class=\"container-inset\">\n\n\t\t<div class=\"b-gallery-items\">\n\n\t\t\t\n\t\t\t\t<div\n\t\t\t\t\tclass=\"b-gallery-item\"\n\t\t\t\t\tdata-watch\n\t\t\t\t\tdata-watch-enter=\"0.65\"\n\t\t\t\t\tdata-watch-class=\"item-on-screen\">\n\t\t\t\t\t<div class=\"image image--with-layer\"><div class=\"layer\" style=\"background-image: url(https:\/\/tribu.co\/wp-content\/uploads\/2024\/03\/APIK-5-1920x0-c-default.jpg)\"><\/div><\/div>\n\t\t\t\t<\/div>\n\n\t\t\t\n\t\t\t\t<div\n\t\t\t\t\tclass=\"b-gallery-item\"\n\t\t\t\t\tdata-watch\n\t\t\t\t\tdata-watch-enter=\"0.65\"\n\t\t\t\t\tdata-watch-class=\"item-on-screen\">\n\t\t\t\t\t<div class=\"image image--with-layer\"><div class=\"layer\" style=\"background-image: url(https:\/\/tribu.co\/wp-content\/uploads\/2024\/03\/JAY-1-scaled-1920x0-c-default.jpg)\"><\/div><\/div>\n\t\t\t\t<\/div>\n\n\t\t\t\n\t\t\t\t<div\n\t\t\t\t\tclass=\"b-gallery-item\"\n\t\t\t\t\tdata-watch\n\t\t\t\t\tdata-watch-enter=\"0.65\"\n\t\t\t\t\tdata-watch-class=\"item-on-screen\">\n\t\t\t\t\t<div class=\"image image--with-layer\"><div class=\"layer\" style=\"background-image: url(https:\/\/tribu.co\/wp-content\/uploads\/2024\/03\/APIK-SKI-1920x0-c-default.jpg)\"><\/div><\/div>\n\t\t\t\t<\/div>\n\n\t\t\t\n\t\t\t\t<div\n\t\t\t\t\tclass=\"b-gallery-item\"\n\t\t\t\t\tdata-watch\n\t\t\t\t\tdata-watch-enter=\"0.65\"\n\t\t\t\t\tdata-watch-class=\"item-on-screen\">\n\t\t\t\t\t<div class=\"image image--with-layer\"><div class=\"layer\" style=\"background-image: url(https:\/\/tribu.co\/wp-content\/uploads\/2024\/03\/APIK-BAR-1920x0-c-default.jpg)\"><\/div><\/div>\n\t\t\t\t<\/div>\n\n\t\t\t\n\t\t<\/div>\n\n\t<\/div>\n<\/section>\n\n<section block class=\"b-quote\" data-watch>\n\t<div class=\"container\">\n\n\t\t<div class=\"b-quote-body\">\n\n\t\t\t<div class=\"b-quote-open\">\n\t\t\t\t<span>\u00ab<\/span>\n\t\t\t<\/div>\n\n\t\t\t<div class=\"b-quote-content wysiwyg\" data-break-lines=\"h1, h2, p\">\n\t\t\t\t<p style=\"text-align: center;\">Vous prenez des passionn\u00e9s de ski qui doivent s\u2019exprimer en donnant le meilleur de ce dont ils sont capables, en pleine rue de Montr\u00e9al, \u00e7a donne la seconde folle \u00e9dition d\u2019APIK! Je n\u2019arrive pas \u00e0 croire, c\u2019\u00e9tait fou!<\/p>\n\n\t\t\t<\/div>\n\n\t\t\t<div class=\"b-quote-close\">\n\t\t\t\t<span>\u00bb<\/span>\n\t\t\t<\/div>\n\n\t\t<\/div>\n\n\t\t\t\t\t<div class=\"b-quote-foot\">\n\t\t\t\t<div class=\"b-quote-source\">\n\t\t\t\t\t<div class=\"b-quote-source-text\">\n\t\t\t\t\t\tAla\u00efs DEVELAY  \n\t\t\t\t\t<\/div>\n\t\t\t\t<\/div>\n\t\t\t<\/div>\n\t\t\n\t<\/div>\n<\/section>\n\n<section block class=\"b-text\" data-watch>\n\t<div class=\"container-narrow container--align-left\">\n\t\t<div class=\"b-text-content wysiwyg wysiwyg--text\">\n\t\t\t<p style=\"text-align: center;\">89 athl\u00e8tes de ski et snowboard s\u2019affrontaient afin de remporter une bourse qui totalise 25 000 $ s\u00e9par\u00e9e \u00e9quitablement entre les hommes et femmes sur une structure exceptionnel de 26 pieds de hauteur, 275 pieds de longueur \u00e9labor\u00e9 par <a href=\"https:\/\/www.instagram.com\/todaysparks\/\">Today\u2019s Park<\/a>. Un gros weekend rempli d\u2019adr\u00e9naline!<\/p>\n\n\t\t<\/div>\n\t<\/div>\n<\/section>\n\n<section block class=\"b-gallery\" data-watch>\n\t<div class=\"container-inset\">\n\n\t\t<div class=\"b-gallery-items\">\n\n\t\t\t\n\t\t\t\t<div\n\t\t\t\t\tclass=\"b-gallery-item\"\n\t\t\t\t\tdata-watch\n\t\t\t\t\tdata-watch-enter=\"0.65\"\n\t\t\t\t\tdata-watch-class=\"item-on-screen\">\n\t\t\t\t\t<div class=\"image image--with-layer\"><div class=\"layer\" style=\"background-image: url(https:\/\/tribu.co\/wp-content\/uploads\/2024\/03\/APIK-1-1920x0-c-default.jpg)\"><\/div><\/div>\n\t\t\t\t<\/div>\n\n\t\t\t\n\t\t\t\t<div\n\t\t\t\t\tclass=\"b-gallery-item\"\n\t\t\t\t\tdata-watch\n\t\t\t\t\tdata-watch-enter=\"0.65\"\n\t\t\t\t\tdata-watch-class=\"item-on-screen\">\n\t\t\t\t\t<div class=\"image image--with-layer\"><div class=\"layer\" style=\"background-image: url(https:\/\/tribu.co\/wp-content\/uploads\/2024\/03\/7-1920x0-c-default.jpg)\"><\/div><\/div>\n\t\t\t\t<\/div>\n\n\t\t\t\n\t\t\t\t<div\n\t\t\t\t\tclass=\"b-gallery-item\"\n\t\t\t\t\tdata-watch\n\t\t\t\t\tdata-watch-enter=\"0.65\"\n\t\t\t\t\tdata-watch-class=\"item-on-screen\">\n\t\t\t\t\t<div class=\"image image--with-layer\"><div class=\"layer\" style=\"background-image: url(https:\/\/tribu.co\/wp-content\/uploads\/2024\/03\/6-e1710186746174.jpg)\"><\/div><\/div>\n\t\t\t\t<\/div>\n\n\t\t\t\n\t\t\t\t<div\n\t\t\t\t\tclass=\"b-gallery-item\"\n\t\t\t\t\tdata-watch\n\t\t\t\t\tdata-watch-enter=\"0.65\"\n\t\t\t\t\tdata-watch-class=\"item-on-screen\">\n\t\t\t\t\t<div class=\"image image--with-layer\"><div class=\"layer\" style=\"background-image: url(https:\/\/tribu.co\/wp-content\/uploads\/2024\/03\/apik-gagnants-snow-1920x0-c-default.jpg)\"><\/div><\/div>\n\t\t\t\t<\/div>\n\n\t\t\t\n\t\t<\/div>\n\n\t<\/div>\n<\/section>\n\n<section block class=\"b-text\" data-watch>\n\t<div class=\"container-narrow container--align-left\">\n\t\t<div class=\"b-text-content wysiwyg wysiwyg--text\">\n\t\t\t<p style=\"text-align: center;\">L&#8217;\u00e9v\u00e9nement, produit par le Partenariat du Quartier des spectacles, est une id\u00e9e originale de TRIBU et est rendu possible gr\u00e2ce \u00e0 l&#8217;association des sports d\u2019action (ASA) et au soutien financier de l\u2019<a href=\"https:\/\/www.instagram.com\/centrevillemontreal\/\">arrondissement de Ville-Marie<\/a>, de <a href=\"https:\/\/www.instagram.com\/montreal\/\">Tourisme Montr\u00e9al<\/a> et du gouvernement du Qu\u00e9bec, avec la collaboration de <a href=\"https:\/\/www.instagram.com\/quartierlatinmtl\/\">la SDC du Quartier latin<\/a> et de la Ville de Montr\u00e9al.\u00a0 APIK compte \u00e9galement sur le support de <a href=\"https:\/\/www.instagram.com\/whiteclawcanada\/\">White Claw<\/a>, <a href=\"https:\/\/www.instagram.com\/fireballwhisky\/\">Fireball<\/a> et <a href=\"https:\/\/www.instagram.com\/shopsante\/\">Shop Sant\u00e9<\/a>.<\/p>\n\n\t\t<\/div>\n\t<\/div>\n<\/section>\n\n<section block class=\"b-video\" data-watch>\n\t<div class=\"container-inset\">\n\t\t<div class=\"b-video-frame wysiwyg wysiwyg--text\">\n\n\t\t\t\t\t\t\t<div class=\"b-video-player video-player--vimeo\">\n\t\t\t\t\t<iframe loading=\"lazy\" src=\"https:\/\/player.vimeo.com\/video\/921480957?share=copy\" width=\"640\" height=\"480\" frameborder=\"0\" allow=\"autoplay; fullscreen\" allowfullscreen><\/iframe>\n\t\t\t\t<\/div>\n\t\t\t\n\t\t\t\n\t\t<\/div>\n\t<\/div>\n<\/section>\n\n<section block class=\"b-enum\" data-watch>\n\t<div class=\"container-inset\">\n\n\t\t\t\t\t<div class=\"b-enum-heading wysiwyg wysiwyg--small wysiwyg--color\">\n\t\t\t\t<h2>Les r\u00e9sultats<\/h2>\n\n\t\t\t<\/div>\n\t\t\n\t\t<div class=\"b-enum-items\">\n\n\t\t\t\n\t\t\t\t<div\n\t\t\t\t\tclass=\"b-enum-item\"\n\t\t\t\t\tdata-watch\n\t\t\t\t\tdata-watch-enter=\"0.65\"\n\t\t\t\t\tdata-watch-class=\"item-on-screen\"\n\t\t\t\t\tdata-break-lines=\".b-enum-item-value\">\n\n\t\t\t\t\t\t\t\t\t\t\t<div class=\"b-enum-item-value\">\n\t\t\t\t\t\t\t+ de 33,800 spectateurs\n\t\t\t\t\t\t<\/div>\n\t\t\t\t\t\n\t\t\t\t\t\t\t\t\t\t\t<div class=\"b-enum-item-label\">\n\t\t\t\t\t\t\tAU COURS DU WEEKEND\n\t\t\t\t\t\t<\/div>\n\t\t\t\t\t\n\t\t\t\t<\/div>\n\n\t\t\t\n\t\t\t\t<div\n\t\t\t\t\tclass=\"b-enum-item\"\n\t\t\t\t\tdata-watch\n\t\t\t\t\tdata-watch-enter=\"0.65\"\n\t\t\t\t\tdata-watch-class=\"item-on-screen\"\n\t\t\t\t\tdata-break-lines=\".b-enum-item-value\">\n\n\t\t\t\t\t\t\t\t\t\t\t<div class=\"b-enum-item-value\">\n\t\t\t\t\t\t\t89 athl\u00e8tes\n\t\t\t\t\t\t<\/div>\n\t\t\t\t\t\n\t\t\t\t\t\t\t\t\t\t\t<div class=\"b-enum-item-label\">\n\t\t\t\t\t\t\tONT PARTICIP\u00c9 \u00c0 LA COMP\u00c9TITION\n\t\t\t\t\t\t<\/div>\n\t\t\t\t\t\n\t\t\t\t<\/div>\n\n\t\t\t\n\t\t<\/div>\n\n\t<\/div>\n<\/section>","protected":false},"author":14,"featured_media":10565,"menu_order":0,"template":"","project-service":[38],"project-event":[],"project-location":[64],"class_list":["post-10562","project","type-project","status-publish","has-post-thumbnail","hentry","project-service-nos-marques","project-location-canada-fr"],"acf":[],"yoast_head":"<!-- This site is optimized with the Yoast SEO plugin v26.7 - https:\/\/yoast.com\/wordpress\/plugins\/seo\/ -->\n<title>APIK 2024 - Quartier Latin - Tribu Exp\u00e9rientiel<\/title>\n<meta name=\"description\" content=\"APIK, \u00e9v\u00e9nement urbain GRATUIT du 1er au 3 mars 2024 en plein c\u0153ur de Montr\u00e9al pour les passionn\u00e9s d\u2019adr\u00e9naline dans le Quartier latin\" \/>\n<meta name=\"robots\" content=\"index, follow, max-snippet:-1, max-image-preview:large, max-video-preview:-1\" \/>\n<link rel=\"canonical\" href=\"https:\/\/tribu.co\/fr\/project\/apik-2024-mont-saint-denis-competition-de-ski-et-de-snowboard\/\" \/>\n<meta property=\"og:locale\" content=\"fr_CA\" \/>\n<meta property=\"og:type\" content=\"article\" \/>\n<meta property=\"og:title\" content=\"APIK 2024 - Quartier Latin - Tribu Exp\u00e9rientiel\" \/>\n<meta property=\"og:description\" content=\"APIK, \u00e9v\u00e9nement urbain GRATUIT du 1er au 3 mars 2024 en plein c\u0153ur de Montr\u00e9al pour les passionn\u00e9s d\u2019adr\u00e9naline dans le Quartier latin\" \/>\n<meta property=\"og:url\" content=\"https:\/\/tribu.co\/fr\/project\/apik-2024-mont-saint-denis-competition-de-ski-et-de-snowboard\/\" \/>\n<meta property=\"og:site_name\" content=\"Tribu Exp\u00e9rientiel\" \/>\n<meta property=\"article:publisher\" content=\"https:\/\/www.facebook.com\/TribuExperientiel\/\" \/>\n<meta property=\"article:modified_time\" content=\"2024-04-10T19:53:43+00:00\" \/>\n<meta property=\"og:image\" content=\"https:\/\/tribu.co\/app\/uploads\/2024\/03\/JAY-3-scaled.jpg\" \/>\n\t<meta property=\"og:image:width\" content=\"2560\" \/>\n\t<meta property=\"og:image:height\" content=\"1708\" \/>\n\t<meta property=\"og:image:type\" content=\"image\/jpeg\" \/>\n<meta name=\"twitter:card\" content=\"summary_large_image\" \/>\n<meta name=\"twitter:site\" content=\"@tribu_exp\" \/>\n<script type=\"application\/ld+json\" class=\"yoast-schema-graph\">{\"@context\":\"https:\/\/schema.org\",\"@graph\":[{\"@type\":\"WebPage\",\"@id\":\"https:\/\/tribu.co\/fr\/project\/apik-2024-mont-saint-denis-competition-de-ski-et-de-snowboard\/\",\"url\":\"https:\/\/tribu.co\/fr\/project\/apik-2024-mont-saint-denis-competition-de-ski-et-de-snowboard\/\",\"name\":\"APIK 2024 - Quartier Latin - Tribu Exp\u00e9rientiel\",\"isPartOf\":{\"@id\":\"https:\/\/tribu.co\/#website\"},\"primaryImageOfPage\":{\"@id\":\"https:\/\/tribu.co\/fr\/project\/apik-2024-mont-saint-denis-competition-de-ski-et-de-snowboard\/#primaryimage\"},\"image\":{\"@id\":\"https:\/\/tribu.co\/fr\/project\/apik-2024-mont-saint-denis-competition-de-ski-et-de-snowboard\/#primaryimage\"},\"thumbnailUrl\":\"https:\/\/tribu.co\/wp-content\/uploads\/2024\/03\/JAY-3-scaled.jpg\",\"datePublished\":\"2024-03-11T20:01:29+00:00\",\"dateModified\":\"2024-04-10T19:53:43+00:00\",\"description\":\"APIK, \u00e9v\u00e9nement urbain GRATUIT du 1er au 3 mars 2024 en plein c\u0153ur de Montr\u00e9al pour les passionn\u00e9s d\u2019adr\u00e9naline dans le Quartier latin\",\"breadcrumb\":{\"@id\":\"https:\/\/tribu.co\/fr\/project\/apik-2024-mont-saint-denis-competition-de-ski-et-de-snowboard\/#breadcrumb\"},\"inLanguage\":\"fr-CA\",\"potentialAction\":[{\"@type\":\"ReadAction\",\"target\":[\"https:\/\/tribu.co\/fr\/project\/apik-2024-mont-saint-denis-competition-de-ski-et-de-snowboard\/\"]}]},{\"@type\":\"ImageObject\",\"inLanguage\":\"fr-CA\",\"@id\":\"https:\/\/tribu.co\/fr\/project\/apik-2024-mont-saint-denis-competition-de-ski-et-de-snowboard\/#primaryimage\",\"url\":\"https:\/\/tribu.co\/wp-content\/uploads\/2024\/03\/JAY-3-scaled.jpg\",\"contentUrl\":\"https:\/\/tribu.co\/wp-content\/uploads\/2024\/03\/JAY-3-scaled.jpg\",\"width\":2560,\"height\":1708},{\"@type\":\"BreadcrumbList\",\"@id\":\"https:\/\/tribu.co\/fr\/project\/apik-2024-mont-saint-denis-competition-de-ski-et-de-snowboard\/#breadcrumb\",\"itemListElement\":[{\"@type\":\"ListItem\",\"position\":1,\"name\":\"Home\",\"item\":\"https:\/\/tribu.co\/fr\/accueil\/\"},{\"@type\":\"ListItem\",\"position\":2,\"name\":\"APIK 2024 &#8211; Quartier Latin\"}]},{\"@type\":\"WebSite\",\"@id\":\"https:\/\/tribu.co\/#website\",\"url\":\"https:\/\/tribu.co\/\",\"name\":\"Tribu\",\"description\":\"Integrated experiences\",\"publisher\":{\"@id\":\"https:\/\/tribu.co\/#organization\"},\"potentialAction\":[{\"@type\":\"SearchAction\",\"target\":{\"@type\":\"EntryPoint\",\"urlTemplate\":\"https:\/\/tribu.co\/?s={search_term_string}\"},\"query-input\":{\"@type\":\"PropertyValueSpecification\",\"valueRequired\":true,\"valueName\":\"search_term_string\"}}],\"inLanguage\":\"fr-CA\"},{\"@type\":\"Organization\",\"@id\":\"https:\/\/tribu.co\/#organization\",\"name\":\"Tribu\",\"url\":\"https:\/\/tribu.co\/\",\"logo\":{\"@type\":\"ImageObject\",\"inLanguage\":\"fr-CA\",\"@id\":\"https:\/\/tribu.co\/#\/schema\/logo\/image\/\",\"url\":\"https:\/\/tribu.co\/app\/uploads\/2020\/03\/Tribu-Header.png\",\"contentUrl\":\"https:\/\/tribu.co\/app\/uploads\/2020\/03\/Tribu-Header.png\",\"width\":2500,\"height\":1398,\"caption\":\"Tribu\"},\"image\":{\"@id\":\"https:\/\/tribu.co\/#\/schema\/logo\/image\/\"},\"sameAs\":[\"https:\/\/www.facebook.com\/TribuExperientiel\/\",\"https:\/\/x.com\/tribu_exp\",\"https:\/\/www.instagram.com\/tribuexperientiel\/\",\"https:\/\/www.linkedin.com\/tribuexperientiel\/\"]}]}<\/script>\n<!-- \/ Yoast SEO plugin. -->","yoast_head_json":{"title":"APIK 2024 - Quartier Latin - Tribu Exp\u00e9rientiel","description":"APIK, \u00e9v\u00e9nement urbain GRATUIT du 1er au 3 mars 2024 en plein c\u0153ur de Montr\u00e9al pour les passionn\u00e9s d\u2019adr\u00e9naline dans le Quartier latin","robots":{"index":"index","follow":"follow","max-snippet":"max-snippet:-1","max-image-preview":"max-image-preview:large","max-video-preview":"max-video-preview:-1"},"canonical":"https:\/\/tribu.co\/fr\/project\/apik-2024-mont-saint-denis-competition-de-ski-et-de-snowboard\/","og_locale":"fr_CA","og_type":"article","og_title":"APIK 2024 - Quartier Latin - Tribu Exp\u00e9rientiel","og_description":"APIK, \u00e9v\u00e9nement urbain GRATUIT du 1er au 3 mars 2024 en plein c\u0153ur de Montr\u00e9al pour les passionn\u00e9s d\u2019adr\u00e9naline dans le Quartier latin","og_url":"https:\/\/tribu.co\/fr\/project\/apik-2024-mont-saint-denis-competition-de-ski-et-de-snowboard\/","og_site_name":"Tribu Exp\u00e9rientiel","article_publisher":"https:\/\/www.facebook.com\/TribuExperientiel\/","article_modified_time":"2024-04-10T19:53:43+00:00","og_image":[{"width":2560,"height":1708,"url":"https:\/\/tribu.co\/app\/uploads\/2024\/03\/JAY-3-scaled.jpg","type":"image\/jpeg"}],"twitter_card":"summary_large_image","twitter_site":"@tribu_exp","schema":{"@context":"https:\/\/schema.org","@graph":[{"@type":"WebPage","@id":"https:\/\/tribu.co\/fr\/project\/apik-2024-mont-saint-denis-competition-de-ski-et-de-snowboard\/","url":"https:\/\/tribu.co\/fr\/project\/apik-2024-mont-saint-denis-competition-de-ski-et-de-snowboard\/","name":"APIK 2024 - Quartier Latin - Tribu Exp\u00e9rientiel","isPartOf":{"@id":"https:\/\/tribu.co\/#website"},"primaryImageOfPage":{"@id":"https:\/\/tribu.co\/fr\/project\/apik-2024-mont-saint-denis-competition-de-ski-et-de-snowboard\/#primaryimage"},"image":{"@id":"https:\/\/tribu.co\/fr\/project\/apik-2024-mont-saint-denis-competition-de-ski-et-de-snowboard\/#primaryimage"},"thumbnailUrl":"https:\/\/tribu.co\/wp-content\/uploads\/2024\/03\/JAY-3-scaled.jpg","datePublished":"2024-03-11T20:01:29+00:00","dateModified":"2024-04-10T19:53:43+00:00","description":"APIK, \u00e9v\u00e9nement urbain GRATUIT du 1er au 3 mars 2024 en plein c\u0153ur de Montr\u00e9al pour les passionn\u00e9s d\u2019adr\u00e9naline dans le Quartier latin","breadcrumb":{"@id":"https:\/\/tribu.co\/fr\/project\/apik-2024-mont-saint-denis-competition-de-ski-et-de-snowboard\/#breadcrumb"},"inLanguage":"fr-CA","potentialAction":[{"@type":"ReadAction","target":["https:\/\/tribu.co\/fr\/project\/apik-2024-mont-saint-denis-competition-de-ski-et-de-snowboard\/"]}]},{"@type":"ImageObject","inLanguage":"fr-CA","@id":"https:\/\/tribu.co\/fr\/project\/apik-2024-mont-saint-denis-competition-de-ski-et-de-snowboard\/#primaryimage","url":"https:\/\/tribu.co\/wp-content\/uploads\/2024\/03\/JAY-3-scaled.jpg","contentUrl":"https:\/\/tribu.co\/wp-content\/uploads\/2024\/03\/JAY-3-scaled.jpg","width":2560,"height":1708},{"@type":"BreadcrumbList","@id":"https:\/\/tribu.co\/fr\/project\/apik-2024-mont-saint-denis-competition-de-ski-et-de-snowboard\/#breadcrumb","itemListElement":[{"@type":"ListItem","position":1,"name":"Home","item":"https:\/\/tribu.co\/fr\/accueil\/"},{"@type":"ListItem","position":2,"name":"APIK 2024 &#8211; Quartier Latin"}]},{"@type":"WebSite","@id":"https:\/\/tribu.co\/#website","url":"https:\/\/tribu.co\/","name":"Tribu","description":"Integrated experiences","publisher":{"@id":"https:\/\/tribu.co\/#organization"},"potentialAction":[{"@type":"SearchAction","target":{"@type":"EntryPoint","urlTemplate":"https:\/\/tribu.co\/?s={search_term_string}"},"query-input":{"@type":"PropertyValueSpecification","valueRequired":true,"valueName":"search_term_string"}}],"inLanguage":"fr-CA"},{"@type":"Organization","@id":"https:\/\/tribu.co\/#organization","name":"Tribu","url":"https:\/\/tribu.co\/","logo":{"@type":"ImageObject","inLanguage":"fr-CA","@id":"https:\/\/tribu.co\/#\/schema\/logo\/image\/","url":"https:\/\/tribu.co\/app\/uploads\/2020\/03\/Tribu-Header.png","contentUrl":"https:\/\/tribu.co\/app\/uploads\/2020\/03\/Tribu-Header.png","width":2500,"height":1398,"caption":"Tribu"},"image":{"@id":"https:\/\/tribu.co\/#\/schema\/logo\/image\/"},"sameAs":["https:\/\/www.facebook.com\/TribuExperientiel\/","https:\/\/x.com\/tribu_exp","https:\/\/www.instagram.com\/tribuexperientiel\/","https:\/\/www.linkedin.com\/tribuexperientiel\/"]}]}},"_links":{"self":[{"href":"https:\/\/tribu.co\/fr\/wp-json\/wp\/v2\/project\/10562","targetHints":{"allow":["GET"]}}],"collection":[{"href":"https:\/\/tribu.co\/fr\/wp-json\/wp\/v2\/project"}],"about":[{"href":"https:\/\/tribu.co\/fr\/wp-json\/wp\/v2\/types\/project"}],"author":[{"embeddable":true,"href":"https:\/\/tribu.co\/fr\/wp-json\/wp\/v2\/users\/14"}],"wp:featuredmedia":[{"embeddable":true,"href":"https:\/\/tribu.co\/fr\/wp-json\/wp\/v2\/media\/10565"}],"wp:attachment":[{"href":"https:\/\/tribu.co\/fr\/wp-json\/wp\/v2\/media?parent=10562"}],"wp:term":[{"taxonomy":"project-service","embeddable":true,"href":"https:\/\/tribu.co\/fr\/wp-json\/wp\/v2\/project-service?post=10562"},{"taxonomy":"project-event","embeddable":true,"href":"https:\/\/tribu.co\/fr\/wp-json\/wp\/v2\/project-event?post=10562"},{"taxonomy":"project-location","embeddable":true,"href":"https:\/\/tribu.co\/fr\/wp-json\/wp\/v2\/project-location?post=10562"}],"curies":[{"name":"wp","href":"https:\/\/api.w.org\/{rel}","templated":true}]}}