{"id":2129,"date":"2015-06-01T13:12:45","date_gmt":"2015-06-01T18:12:45","guid":{"rendered":"https:\/\/tribu.co\/?post_type=project&#038;p=2129"},"modified":"2020-11-02T08:51:08","modified_gmt":"2020-11-02T13:51:08","slug":"oumf-2015","status":"publish","type":"project","link":"https:\/\/tribu.co\/fr\/project\/oumf-2015\/","title":{"rendered":"OUMF 2015"},"content":{"rendered":"<section block class=\"b-text\" data-watch>\n\t<div class=\"container-narrow container--align-center\">\n\t\t<div class=\"b-text-content wysiwyg wysiwyg--text\">\n\t\t\t<h2>Le projet<\/h2>\n<p>Production de l\u2019\u00e9v\u00e9nement dans le\u00a0Quartier Latin\u00a0\u00e0 Montr\u00e9al afin de rassembler les communaut\u00e9s de danse urbaine.<\/p>\n\n\t\t<\/div>\n\t<\/div>\n<\/section>\n\n<section block class=\"b-video\" data-watch>\n\t<div class=\"container-inset\">\n\t\t<div class=\"b-video-frame wysiwyg wysiwyg--text\">\n\n\t\t\t\n\t\t\t\t\t\t\t<div class=\"b-video-player video-player--youtube\">\n\t\t\t\t\t<iframe loading=\"lazy\" width=\"560\" height=\"315\" src=\"https:\/\/www.youtube.com\/embed\/KmnmPf7MVMc\" frameborder=\"0\" allow=\"accelerometer; autoplay; encrypted-media; gyroscope; picture-in-picture\" allowfullscreen><\/iframe>\n\t\t\t\t<\/div>\n\t\t\t\n\t\t<\/div>\n\t<\/div>\n<\/section>\n\n<section block class=\"b-text\" data-watch>\n\t<div class=\"container-narrow container--align-center\">\n\t\t<div class=\"b-text-content wysiwyg wysiwyg--text\">\n\t\t\t<h2>L&#8217;exp\u00e9rience<\/h2>\n<p>Pour une 4e ann\u00e9e cons\u00e9cutive, dans le cadre du <a href=\"http:\/\/oumf.ca\/2018\/fr\/\">festival\u00a0OUMF<\/a>,\u00a0Tribu Experientiel\u00a0a organis\u00e9 sur la rue Saint-Denis le battle de breakdance H.O.R.U. \/ Danse ton \u00e2ge! Dans cette comp\u00e9tition o\u00f9 les participants dansent en fonction de leur \u00e2ge, les festivaliers ont eu la chance de voir en action des v\u00e9t\u00e9rans de la sc\u00e8ne de breakdance qu\u00e9b\u00e9coise ainsi que des jeunes de la rel\u00e8ve. V\u00e9ritable must dans les \u00e9v\u00e9nements de danse urbaine, H.O.R.U. est ouvert gratuitement \u00e0 un public de tous les \u00e2ges!<\/p>\n\n\t\t<\/div>\n\t<\/div>\n<\/section>\n\n<section block class=\"b-slider slider\" data-watch>\n\t<div class=\"container-inset\">\n\n\t\t<div class=\"b-slider-content\">\n\n\t\t\t<div class=\"b-slider-items slider-items\">\n\t\t\t\t\t\t\t\t\t<div class=\"b-slider-item slider-item\">\n\t\t\t\t\t\t<img decoding=\"async\" class=\"image\" src=\"https:\/\/tribu.co\/wp-content\/uploads\/2019\/05\/4.jpg\">\n\t\t\t\t\t<\/div>\n\t\t\t\t\t\t\t\t\t<div class=\"b-slider-item slider-item\">\n\t\t\t\t\t\t<img decoding=\"async\" class=\"image\" src=\"https:\/\/tribu.co\/wp-content\/uploads\/2019\/05\/5.jpg\">\n\t\t\t\t\t<\/div>\n\t\t\t\t\t\t\t\t\t<div class=\"b-slider-item slider-item\">\n\t\t\t\t\t\t<img decoding=\"async\" class=\"image\" src=\"https:\/\/tribu.co\/wp-content\/uploads\/2019\/05\/1-2.jpg\">\n\t\t\t\t\t<\/div>\n\t\t\t\t\t\t\t\t\t<div class=\"b-slider-item slider-item\">\n\t\t\t\t\t\t<img decoding=\"async\" class=\"image\" src=\"https:\/\/tribu.co\/wp-content\/uploads\/2019\/05\/2-1.jpg\">\n\t\t\t\t\t<\/div>\n\t\t\t\t\t\t\t\t\t<div class=\"b-slider-item slider-item\">\n\t\t\t\t\t\t<img decoding=\"async\" class=\"image\" src=\"https:\/\/tribu.co\/wp-content\/uploads\/2019\/05\/3-1.jpg\">\n\t\t\t\t\t<\/div>\n\t\t\t\t\t\t\t<\/div>\n\n\t\t\t<div class=\"b-slider-prev button-prev slider-prev\">\n\t\t\t\t<svg xmlns=\"http:\/\/www.w3.org\/2000\/svg\" viewBox=\"0 0 936 720\">\n\t\t\t\t\t<path stroke=\"#000\" stroke-width=\"1rem\" fill=\"transparent\" d=\"M417.5 596l-189-189h659v-94H228.9c62.9-62.6 125.5-125.6 188.6-188-22-22-45-44-67-67-100 101-201 202-302 302l302 302c22-22 45-44 67-66z\"\/>\n\t\t\t\t<\/svg>\n\t\t\t<\/div>\n\n\t\t\t<div class=\"b-slider-next button-next slider-next\">\n\t\t\t\t<svg xmlns=\"http:\/\/www.w3.org\/2000\/svg\" viewBox=\"0 0 936 720\">\n\t\t\t\t\t<path stroke=\"#000\" stroke-width=\"1rem\" fill=\"transparent\" d=\"M518.5 124l189 189h-659v94h658.6c-62.9 62.6-125.5 125.6-188.6 188 22 22 45 44 67 67 100-101 201-202 302-302l-302-302c-22 22-45 44-67 66z\"\/>\n\t\t\t\t<\/svg>\n\t\t\t<\/div>\n\n\t\t<\/div>\n\n\t<\/div>\n<\/section>","protected":false},"author":2,"featured_media":1779,"menu_order":173,"template":"","project-service":[37],"project-event":[],"project-location":[64],"class_list":["post-2129","project","type-project","status-publish","has-post-thumbnail","hentry","project-service-evenements-sur-mesure","project-location-canada-fr"],"acf":[],"yoast_head":"<!-- This site is optimized with the Yoast SEO plugin v26.7 - https:\/\/yoast.com\/wordpress\/plugins\/seo\/ -->\n<title>OUMF 2015 - Tribu Exp\u00e9rientiel Montreal danse urbaine<\/title>\n<meta name=\"description\" content=\"Production de l\u2019\u00e9v\u00e9nement dans le\u00a0Quartier Latin\u00a0\u00e0 Montr\u00e9al afin de rassembler les communaut\u00e9s de danse urbaine.\" \/>\n<meta name=\"robots\" content=\"index, follow, max-snippet:-1, max-image-preview:large, max-video-preview:-1\" \/>\n<link rel=\"canonical\" href=\"https:\/\/tribu.co\/fr\/project\/oumf-2015\/\" \/>\n<meta property=\"og:locale\" content=\"fr_CA\" \/>\n<meta property=\"og:type\" content=\"article\" \/>\n<meta property=\"og:title\" content=\"OUMF 2015 - Tribu Exp\u00e9rientiel Montreal danse urbaine\" \/>\n<meta property=\"og:description\" content=\"Production de l\u2019\u00e9v\u00e9nement dans le\u00a0Quartier Latin\u00a0\u00e0 Montr\u00e9al afin de rassembler les communaut\u00e9s de danse urbaine.\" \/>\n<meta property=\"og:url\" content=\"https:\/\/tribu.co\/fr\/project\/oumf-2015\/\" \/>\n<meta property=\"og:site_name\" content=\"Tribu Exp\u00e9rientiel\" \/>\n<meta property=\"article:publisher\" content=\"https:\/\/www.facebook.com\/TribuExperientiel\/\" \/>\n<meta property=\"article:modified_time\" content=\"2020-11-02T13:51:08+00:00\" \/>\n<meta property=\"og:image\" content=\"https:\/\/tribu.co\/app\/uploads\/2019\/05\/2-1.jpg\" \/>\n\t<meta property=\"og:image:width\" content=\"1000\" \/>\n\t<meta property=\"og:image:height\" content=\"600\" \/>\n\t<meta property=\"og:image:type\" content=\"image\/jpeg\" \/>\n<meta name=\"twitter:card\" content=\"summary_large_image\" \/>\n<meta name=\"twitter:site\" content=\"@tribu_exp\" \/>\n<script type=\"application\/ld+json\" class=\"yoast-schema-graph\">{\"@context\":\"https:\/\/schema.org\",\"@graph\":[{\"@type\":\"WebPage\",\"@id\":\"https:\/\/tribu.co\/fr\/project\/oumf-2015\/\",\"url\":\"https:\/\/tribu.co\/fr\/project\/oumf-2015\/\",\"name\":\"OUMF 2015 - Tribu Exp\u00e9rientiel Montreal danse urbaine\",\"isPartOf\":{\"@id\":\"https:\/\/tribu.co\/#website\"},\"primaryImageOfPage\":{\"@id\":\"https:\/\/tribu.co\/fr\/project\/oumf-2015\/#primaryimage\"},\"image\":{\"@id\":\"https:\/\/tribu.co\/fr\/project\/oumf-2015\/#primaryimage\"},\"thumbnailUrl\":\"https:\/\/tribu.co\/wp-content\/uploads\/2019\/05\/2-1.jpg\",\"datePublished\":\"2015-06-01T18:12:45+00:00\",\"dateModified\":\"2020-11-02T13:51:08+00:00\",\"description\":\"Production de l\u2019\u00e9v\u00e9nement dans le\u00a0Quartier Latin\u00a0\u00e0 Montr\u00e9al afin de rassembler les communaut\u00e9s de danse urbaine.\",\"breadcrumb\":{\"@id\":\"https:\/\/tribu.co\/fr\/project\/oumf-2015\/#breadcrumb\"},\"inLanguage\":\"fr-CA\",\"potentialAction\":[{\"@type\":\"ReadAction\",\"target\":[\"https:\/\/tribu.co\/fr\/project\/oumf-2015\/\"]}]},{\"@type\":\"ImageObject\",\"inLanguage\":\"fr-CA\",\"@id\":\"https:\/\/tribu.co\/fr\/project\/oumf-2015\/#primaryimage\",\"url\":\"https:\/\/tribu.co\/wp-content\/uploads\/2019\/05\/2-1.jpg\",\"contentUrl\":\"https:\/\/tribu.co\/wp-content\/uploads\/2019\/05\/2-1.jpg\",\"width\":1000,\"height\":600,\"caption\":\"OUMF 2015\"},{\"@type\":\"BreadcrumbList\",\"@id\":\"https:\/\/tribu.co\/fr\/project\/oumf-2015\/#breadcrumb\",\"itemListElement\":[{\"@type\":\"ListItem\",\"position\":1,\"name\":\"Home\",\"item\":\"https:\/\/tribu.co\/fr\/accueil\/\"},{\"@type\":\"ListItem\",\"position\":2,\"name\":\"OUMF 2015\"}]},{\"@type\":\"WebSite\",\"@id\":\"https:\/\/tribu.co\/#website\",\"url\":\"https:\/\/tribu.co\/\",\"name\":\"Tribu\",\"description\":\"Integrated experiences\",\"publisher\":{\"@id\":\"https:\/\/tribu.co\/#organization\"},\"potentialAction\":[{\"@type\":\"SearchAction\",\"target\":{\"@type\":\"EntryPoint\",\"urlTemplate\":\"https:\/\/tribu.co\/?s={search_term_string}\"},\"query-input\":{\"@type\":\"PropertyValueSpecification\",\"valueRequired\":true,\"valueName\":\"search_term_string\"}}],\"inLanguage\":\"fr-CA\"},{\"@type\":\"Organization\",\"@id\":\"https:\/\/tribu.co\/#organization\",\"name\":\"Tribu\",\"url\":\"https:\/\/tribu.co\/\",\"logo\":{\"@type\":\"ImageObject\",\"inLanguage\":\"fr-CA\",\"@id\":\"https:\/\/tribu.co\/#\/schema\/logo\/image\/\",\"url\":\"https:\/\/tribu.co\/app\/uploads\/2020\/03\/Tribu-Header.png\",\"contentUrl\":\"https:\/\/tribu.co\/app\/uploads\/2020\/03\/Tribu-Header.png\",\"width\":2500,\"height\":1398,\"caption\":\"Tribu\"},\"image\":{\"@id\":\"https:\/\/tribu.co\/#\/schema\/logo\/image\/\"},\"sameAs\":[\"https:\/\/www.facebook.com\/TribuExperientiel\/\",\"https:\/\/x.com\/tribu_exp\",\"https:\/\/www.instagram.com\/tribuexperientiel\/\",\"https:\/\/www.linkedin.com\/tribuexperientiel\/\"]}]}<\/script>\n<!-- \/ Yoast SEO plugin. -->","yoast_head_json":{"title":"OUMF 2015 - Tribu Exp\u00e9rientiel Montreal danse urbaine","description":"Production de l\u2019\u00e9v\u00e9nement dans le\u00a0Quartier Latin\u00a0\u00e0 Montr\u00e9al afin de rassembler les communaut\u00e9s de danse urbaine.","robots":{"index":"index","follow":"follow","max-snippet":"max-snippet:-1","max-image-preview":"max-image-preview:large","max-video-preview":"max-video-preview:-1"},"canonical":"https:\/\/tribu.co\/fr\/project\/oumf-2015\/","og_locale":"fr_CA","og_type":"article","og_title":"OUMF 2015 - Tribu Exp\u00e9rientiel Montreal danse urbaine","og_description":"Production de l\u2019\u00e9v\u00e9nement dans le\u00a0Quartier Latin\u00a0\u00e0 Montr\u00e9al afin de rassembler les communaut\u00e9s de danse urbaine.","og_url":"https:\/\/tribu.co\/fr\/project\/oumf-2015\/","og_site_name":"Tribu Exp\u00e9rientiel","article_publisher":"https:\/\/www.facebook.com\/TribuExperientiel\/","article_modified_time":"2020-11-02T13:51:08+00:00","og_image":[{"width":1000,"height":600,"url":"https:\/\/tribu.co\/app\/uploads\/2019\/05\/2-1.jpg","type":"image\/jpeg"}],"twitter_card":"summary_large_image","twitter_site":"@tribu_exp","schema":{"@context":"https:\/\/schema.org","@graph":[{"@type":"WebPage","@id":"https:\/\/tribu.co\/fr\/project\/oumf-2015\/","url":"https:\/\/tribu.co\/fr\/project\/oumf-2015\/","name":"OUMF 2015 - Tribu Exp\u00e9rientiel Montreal danse urbaine","isPartOf":{"@id":"https:\/\/tribu.co\/#website"},"primaryImageOfPage":{"@id":"https:\/\/tribu.co\/fr\/project\/oumf-2015\/#primaryimage"},"image":{"@id":"https:\/\/tribu.co\/fr\/project\/oumf-2015\/#primaryimage"},"thumbnailUrl":"https:\/\/tribu.co\/wp-content\/uploads\/2019\/05\/2-1.jpg","datePublished":"2015-06-01T18:12:45+00:00","dateModified":"2020-11-02T13:51:08+00:00","description":"Production de l\u2019\u00e9v\u00e9nement dans le\u00a0Quartier Latin\u00a0\u00e0 Montr\u00e9al afin de rassembler les communaut\u00e9s de danse urbaine.","breadcrumb":{"@id":"https:\/\/tribu.co\/fr\/project\/oumf-2015\/#breadcrumb"},"inLanguage":"fr-CA","potentialAction":[{"@type":"ReadAction","target":["https:\/\/tribu.co\/fr\/project\/oumf-2015\/"]}]},{"@type":"ImageObject","inLanguage":"fr-CA","@id":"https:\/\/tribu.co\/fr\/project\/oumf-2015\/#primaryimage","url":"https:\/\/tribu.co\/wp-content\/uploads\/2019\/05\/2-1.jpg","contentUrl":"https:\/\/tribu.co\/wp-content\/uploads\/2019\/05\/2-1.jpg","width":1000,"height":600,"caption":"OUMF 2015"},{"@type":"BreadcrumbList","@id":"https:\/\/tribu.co\/fr\/project\/oumf-2015\/#breadcrumb","itemListElement":[{"@type":"ListItem","position":1,"name":"Home","item":"https:\/\/tribu.co\/fr\/accueil\/"},{"@type":"ListItem","position":2,"name":"OUMF 2015"}]},{"@type":"WebSite","@id":"https:\/\/tribu.co\/#website","url":"https:\/\/tribu.co\/","name":"Tribu","description":"Integrated experiences","publisher":{"@id":"https:\/\/tribu.co\/#organization"},"potentialAction":[{"@type":"SearchAction","target":{"@type":"EntryPoint","urlTemplate":"https:\/\/tribu.co\/?s={search_term_string}"},"query-input":{"@type":"PropertyValueSpecification","valueRequired":true,"valueName":"search_term_string"}}],"inLanguage":"fr-CA"},{"@type":"Organization","@id":"https:\/\/tribu.co\/#organization","name":"Tribu","url":"https:\/\/tribu.co\/","logo":{"@type":"ImageObject","inLanguage":"fr-CA","@id":"https:\/\/tribu.co\/#\/schema\/logo\/image\/","url":"https:\/\/tribu.co\/app\/uploads\/2020\/03\/Tribu-Header.png","contentUrl":"https:\/\/tribu.co\/app\/uploads\/2020\/03\/Tribu-Header.png","width":2500,"height":1398,"caption":"Tribu"},"image":{"@id":"https:\/\/tribu.co\/#\/schema\/logo\/image\/"},"sameAs":["https:\/\/www.facebook.com\/TribuExperientiel\/","https:\/\/x.com\/tribu_exp","https:\/\/www.instagram.com\/tribuexperientiel\/","https:\/\/www.linkedin.com\/tribuexperientiel\/"]}]}},"_links":{"self":[{"href":"https:\/\/tribu.co\/fr\/wp-json\/wp\/v2\/project\/2129","targetHints":{"allow":["GET"]}}],"collection":[{"href":"https:\/\/tribu.co\/fr\/wp-json\/wp\/v2\/project"}],"about":[{"href":"https:\/\/tribu.co\/fr\/wp-json\/wp\/v2\/types\/project"}],"author":[{"embeddable":true,"href":"https:\/\/tribu.co\/fr\/wp-json\/wp\/v2\/users\/2"}],"wp:featuredmedia":[{"embeddable":true,"href":"https:\/\/tribu.co\/fr\/wp-json\/wp\/v2\/media\/1779"}],"wp:attachment":[{"href":"https:\/\/tribu.co\/fr\/wp-json\/wp\/v2\/media?parent=2129"}],"wp:term":[{"taxonomy":"project-service","embeddable":true,"href":"https:\/\/tribu.co\/fr\/wp-json\/wp\/v2\/project-service?post=2129"},{"taxonomy":"project-event","embeddable":true,"href":"https:\/\/tribu.co\/fr\/wp-json\/wp\/v2\/project-event?post=2129"},{"taxonomy":"project-location","embeddable":true,"href":"https:\/\/tribu.co\/fr\/wp-json\/wp\/v2\/project-location?post=2129"}],"curies":[{"name":"wp","href":"https:\/\/api.w.org\/{rel}","templated":true}]}}