{"id":2132,"date":"2018-05-30T13:45:18","date_gmt":"2018-05-30T18:45:18","guid":{"rendered":"https:\/\/tribu.co\/?post_type=project&#038;p=2132"},"modified":"2020-11-02T08:57:34","modified_gmt":"2020-11-02T13:57:34","slug":"red-bull-raft-race","status":"publish","type":"project","link":"https:\/\/tribu.co\/fr\/project\/red-bull-raft-race\/","title":{"rendered":"RED BULL RAFT RACE"},"content":{"rendered":"<section block class=\"b-text\" data-watch>\n\t<div class=\"container-narrow container--align-center\">\n\t\t<div class=\"b-text-content wysiwyg wysiwyg--text\">\n\t\t\t<h2>Le projet<\/h2>\n<p>\u00c0 l\u2019occasion de la course de Formule 1,\u00a0<a href=\"https:\/\/redbullracing.redbull.com\/\">Red Bull Racing<\/a>\u00a0a demand\u00e9 \u00e0 Tribu Exp\u00e9rientiel de participer \u00e0 l\u2019\u00e9v\u00e9nement et d\u2019organiser l\u2019antique course de radeaux.<\/p>\n\n\t\t<\/div>\n\t<\/div>\n<\/section>\n\n<section block class=\"b-text\" data-watch>\n\t<div class=\"container-narrow container--align-center\">\n\t\t<div class=\"b-text-content wysiwyg wysiwyg--text\">\n\t\t\t<h2>L&#8217;exp\u00e9rience<\/h2>\n<p>Le samedi 10 juin, en fin d\u2019apr\u00e8s midi, le bassin olympique de Montr\u00e9al a de nouveau rayonn\u00e9 internationalement aux couleurs de la Formule 1. En effet, les \u00e9curies de F1 avaient pour d\u00e9fi de construire dans un temps imparti et avec des mat\u00e9riaux identiques un radeau assez solide et rapide pour leur permettre de traverser l\u2019\u00e9tendue d\u2019eau. Ce fut une lutte acharn\u00e9e pour remporter la Raft Race de Montr\u00e9al ! Nourriture, rafra\u00eechissement et bonne humeur \u00e9tait au rendez-vous, et c\u2019est l\u2019\u00e9quipe de McLaren qui a su se classer au premier rang de ce d\u00e9fi \u00e9pique !<\/p>\n\n\t\t<\/div>\n\t<\/div>\n<\/section>\n\n<section block class=\"b-slider slider\" data-watch>\n\t<div class=\"container-inset\">\n\n\t\t<div class=\"b-slider-content\">\n\n\t\t\t<div class=\"b-slider-items slider-items\">\n\t\t\t\t\t\t\t\t\t<div class=\"b-slider-item slider-item\">\n\t\t\t\t\t\t<img decoding=\"async\" class=\"image\" src=\"https:\/\/tribu.co\/wp-content\/uploads\/2019\/05\/1-22.png\">\n\t\t\t\t\t<\/div>\n\t\t\t\t\t\t\t\t\t<div class=\"b-slider-item slider-item\">\n\t\t\t\t\t\t<img decoding=\"async\" class=\"image\" src=\"https:\/\/tribu.co\/wp-content\/uploads\/2019\/05\/2-22.png\">\n\t\t\t\t\t<\/div>\n\t\t\t\t\t\t\t\t\t<div class=\"b-slider-item slider-item\">\n\t\t\t\t\t\t<img decoding=\"async\" class=\"image\" src=\"https:\/\/tribu.co\/wp-content\/uploads\/2019\/05\/3-18.png\">\n\t\t\t\t\t<\/div>\n\t\t\t\t\t\t\t\t\t<div class=\"b-slider-item slider-item\">\n\t\t\t\t\t\t<img decoding=\"async\" class=\"image\" src=\"https:\/\/tribu.co\/wp-content\/uploads\/2019\/05\/4-15.png\">\n\t\t\t\t\t<\/div>\n\t\t\t\t\t\t\t\t\t<div class=\"b-slider-item slider-item\">\n\t\t\t\t\t\t<img decoding=\"async\" class=\"image\" src=\"https:\/\/tribu.co\/wp-content\/uploads\/2019\/05\/5-12.png\">\n\t\t\t\t\t<\/div>\n\t\t\t\t\t\t\t<\/div>\n\n\t\t\t<div class=\"b-slider-prev button-prev slider-prev\">\n\t\t\t\t<svg xmlns=\"http:\/\/www.w3.org\/2000\/svg\" viewBox=\"0 0 936 720\">\n\t\t\t\t\t<path stroke=\"#000\" stroke-width=\"1rem\" fill=\"transparent\" d=\"M417.5 596l-189-189h659v-94H228.9c62.9-62.6 125.5-125.6 188.6-188-22-22-45-44-67-67-100 101-201 202-302 302l302 302c22-22 45-44 67-66z\"\/>\n\t\t\t\t<\/svg>\n\t\t\t<\/div>\n\n\t\t\t<div class=\"b-slider-next button-next slider-next\">\n\t\t\t\t<svg xmlns=\"http:\/\/www.w3.org\/2000\/svg\" viewBox=\"0 0 936 720\">\n\t\t\t\t\t<path stroke=\"#000\" stroke-width=\"1rem\" fill=\"transparent\" d=\"M518.5 124l189 189h-659v94h658.6c-62.9 62.6-125.5 125.6-188.6 188 22 22 45 44 67 67 100-101 201-202 302-302l-302-302c-22 22-45 44-67 66z\"\/>\n\t\t\t\t<\/svg>\n\t\t\t<\/div>\n\n\t\t<\/div>\n\n\t<\/div>\n<\/section>","protected":false},"author":2,"featured_media":1220,"menu_order":191,"template":"","project-service":[35],"project-event":[],"project-location":[64],"class_list":["post-2132","project","type-project","status-publish","has-post-thumbnail","hentry","project-service-experience-de-marque","project-location-canada-fr"],"acf":[],"yoast_head":"<!-- This site is optimized with the Yoast SEO plugin v26.7 - https:\/\/yoast.com\/wordpress\/plugins\/seo\/ -->\n<title>RED BULL RAFT RACE - Tribu Exp\u00e9rientiel F1 Montreal<\/title>\n<meta name=\"description\" content=\"\u00c0 l\u2019occasion de la Formule 1,\u00a0Red Bull Racing\u00a0a demand\u00e9 \u00e0 Tribu de participer \u00e0 l\u2019\u00e9v\u00e9nement et d\u2019organiser l\u2019antique course de radeaux.\" \/>\n<meta name=\"robots\" content=\"index, follow, max-snippet:-1, max-image-preview:large, max-video-preview:-1\" \/>\n<link rel=\"canonical\" href=\"https:\/\/tribu.co\/fr\/project\/red-bull-raft-race\/\" \/>\n<meta property=\"og:locale\" content=\"fr_CA\" \/>\n<meta property=\"og:type\" content=\"article\" \/>\n<meta property=\"og:title\" content=\"RED BULL RAFT RACE - Tribu Exp\u00e9rientiel F1 Montreal\" \/>\n<meta property=\"og:description\" content=\"\u00c0 l\u2019occasion de la Formule 1,\u00a0Red Bull Racing\u00a0a demand\u00e9 \u00e0 Tribu de participer \u00e0 l\u2019\u00e9v\u00e9nement et d\u2019organiser l\u2019antique course de radeaux.\" \/>\n<meta property=\"og:url\" content=\"https:\/\/tribu.co\/fr\/project\/red-bull-raft-race\/\" \/>\n<meta property=\"og:site_name\" content=\"Tribu Exp\u00e9rientiel\" \/>\n<meta property=\"article:publisher\" content=\"https:\/\/www.facebook.com\/TribuExperientiel\/\" \/>\n<meta property=\"article:modified_time\" content=\"2020-11-02T13:57:34+00:00\" \/>\n<meta property=\"og:image\" content=\"https:\/\/tribu.co\/app\/uploads\/2019\/05\/5-12.png\" \/>\n\t<meta property=\"og:image:width\" content=\"1000\" \/>\n\t<meta property=\"og:image:height\" content=\"600\" \/>\n\t<meta property=\"og:image:type\" content=\"image\/png\" \/>\n<meta name=\"twitter:card\" content=\"summary_large_image\" \/>\n<meta name=\"twitter:site\" content=\"@tribu_exp\" \/>\n<script type=\"application\/ld+json\" class=\"yoast-schema-graph\">{\"@context\":\"https:\/\/schema.org\",\"@graph\":[{\"@type\":\"WebPage\",\"@id\":\"https:\/\/tribu.co\/fr\/project\/red-bull-raft-race\/\",\"url\":\"https:\/\/tribu.co\/fr\/project\/red-bull-raft-race\/\",\"name\":\"RED BULL RAFT RACE - Tribu Exp\u00e9rientiel F1 Montreal\",\"isPartOf\":{\"@id\":\"https:\/\/tribu.co\/#website\"},\"primaryImageOfPage\":{\"@id\":\"https:\/\/tribu.co\/fr\/project\/red-bull-raft-race\/#primaryimage\"},\"image\":{\"@id\":\"https:\/\/tribu.co\/fr\/project\/red-bull-raft-race\/#primaryimage\"},\"thumbnailUrl\":\"https:\/\/tribu.co\/wp-content\/uploads\/2019\/05\/5-12.png\",\"datePublished\":\"2018-05-30T18:45:18+00:00\",\"dateModified\":\"2020-11-02T13:57:34+00:00\",\"description\":\"\u00c0 l\u2019occasion de la Formule 1,\u00a0Red Bull Racing\u00a0a demand\u00e9 \u00e0 Tribu de participer \u00e0 l\u2019\u00e9v\u00e9nement et d\u2019organiser l\u2019antique course de radeaux.\",\"breadcrumb\":{\"@id\":\"https:\/\/tribu.co\/fr\/project\/red-bull-raft-race\/#breadcrumb\"},\"inLanguage\":\"fr-CA\",\"potentialAction\":[{\"@type\":\"ReadAction\",\"target\":[\"https:\/\/tribu.co\/fr\/project\/red-bull-raft-race\/\"]}]},{\"@type\":\"ImageObject\",\"inLanguage\":\"fr-CA\",\"@id\":\"https:\/\/tribu.co\/fr\/project\/red-bull-raft-race\/#primaryimage\",\"url\":\"https:\/\/tribu.co\/wp-content\/uploads\/2019\/05\/5-12.png\",\"contentUrl\":\"https:\/\/tribu.co\/wp-content\/uploads\/2019\/05\/5-12.png\",\"width\":1000,\"height\":600,\"caption\":\"RED BULL RAFT RACE Photo : Cl\u00e9ment Stenger\"},{\"@type\":\"BreadcrumbList\",\"@id\":\"https:\/\/tribu.co\/fr\/project\/red-bull-raft-race\/#breadcrumb\",\"itemListElement\":[{\"@type\":\"ListItem\",\"position\":1,\"name\":\"Home\",\"item\":\"https:\/\/tribu.co\/fr\/accueil\/\"},{\"@type\":\"ListItem\",\"position\":2,\"name\":\"RED BULL RAFT RACE\"}]},{\"@type\":\"WebSite\",\"@id\":\"https:\/\/tribu.co\/#website\",\"url\":\"https:\/\/tribu.co\/\",\"name\":\"Tribu\",\"description\":\"Integrated experiences\",\"publisher\":{\"@id\":\"https:\/\/tribu.co\/#organization\"},\"potentialAction\":[{\"@type\":\"SearchAction\",\"target\":{\"@type\":\"EntryPoint\",\"urlTemplate\":\"https:\/\/tribu.co\/?s={search_term_string}\"},\"query-input\":{\"@type\":\"PropertyValueSpecification\",\"valueRequired\":true,\"valueName\":\"search_term_string\"}}],\"inLanguage\":\"fr-CA\"},{\"@type\":\"Organization\",\"@id\":\"https:\/\/tribu.co\/#organization\",\"name\":\"Tribu\",\"url\":\"https:\/\/tribu.co\/\",\"logo\":{\"@type\":\"ImageObject\",\"inLanguage\":\"fr-CA\",\"@id\":\"https:\/\/tribu.co\/#\/schema\/logo\/image\/\",\"url\":\"https:\/\/tribu.co\/app\/uploads\/2020\/03\/Tribu-Header.png\",\"contentUrl\":\"https:\/\/tribu.co\/app\/uploads\/2020\/03\/Tribu-Header.png\",\"width\":2500,\"height\":1398,\"caption\":\"Tribu\"},\"image\":{\"@id\":\"https:\/\/tribu.co\/#\/schema\/logo\/image\/\"},\"sameAs\":[\"https:\/\/www.facebook.com\/TribuExperientiel\/\",\"https:\/\/x.com\/tribu_exp\",\"https:\/\/www.instagram.com\/tribuexperientiel\/\",\"https:\/\/www.linkedin.com\/tribuexperientiel\/\"]}]}<\/script>\n<!-- \/ Yoast SEO plugin. -->","yoast_head_json":{"title":"RED BULL RAFT RACE - Tribu Exp\u00e9rientiel F1 Montreal","description":"\u00c0 l\u2019occasion de la Formule 1,\u00a0Red Bull Racing\u00a0a demand\u00e9 \u00e0 Tribu de participer \u00e0 l\u2019\u00e9v\u00e9nement et d\u2019organiser l\u2019antique course de radeaux.","robots":{"index":"index","follow":"follow","max-snippet":"max-snippet:-1","max-image-preview":"max-image-preview:large","max-video-preview":"max-video-preview:-1"},"canonical":"https:\/\/tribu.co\/fr\/project\/red-bull-raft-race\/","og_locale":"fr_CA","og_type":"article","og_title":"RED BULL RAFT RACE - Tribu Exp\u00e9rientiel F1 Montreal","og_description":"\u00c0 l\u2019occasion de la Formule 1,\u00a0Red Bull Racing\u00a0a demand\u00e9 \u00e0 Tribu de participer \u00e0 l\u2019\u00e9v\u00e9nement et d\u2019organiser l\u2019antique course de radeaux.","og_url":"https:\/\/tribu.co\/fr\/project\/red-bull-raft-race\/","og_site_name":"Tribu Exp\u00e9rientiel","article_publisher":"https:\/\/www.facebook.com\/TribuExperientiel\/","article_modified_time":"2020-11-02T13:57:34+00:00","og_image":[{"width":1000,"height":600,"url":"https:\/\/tribu.co\/app\/uploads\/2019\/05\/5-12.png","type":"image\/png"}],"twitter_card":"summary_large_image","twitter_site":"@tribu_exp","schema":{"@context":"https:\/\/schema.org","@graph":[{"@type":"WebPage","@id":"https:\/\/tribu.co\/fr\/project\/red-bull-raft-race\/","url":"https:\/\/tribu.co\/fr\/project\/red-bull-raft-race\/","name":"RED BULL RAFT RACE - Tribu Exp\u00e9rientiel F1 Montreal","isPartOf":{"@id":"https:\/\/tribu.co\/#website"},"primaryImageOfPage":{"@id":"https:\/\/tribu.co\/fr\/project\/red-bull-raft-race\/#primaryimage"},"image":{"@id":"https:\/\/tribu.co\/fr\/project\/red-bull-raft-race\/#primaryimage"},"thumbnailUrl":"https:\/\/tribu.co\/wp-content\/uploads\/2019\/05\/5-12.png","datePublished":"2018-05-30T18:45:18+00:00","dateModified":"2020-11-02T13:57:34+00:00","description":"\u00c0 l\u2019occasion de la Formule 1,\u00a0Red Bull Racing\u00a0a demand\u00e9 \u00e0 Tribu de participer \u00e0 l\u2019\u00e9v\u00e9nement et d\u2019organiser l\u2019antique course de radeaux.","breadcrumb":{"@id":"https:\/\/tribu.co\/fr\/project\/red-bull-raft-race\/#breadcrumb"},"inLanguage":"fr-CA","potentialAction":[{"@type":"ReadAction","target":["https:\/\/tribu.co\/fr\/project\/red-bull-raft-race\/"]}]},{"@type":"ImageObject","inLanguage":"fr-CA","@id":"https:\/\/tribu.co\/fr\/project\/red-bull-raft-race\/#primaryimage","url":"https:\/\/tribu.co\/wp-content\/uploads\/2019\/05\/5-12.png","contentUrl":"https:\/\/tribu.co\/wp-content\/uploads\/2019\/05\/5-12.png","width":1000,"height":600,"caption":"RED BULL RAFT RACE Photo : Cl\u00e9ment Stenger"},{"@type":"BreadcrumbList","@id":"https:\/\/tribu.co\/fr\/project\/red-bull-raft-race\/#breadcrumb","itemListElement":[{"@type":"ListItem","position":1,"name":"Home","item":"https:\/\/tribu.co\/fr\/accueil\/"},{"@type":"ListItem","position":2,"name":"RED BULL RAFT RACE"}]},{"@type":"WebSite","@id":"https:\/\/tribu.co\/#website","url":"https:\/\/tribu.co\/","name":"Tribu","description":"Integrated experiences","publisher":{"@id":"https:\/\/tribu.co\/#organization"},"potentialAction":[{"@type":"SearchAction","target":{"@type":"EntryPoint","urlTemplate":"https:\/\/tribu.co\/?s={search_term_string}"},"query-input":{"@type":"PropertyValueSpecification","valueRequired":true,"valueName":"search_term_string"}}],"inLanguage":"fr-CA"},{"@type":"Organization","@id":"https:\/\/tribu.co\/#organization","name":"Tribu","url":"https:\/\/tribu.co\/","logo":{"@type":"ImageObject","inLanguage":"fr-CA","@id":"https:\/\/tribu.co\/#\/schema\/logo\/image\/","url":"https:\/\/tribu.co\/app\/uploads\/2020\/03\/Tribu-Header.png","contentUrl":"https:\/\/tribu.co\/app\/uploads\/2020\/03\/Tribu-Header.png","width":2500,"height":1398,"caption":"Tribu"},"image":{"@id":"https:\/\/tribu.co\/#\/schema\/logo\/image\/"},"sameAs":["https:\/\/www.facebook.com\/TribuExperientiel\/","https:\/\/x.com\/tribu_exp","https:\/\/www.instagram.com\/tribuexperientiel\/","https:\/\/www.linkedin.com\/tribuexperientiel\/"]}]}},"_links":{"self":[{"href":"https:\/\/tribu.co\/fr\/wp-json\/wp\/v2\/project\/2132","targetHints":{"allow":["GET"]}}],"collection":[{"href":"https:\/\/tribu.co\/fr\/wp-json\/wp\/v2\/project"}],"about":[{"href":"https:\/\/tribu.co\/fr\/wp-json\/wp\/v2\/types\/project"}],"author":[{"embeddable":true,"href":"https:\/\/tribu.co\/fr\/wp-json\/wp\/v2\/users\/2"}],"wp:featuredmedia":[{"embeddable":true,"href":"https:\/\/tribu.co\/fr\/wp-json\/wp\/v2\/media\/1220"}],"wp:attachment":[{"href":"https:\/\/tribu.co\/fr\/wp-json\/wp\/v2\/media?parent=2132"}],"wp:term":[{"taxonomy":"project-service","embeddable":true,"href":"https:\/\/tribu.co\/fr\/wp-json\/wp\/v2\/project-service?post=2132"},{"taxonomy":"project-event","embeddable":true,"href":"https:\/\/tribu.co\/fr\/wp-json\/wp\/v2\/project-event?post=2132"},{"taxonomy":"project-location","embeddable":true,"href":"https:\/\/tribu.co\/fr\/wp-json\/wp\/v2\/project-location?post=2132"}],"curies":[{"name":"wp","href":"https:\/\/api.w.org\/{rel}","templated":true}]}}