{"id":2133,"date":"2017-03-31T14:10:06","date_gmt":"2017-03-31T19:10:06","guid":{"rendered":"https:\/\/tribu.co\/?post_type=project&#038;p=2133"},"modified":"2020-11-02T08:56:15","modified_gmt":"2020-11-02T13:56:15","slug":"mtl-motoneige-xtrem","status":"publish","type":"project","link":"https:\/\/tribu.co\/fr\/project\/mtl-motoneige-xtrem\/","title":{"rendered":"MTL MOTONEIGE XTREM 2017"},"content":{"rendered":"<section block class=\"b-text\" data-watch>\n\t<div class=\"container-narrow container--align-left\">\n\t\t<div class=\"b-text-content wysiwyg wysiwyg--text\">\n\t\t\t<h3>Le projet<\/h3>\n<p>Tribu Exp\u00e9rientiel est fier d\u2019avoir produit\u00a0Motoneige MTL Xtrem, un \u00e9v\u00e9nement phare des\u00a0Hivernales\u00a0de la Soci\u00e9t\u00e9 des c\u00e9l\u00e9brations du\u00a0<a href=\"http:\/\/ville.montreal.qc.ca\/375\/\">375e de Montr\u00e9al<\/a>. C\u2019est au dessus de la rue Ste-Catherine que des champions mondiaux de motoneige s\u2019\u00e9lanc\u00e8rent pour la premi\u00e8re fois au c\u0153ur du centre-ville de Montr\u00e9al dans des acrobaties a\u00e9riennes \u00e0 couper le souffle. Le square Phillips se transforma en parcours de motoneige, du jamais vu !<\/p>\n\n\t\t<\/div>\n\t<\/div>\n<\/section>\n\n<section block class=\"b-video\" data-watch>\n\t<div class=\"container-inset\">\n\t\t<div class=\"b-video-frame wysiwyg wysiwyg--text\">\n\n\t\t\t\t\t\t\t<div class=\"b-video-player video-player--vimeo\">\n\t\t\t\t\t<iframe loading=\"lazy\" src=\"https:\/\/player.vimeo.com\/video\/204812629\" width=\"640\" height=\"480\" frameborder=\"0\" allow=\"autoplay; fullscreen\" allowfullscreen><\/iframe>\n\t\t\t\t<\/div>\n\t\t\t\n\t\t\t\n\t\t<\/div>\n\t<\/div>\n<\/section>\n\n<section block class=\"b-text\" data-watch>\n\t<div class=\"container-narrow container--align-center\">\n\t\t<div class=\"b-text-content wysiwyg wysiwyg--text\">\n\t\t\t<h2>L&#8217;exp\u00e9rience<\/h2>\n<p>Cet \u00e9v\u00e9nement unique a r\u00e9uni\u00a011 pilotes\u00a0parmi les meilleurs au monde. Ils ont fait la d\u00e9monstration de leur habilet\u00e9 et de leur courage sur un parcours comprenant deux rampes de saut con\u00e7ues exclusivement pour l\u2019occasion. Ces champions sautaient \u00e0 plus de 10 m\u00e8tres de hauteur sur une distance de quelque 25 m\u00e8tres. Leurs man\u0153uvres des plus audacieuses et p\u00e9rilleuses, dont les fameux sauts arri\u00e8res (back flips), on su tenir le public, de pr\u00e8s de\u00a017 500 personnes, en haleine lors d\u00e8s 3 d\u00e9monstrations.<\/p>\n\n\t\t<\/div>\n\t<\/div>\n<\/section>\n\n<section block class=\"b-gallery\" data-watch>\n\t<div class=\"container-inset\">\n\n\t\t<div class=\"b-gallery-items\">\n\n\t\t\t\n\t\t\t\t<div\n\t\t\t\t\tclass=\"b-gallery-item\"\n\t\t\t\t\tdata-watch\n\t\t\t\t\tdata-watch-enter=\"0.65\"\n\t\t\t\t\tdata-watch-class=\"item-on-screen\">\n\t\t\t\t\t<div class=\"image image--with-layer\"><div class=\"layer\" style=\"background-image: url(https:\/\/tribu.co\/wp-content\/uploads\/2019\/05\/1-21.png)\"><\/div><\/div>\n\t\t\t\t<\/div>\n\n\t\t\t\n\t\t\t\t<div\n\t\t\t\t\tclass=\"b-gallery-item\"\n\t\t\t\t\tdata-watch\n\t\t\t\t\tdata-watch-enter=\"0.65\"\n\t\t\t\t\tdata-watch-class=\"item-on-screen\">\n\t\t\t\t\t<div class=\"image image--with-layer\"><div class=\"layer\" style=\"background-image: url(https:\/\/tribu.co\/wp-content\/uploads\/2019\/05\/2-21.png)\"><\/div><\/div>\n\t\t\t\t<\/div>\n\n\t\t\t\n\t\t<\/div>\n\n\t<\/div>\n<\/section>\n\n<section block class=\"b-quote\" data-watch>\n\t<div class=\"container\">\n\n\t\t<div class=\"b-quote-body\">\n\n\t\t\t<div class=\"b-quote-open\">\n\t\t\t\t<span>\u00ab<\/span>\n\t\t\t<\/div>\n\n\t\t\t<div class=\"b-quote-content wysiwyg\" data-break-lines=\"h1, h2, p\">\n\t\t\t\t<p>Notre partenariat fut une belle r\u00e9ussite sur laquelle nous gardons de tr\u00e8s bons souvenirs. Leur passion est palpable et elle se sent dans chaque \u00a0d\u00e9tail, du d\u00e9but jusqu\u2019\u00e0 la livraison des projets. C\u2019est une \u00e9quipe jeune et dynamique alors je n\u2019h\u00e9site pas \u00e0 la recommander.<\/p>\n\n\t\t\t<\/div>\n\n\t\t\t<div class=\"b-quote-close\">\n\t\t\t\t<span>\u00bb<\/span>\n\t\t\t<\/div>\n\n\t\t<\/div>\n\n\t\t\t\t\t<div class=\"b-quote-foot\">\n\t\t\t\t<div class=\"b-quote-source\">\n\t\t\t\t\t<div class=\"b-quote-source-text\">\n\t\t\t\t\t\tShantal Bourdelais  \/  Productrice d\u00e9l\u00e9gu\u00e9e, Soci\u00e9t\u00e9 des c\u00e9l\u00e9brations du 375e de Montr\u00e9al\n\t\t\t\t\t<\/div>\n\t\t\t\t<\/div>\n\t\t\t<\/div>\n\t\t\n\t<\/div>\n<\/section>\n\n<section block class=\"b-slider slider\" data-watch>\n\t<div class=\"container-inset\">\n\n\t\t<div class=\"b-slider-content\">\n\n\t\t\t<div class=\"b-slider-items slider-items\">\n\t\t\t\t\t\t\t\t\t<div class=\"b-slider-item slider-item\">\n\t\t\t\t\t\t<img decoding=\"async\" class=\"image\" src=\"https:\/\/tribu.co\/wp-content\/uploads\/2019\/05\/10-9.png\">\n\t\t\t\t\t<\/div>\n\t\t\t\t\t\t\t\t\t<div class=\"b-slider-item slider-item\">\n\t\t\t\t\t\t<img decoding=\"async\" class=\"image\" src=\"https:\/\/tribu.co\/wp-content\/uploads\/2019\/05\/9-9.png\">\n\t\t\t\t\t<\/div>\n\t\t\t\t\t\t\t\t\t<div class=\"b-slider-item slider-item\">\n\t\t\t\t\t\t<img decoding=\"async\" class=\"image\" src=\"https:\/\/tribu.co\/wp-content\/uploads\/2019\/05\/11-8.png\">\n\t\t\t\t\t<\/div>\n\t\t\t\t\t\t\t\t\t<div class=\"b-slider-item slider-item\">\n\t\t\t\t\t\t<img decoding=\"async\" class=\"image\" src=\"https:\/\/tribu.co\/wp-content\/uploads\/2019\/05\/12-8.png\">\n\t\t\t\t\t<\/div>\n\t\t\t\t\t\t\t\t\t<div class=\"b-slider-item slider-item\">\n\t\t\t\t\t\t<img decoding=\"async\" class=\"image\" src=\"https:\/\/tribu.co\/wp-content\/uploads\/2019\/05\/1-20.png\">\n\t\t\t\t\t<\/div>\n\t\t\t\t\t\t\t\t\t<div class=\"b-slider-item slider-item\">\n\t\t\t\t\t\t<img decoding=\"async\" class=\"image\" src=\"https:\/\/tribu.co\/wp-content\/uploads\/2019\/05\/2-20.png\">\n\t\t\t\t\t<\/div>\n\t\t\t\t\t\t\t\t\t<div class=\"b-slider-item slider-item\">\n\t\t\t\t\t\t<img decoding=\"async\" class=\"image\" src=\"https:\/\/tribu.co\/wp-content\/uploads\/2019\/05\/8-11.png\">\n\t\t\t\t\t<\/div>\n\t\t\t\t\t\t\t\t\t<div class=\"b-slider-item slider-item\">\n\t\t\t\t\t\t<img decoding=\"async\" class=\"image\" src=\"https:\/\/tribu.co\/wp-content\/uploads\/2019\/05\/3-17.png\">\n\t\t\t\t\t<\/div>\n\t\t\t\t\t\t\t\t\t<div class=\"b-slider-item slider-item\">\n\t\t\t\t\t\t<img decoding=\"async\" class=\"image\" src=\"https:\/\/tribu.co\/wp-content\/uploads\/2019\/05\/4-14.png\">\n\t\t\t\t\t<\/div>\n\t\t\t\t\t\t\t\t\t<div class=\"b-slider-item slider-item\">\n\t\t\t\t\t\t<img decoding=\"async\" class=\"image\" src=\"https:\/\/tribu.co\/wp-content\/uploads\/2019\/05\/5-11.png\">\n\t\t\t\t\t<\/div>\n\t\t\t\t\t\t\t\t\t<div class=\"b-slider-item slider-item\">\n\t\t\t\t\t\t<img decoding=\"async\" class=\"image\" src=\"https:\/\/tribu.co\/wp-content\/uploads\/2019\/05\/6-11.png\">\n\t\t\t\t\t<\/div>\n\t\t\t\t\t\t\t\t\t<div class=\"b-slider-item slider-item\">\n\t\t\t\t\t\t<img decoding=\"async\" class=\"image\" src=\"https:\/\/tribu.co\/wp-content\/uploads\/2019\/05\/7-12.png\">\n\t\t\t\t\t<\/div>\n\t\t\t\t\t\t\t<\/div>\n\n\t\t\t<div class=\"b-slider-prev button-prev slider-prev\">\n\t\t\t\t<svg xmlns=\"http:\/\/www.w3.org\/2000\/svg\" viewBox=\"0 0 936 720\">\n\t\t\t\t\t<path stroke=\"#000\" stroke-width=\"1rem\" fill=\"transparent\" d=\"M417.5 596l-189-189h659v-94H228.9c62.9-62.6 125.5-125.6 188.6-188-22-22-45-44-67-67-100 101-201 202-302 302l302 302c22-22 45-44 67-66z\"\/>\n\t\t\t\t<\/svg>\n\t\t\t<\/div>\n\n\t\t\t<div class=\"b-slider-next button-next slider-next\">\n\t\t\t\t<svg xmlns=\"http:\/\/www.w3.org\/2000\/svg\" viewBox=\"0 0 936 720\">\n\t\t\t\t\t<path stroke=\"#000\" stroke-width=\"1rem\" fill=\"transparent\" d=\"M518.5 124l189 189h-659v94h658.6c-62.9 62.6-125.5 125.6-188.6 188 22 22 45 44 67 67 100-101 201-202 302-302l-302-302c-22 22-45 44-67 66z\"\/>\n\t\t\t\t<\/svg>\n\t\t\t<\/div>\n\n\t\t<\/div>\n\n\t<\/div>\n<\/section>\n\n<section block class=\"b-enum\" data-watch>\n\t<div class=\"container-inset\">\n\n\t\t\t\t\t<div class=\"b-enum-heading wysiwyg wysiwyg--small wysiwyg--color\">\n\t\t\t\t<h2>Les r\u00e9sultats?<\/h2>\n\n\t\t\t<\/div>\n\t\t\n\t\t<div class=\"b-enum-items\">\n\n\t\t\t\n\t\t\t\t<div\n\t\t\t\t\tclass=\"b-enum-item\"\n\t\t\t\t\tdata-watch\n\t\t\t\t\tdata-watch-enter=\"0.65\"\n\t\t\t\t\tdata-watch-class=\"item-on-screen\"\n\t\t\t\t\tdata-break-lines=\".b-enum-item-value\">\n\n\t\t\t\t\t\t\t\t\t\t\t<div class=\"b-enum-item-value\">\n\t\t\t\t\t\t\t17 500 festivaliers\n\t\t\t\t\t\t<\/div>\n\t\t\t\t\t\n\t\t\t\t\t\n\t\t\t\t<\/div>\n\n\t\t\t\n\t\t\t\t<div\n\t\t\t\t\tclass=\"b-enum-item\"\n\t\t\t\t\tdata-watch\n\t\t\t\t\tdata-watch-enter=\"0.65\"\n\t\t\t\t\tdata-watch-class=\"item-on-screen\"\n\t\t\t\t\tdata-break-lines=\".b-enum-item-value\">\n\n\t\t\t\t\t\t\t\t\t\t\t<div class=\"b-enum-item-value\">\n\t\t\t\t\t\t\t11 athl\u00e8tes \n\t\t\t\t\t\t<\/div>\n\t\t\t\t\t\n\t\t\t\t\t\n\t\t\t\t<\/div>\n\n\t\t\t\n\t\t<\/div>\n\n\t<\/div>\n<\/section>","protected":false},"author":2,"featured_media":1185,"menu_order":192,"template":"","project-service":[37],"project-event":[],"project-location":[64],"class_list":["post-2133","project","type-project","status-publish","has-post-thumbnail","hentry","project-service-evenements-sur-mesure","project-location-canada-fr"],"acf":[],"yoast_head":"<!-- This site is optimized with the Yoast SEO plugin v26.7 - https:\/\/yoast.com\/wordpress\/plugins\/seo\/ -->\n<title>MTL MOTONEIGE XTREM 2017 - Tribu Exp\u00e9rientiel<\/title>\n<meta name=\"description\" content=\"Des champions mondiaux de motoneige s\u2019\u00e9lanc\u00e8rent pour la premi\u00e8re fois au c\u0153ur de Montr\u00e9al dans des acrobaties a\u00e9riennes \u00e0 couper le souffle\" \/>\n<meta name=\"robots\" content=\"index, follow, max-snippet:-1, max-image-preview:large, max-video-preview:-1\" \/>\n<link rel=\"canonical\" href=\"https:\/\/tribu.co\/fr\/project\/mtl-motoneige-xtrem\/\" \/>\n<meta property=\"og:locale\" content=\"fr_CA\" \/>\n<meta property=\"og:type\" content=\"article\" \/>\n<meta property=\"og:title\" content=\"MTL MOTONEIGE XTREM 2017 - Tribu Exp\u00e9rientiel\" \/>\n<meta property=\"og:description\" content=\"Des champions mondiaux de motoneige s\u2019\u00e9lanc\u00e8rent pour la premi\u00e8re fois au c\u0153ur de Montr\u00e9al dans des acrobaties a\u00e9riennes \u00e0 couper le souffle\" \/>\n<meta property=\"og:url\" content=\"https:\/\/tribu.co\/fr\/project\/mtl-motoneige-xtrem\/\" \/>\n<meta property=\"og:site_name\" content=\"Tribu Exp\u00e9rientiel\" \/>\n<meta property=\"article:publisher\" content=\"https:\/\/www.facebook.com\/TribuExperientiel\/\" \/>\n<meta property=\"article:modified_time\" content=\"2020-11-02T13:56:15+00:00\" \/>\n<meta property=\"og:image\" content=\"https:\/\/tribu.co\/app\/uploads\/2019\/05\/10-9.png\" \/>\n\t<meta property=\"og:image:width\" content=\"1000\" \/>\n\t<meta property=\"og:image:height\" content=\"600\" \/>\n\t<meta property=\"og:image:type\" content=\"image\/png\" \/>\n<meta name=\"twitter:card\" content=\"summary_large_image\" \/>\n<meta name=\"twitter:site\" content=\"@tribu_exp\" \/>\n<script type=\"application\/ld+json\" class=\"yoast-schema-graph\">{\"@context\":\"https:\/\/schema.org\",\"@graph\":[{\"@type\":\"WebPage\",\"@id\":\"https:\/\/tribu.co\/fr\/project\/mtl-motoneige-xtrem\/\",\"url\":\"https:\/\/tribu.co\/fr\/project\/mtl-motoneige-xtrem\/\",\"name\":\"MTL MOTONEIGE XTREM 2017 - Tribu Exp\u00e9rientiel\",\"isPartOf\":{\"@id\":\"https:\/\/tribu.co\/#website\"},\"primaryImageOfPage\":{\"@id\":\"https:\/\/tribu.co\/fr\/project\/mtl-motoneige-xtrem\/#primaryimage\"},\"image\":{\"@id\":\"https:\/\/tribu.co\/fr\/project\/mtl-motoneige-xtrem\/#primaryimage\"},\"thumbnailUrl\":\"https:\/\/tribu.co\/wp-content\/uploads\/2019\/05\/10-9.png\",\"datePublished\":\"2017-03-31T19:10:06+00:00\",\"dateModified\":\"2020-11-02T13:56:15+00:00\",\"description\":\"Des champions mondiaux de motoneige s\u2019\u00e9lanc\u00e8rent pour la premi\u00e8re fois au c\u0153ur de Montr\u00e9al dans des acrobaties a\u00e9riennes \u00e0 couper le souffle\",\"breadcrumb\":{\"@id\":\"https:\/\/tribu.co\/fr\/project\/mtl-motoneige-xtrem\/#breadcrumb\"},\"inLanguage\":\"fr-CA\",\"potentialAction\":[{\"@type\":\"ReadAction\",\"target\":[\"https:\/\/tribu.co\/fr\/project\/mtl-motoneige-xtrem\/\"]}]},{\"@type\":\"ImageObject\",\"inLanguage\":\"fr-CA\",\"@id\":\"https:\/\/tribu.co\/fr\/project\/mtl-motoneige-xtrem\/#primaryimage\",\"url\":\"https:\/\/tribu.co\/wp-content\/uploads\/2019\/05\/10-9.png\",\"contentUrl\":\"https:\/\/tribu.co\/wp-content\/uploads\/2019\/05\/10-9.png\",\"width\":1000,\"height\":600,\"caption\":\"MTL MOTONEIGE XTREM 2017\"},{\"@type\":\"BreadcrumbList\",\"@id\":\"https:\/\/tribu.co\/fr\/project\/mtl-motoneige-xtrem\/#breadcrumb\",\"itemListElement\":[{\"@type\":\"ListItem\",\"position\":1,\"name\":\"Home\",\"item\":\"https:\/\/tribu.co\/fr\/accueil\/\"},{\"@type\":\"ListItem\",\"position\":2,\"name\":\"MTL MOTONEIGE XTREM 2017\"}]},{\"@type\":\"WebSite\",\"@id\":\"https:\/\/tribu.co\/#website\",\"url\":\"https:\/\/tribu.co\/\",\"name\":\"Tribu\",\"description\":\"Integrated experiences\",\"publisher\":{\"@id\":\"https:\/\/tribu.co\/#organization\"},\"potentialAction\":[{\"@type\":\"SearchAction\",\"target\":{\"@type\":\"EntryPoint\",\"urlTemplate\":\"https:\/\/tribu.co\/?s={search_term_string}\"},\"query-input\":{\"@type\":\"PropertyValueSpecification\",\"valueRequired\":true,\"valueName\":\"search_term_string\"}}],\"inLanguage\":\"fr-CA\"},{\"@type\":\"Organization\",\"@id\":\"https:\/\/tribu.co\/#organization\",\"name\":\"Tribu\",\"url\":\"https:\/\/tribu.co\/\",\"logo\":{\"@type\":\"ImageObject\",\"inLanguage\":\"fr-CA\",\"@id\":\"https:\/\/tribu.co\/#\/schema\/logo\/image\/\",\"url\":\"https:\/\/tribu.co\/app\/uploads\/2020\/03\/Tribu-Header.png\",\"contentUrl\":\"https:\/\/tribu.co\/app\/uploads\/2020\/03\/Tribu-Header.png\",\"width\":2500,\"height\":1398,\"caption\":\"Tribu\"},\"image\":{\"@id\":\"https:\/\/tribu.co\/#\/schema\/logo\/image\/\"},\"sameAs\":[\"https:\/\/www.facebook.com\/TribuExperientiel\/\",\"https:\/\/x.com\/tribu_exp\",\"https:\/\/www.instagram.com\/tribuexperientiel\/\",\"https:\/\/www.linkedin.com\/tribuexperientiel\/\"]}]}<\/script>\n<!-- \/ Yoast SEO plugin. -->","yoast_head_json":{"title":"MTL MOTONEIGE XTREM 2017 - Tribu Exp\u00e9rientiel","description":"Des champions mondiaux de motoneige s\u2019\u00e9lanc\u00e8rent pour la premi\u00e8re fois au c\u0153ur de Montr\u00e9al dans des acrobaties a\u00e9riennes \u00e0 couper le souffle","robots":{"index":"index","follow":"follow","max-snippet":"max-snippet:-1","max-image-preview":"max-image-preview:large","max-video-preview":"max-video-preview:-1"},"canonical":"https:\/\/tribu.co\/fr\/project\/mtl-motoneige-xtrem\/","og_locale":"fr_CA","og_type":"article","og_title":"MTL MOTONEIGE XTREM 2017 - Tribu Exp\u00e9rientiel","og_description":"Des champions mondiaux de motoneige s\u2019\u00e9lanc\u00e8rent pour la premi\u00e8re fois au c\u0153ur de Montr\u00e9al dans des acrobaties a\u00e9riennes \u00e0 couper le souffle","og_url":"https:\/\/tribu.co\/fr\/project\/mtl-motoneige-xtrem\/","og_site_name":"Tribu Exp\u00e9rientiel","article_publisher":"https:\/\/www.facebook.com\/TribuExperientiel\/","article_modified_time":"2020-11-02T13:56:15+00:00","og_image":[{"width":1000,"height":600,"url":"https:\/\/tribu.co\/app\/uploads\/2019\/05\/10-9.png","type":"image\/png"}],"twitter_card":"summary_large_image","twitter_site":"@tribu_exp","schema":{"@context":"https:\/\/schema.org","@graph":[{"@type":"WebPage","@id":"https:\/\/tribu.co\/fr\/project\/mtl-motoneige-xtrem\/","url":"https:\/\/tribu.co\/fr\/project\/mtl-motoneige-xtrem\/","name":"MTL MOTONEIGE XTREM 2017 - Tribu Exp\u00e9rientiel","isPartOf":{"@id":"https:\/\/tribu.co\/#website"},"primaryImageOfPage":{"@id":"https:\/\/tribu.co\/fr\/project\/mtl-motoneige-xtrem\/#primaryimage"},"image":{"@id":"https:\/\/tribu.co\/fr\/project\/mtl-motoneige-xtrem\/#primaryimage"},"thumbnailUrl":"https:\/\/tribu.co\/wp-content\/uploads\/2019\/05\/10-9.png","datePublished":"2017-03-31T19:10:06+00:00","dateModified":"2020-11-02T13:56:15+00:00","description":"Des champions mondiaux de motoneige s\u2019\u00e9lanc\u00e8rent pour la premi\u00e8re fois au c\u0153ur de Montr\u00e9al dans des acrobaties a\u00e9riennes \u00e0 couper le souffle","breadcrumb":{"@id":"https:\/\/tribu.co\/fr\/project\/mtl-motoneige-xtrem\/#breadcrumb"},"inLanguage":"fr-CA","potentialAction":[{"@type":"ReadAction","target":["https:\/\/tribu.co\/fr\/project\/mtl-motoneige-xtrem\/"]}]},{"@type":"ImageObject","inLanguage":"fr-CA","@id":"https:\/\/tribu.co\/fr\/project\/mtl-motoneige-xtrem\/#primaryimage","url":"https:\/\/tribu.co\/wp-content\/uploads\/2019\/05\/10-9.png","contentUrl":"https:\/\/tribu.co\/wp-content\/uploads\/2019\/05\/10-9.png","width":1000,"height":600,"caption":"MTL MOTONEIGE XTREM 2017"},{"@type":"BreadcrumbList","@id":"https:\/\/tribu.co\/fr\/project\/mtl-motoneige-xtrem\/#breadcrumb","itemListElement":[{"@type":"ListItem","position":1,"name":"Home","item":"https:\/\/tribu.co\/fr\/accueil\/"},{"@type":"ListItem","position":2,"name":"MTL MOTONEIGE XTREM 2017"}]},{"@type":"WebSite","@id":"https:\/\/tribu.co\/#website","url":"https:\/\/tribu.co\/","name":"Tribu","description":"Integrated experiences","publisher":{"@id":"https:\/\/tribu.co\/#organization"},"potentialAction":[{"@type":"SearchAction","target":{"@type":"EntryPoint","urlTemplate":"https:\/\/tribu.co\/?s={search_term_string}"},"query-input":{"@type":"PropertyValueSpecification","valueRequired":true,"valueName":"search_term_string"}}],"inLanguage":"fr-CA"},{"@type":"Organization","@id":"https:\/\/tribu.co\/#organization","name":"Tribu","url":"https:\/\/tribu.co\/","logo":{"@type":"ImageObject","inLanguage":"fr-CA","@id":"https:\/\/tribu.co\/#\/schema\/logo\/image\/","url":"https:\/\/tribu.co\/app\/uploads\/2020\/03\/Tribu-Header.png","contentUrl":"https:\/\/tribu.co\/app\/uploads\/2020\/03\/Tribu-Header.png","width":2500,"height":1398,"caption":"Tribu"},"image":{"@id":"https:\/\/tribu.co\/#\/schema\/logo\/image\/"},"sameAs":["https:\/\/www.facebook.com\/TribuExperientiel\/","https:\/\/x.com\/tribu_exp","https:\/\/www.instagram.com\/tribuexperientiel\/","https:\/\/www.linkedin.com\/tribuexperientiel\/"]}]}},"_links":{"self":[{"href":"https:\/\/tribu.co\/fr\/wp-json\/wp\/v2\/project\/2133","targetHints":{"allow":["GET"]}}],"collection":[{"href":"https:\/\/tribu.co\/fr\/wp-json\/wp\/v2\/project"}],"about":[{"href":"https:\/\/tribu.co\/fr\/wp-json\/wp\/v2\/types\/project"}],"author":[{"embeddable":true,"href":"https:\/\/tribu.co\/fr\/wp-json\/wp\/v2\/users\/2"}],"wp:featuredmedia":[{"embeddable":true,"href":"https:\/\/tribu.co\/fr\/wp-json\/wp\/v2\/media\/1185"}],"wp:attachment":[{"href":"https:\/\/tribu.co\/fr\/wp-json\/wp\/v2\/media?parent=2133"}],"wp:term":[{"taxonomy":"project-service","embeddable":true,"href":"https:\/\/tribu.co\/fr\/wp-json\/wp\/v2\/project-service?post=2133"},{"taxonomy":"project-event","embeddable":true,"href":"https:\/\/tribu.co\/fr\/wp-json\/wp\/v2\/project-event?post=2133"},{"taxonomy":"project-location","embeddable":true,"href":"https:\/\/tribu.co\/fr\/wp-json\/wp\/v2\/project-location?post=2133"}],"curies":[{"name":"wp","href":"https:\/\/api.w.org\/{rel}","templated":true}]}}