{"id":2213,"date":"2019-05-31T16:06:17","date_gmt":"2019-05-31T21:06:17","guid":{"rendered":"https:\/\/tribu.co\/?post_type=project&#038;p=2213"},"modified":"2020-10-28T07:45:16","modified_gmt":"2020-10-28T12:45:16","slug":"vrak-tv-santa-teresa","status":"publish","type":"project","link":"https:\/\/tribu.co\/fr\/project\/vrak-tv-santa-teresa\/","title":{"rendered":"VRAK.TV @ SANTA-TERESA 2018"},"content":{"rendered":"<section block class=\"b-text\" data-watch>\n\t<div class=\"container-narrow container--align-center\">\n\t\t<div class=\"b-text-content wysiwyg wysiwyg--text\">\n\t\t\t<h2>Le projet<\/h2>\n<p>L\u2019\u00e9quipe de Vrak.TV nous a\u00a0donn\u00e9 comme mandat d\u2019\u00e9laborer une\u00a0strat\u00e9gie d\u2019activation qui rejoindra\u00a0principalement les 13-25 ans afin de participer pour une deuxi\u00e8me ann\u00e9e cons\u00e9cutive au\u00a0Festival Santa Teresa. Nous\u00a0avions donc comme\u00a0objectif de\u00a0conceptualiser, de produire et d\u2019activer un\u00a0Lounge Vrak au coeur du festival!<\/p>\n\n\t\t<\/div>\n\t<\/div>\n<\/section>\n\n<section block class=\"b-gallery\" data-watch>\n\t<div class=\"container-inset\">\n\n\t\t<div class=\"b-gallery-items\">\n\n\t\t\t\n\t\t\t\t<div\n\t\t\t\t\tclass=\"b-gallery-item\"\n\t\t\t\t\tdata-watch\n\t\t\t\t\tdata-watch-enter=\"0.65\"\n\t\t\t\t\tdata-watch-class=\"item-on-screen\">\n\t\t\t\t\t<div class=\"image image--with-layer\"><div class=\"layer\" style=\"background-image: url(https:\/\/tribu.co\/wp-content\/uploads\/2019\/05\/3.jpg)\"><\/div><\/div>\n\t\t\t\t<\/div>\n\n\t\t\t\n\t\t\t\t<div\n\t\t\t\t\tclass=\"b-gallery-item\"\n\t\t\t\t\tdata-watch\n\t\t\t\t\tdata-watch-enter=\"0.65\"\n\t\t\t\t\tdata-watch-class=\"item-on-screen\">\n\t\t\t\t\t<div class=\"image image--with-layer\"><div class=\"layer\" style=\"background-image: url(https:\/\/tribu.co\/wp-content\/uploads\/2019\/05\/1.jpg)\"><\/div><\/div>\n\t\t\t\t<\/div>\n\n\t\t\t\n\t\t<\/div>\n\n\t<\/div>\n<\/section>\n\n<section block class=\"b-text\" data-watch>\n\t<div class=\"container-narrow container--align-center\">\n\t\t<div class=\"b-text-content wysiwyg wysiwyg--text\">\n\t\t\t<h2>L&#8217;exp\u00e9rience<\/h2>\n<p>Nous avons donc cr\u00e9\u00e9 un espace typiquement\u00a0boho-chill\u00a0et invit\u00e9s les festivaliers \u00e0 se rassembler, \u00e0 prendre du Th\u00e9 Vrak (les Festifs) et \u00e0 profiter des spectacles sur des beans bag et chaises color\u00e9es. Les festivaliers pouvaient \u00e9galement profiter de ce lounge pour \u00e9couter quelques vid\u00e9os sign\u00e9s Vrak. Toute l\u2019attention a \u00e9t\u00e9 mis sur la personnalit\u00e9 de Vrak qui est forte, actuelle et rassembleuse.<\/p>\n\n\t\t<\/div>\n\t<\/div>\n<\/section>\n\n<section block class=\"b-slider slider\" data-watch>\n\t<div class=\"container-inset\">\n\n\t\t<div class=\"b-slider-content\">\n\n\t\t\t<div class=\"b-slider-items slider-items\">\n\t\t\t\t\t\t\t\t\t<div class=\"b-slider-item slider-item\">\n\t\t\t\t\t\t<img decoding=\"async\" class=\"image\" src=\"https:\/\/tribu.co\/wp-content\/uploads\/2019\/05\/Sans-titre-3.jpg\">\n\t\t\t\t\t<\/div>\n\t\t\t\t\t\t\t<\/div>\n\n\t\t\t<div class=\"b-slider-prev button-prev slider-prev\">\n\t\t\t\t<svg xmlns=\"http:\/\/www.w3.org\/2000\/svg\" viewBox=\"0 0 936 720\">\n\t\t\t\t\t<path stroke=\"#000\" stroke-width=\"1rem\" fill=\"transparent\" d=\"M417.5 596l-189-189h659v-94H228.9c62.9-62.6 125.5-125.6 188.6-188-22-22-45-44-67-67-100 101-201 202-302 302l302 302c22-22 45-44 67-66z\"\/>\n\t\t\t\t<\/svg>\n\t\t\t<\/div>\n\n\t\t\t<div class=\"b-slider-next button-next slider-next\">\n\t\t\t\t<svg xmlns=\"http:\/\/www.w3.org\/2000\/svg\" viewBox=\"0 0 936 720\">\n\t\t\t\t\t<path stroke=\"#000\" stroke-width=\"1rem\" fill=\"transparent\" d=\"M518.5 124l189 189h-659v94h658.6c-62.9 62.6-125.5 125.6-188.6 188 22 22 45 44 67 67 100-101 201-202 302-302l-302-302c-22 22-45 44-67 66z\"\/>\n\t\t\t\t<\/svg>\n\t\t\t<\/div>\n\n\t\t<\/div>\n\n\t<\/div>\n<\/section>","protected":false},"author":2,"featured_media":1756,"menu_order":175,"template":"","project-service":[35],"project-event":[],"project-location":[64],"class_list":["post-2213","project","type-project","status-publish","has-post-thumbnail","hentry","project-service-experience-de-marque","project-location-canada-fr"],"acf":[],"yoast_head":"<!-- This site is optimized with the Yoast SEO plugin v26.7 - https:\/\/yoast.com\/wordpress\/plugins\/seo\/ -->\n<title>VRAK.TV @ SANTA-TERESA 2018 - Tribu Exp\u00e9rientiel SantaTeresa<\/title>\n<meta name=\"description\" content=\"L\u2019\u00e9quipe de Vrak.TV nous a\u00a0donn\u00e9 comme mandat d\u2019\u00e9laborer une\u00a0strat\u00e9gie d\u2019activation pour leur pr\u00e9sence au\u00a0Festival Santa Teresa\" \/>\n<meta name=\"robots\" content=\"index, follow, max-snippet:-1, max-image-preview:large, max-video-preview:-1\" \/>\n<link rel=\"canonical\" href=\"https:\/\/tribu.co\/fr\/project\/vrak-tv-santa-teresa\/\" \/>\n<meta property=\"og:locale\" content=\"fr_CA\" \/>\n<meta property=\"og:type\" content=\"article\" \/>\n<meta property=\"og:title\" content=\"VRAK.TV @ SANTA-TERESA 2018 - Tribu Exp\u00e9rientiel SantaTeresa\" \/>\n<meta property=\"og:description\" content=\"L\u2019\u00e9quipe de Vrak.TV nous a\u00a0donn\u00e9 comme mandat d\u2019\u00e9laborer une\u00a0strat\u00e9gie d\u2019activation pour leur pr\u00e9sence au\u00a0Festival Santa Teresa\" \/>\n<meta property=\"og:url\" content=\"https:\/\/tribu.co\/fr\/project\/vrak-tv-santa-teresa\/\" \/>\n<meta property=\"og:site_name\" content=\"Tribu Exp\u00e9rientiel\" \/>\n<meta property=\"article:publisher\" content=\"https:\/\/www.facebook.com\/TribuExperientiel\/\" \/>\n<meta property=\"article:modified_time\" content=\"2020-10-28T12:45:16+00:00\" \/>\n<meta property=\"og:image\" content=\"https:\/\/tribu.co\/app\/uploads\/2019\/05\/Sans-titre-3.jpg\" \/>\n\t<meta property=\"og:image:width\" content=\"1000\" \/>\n\t<meta property=\"og:image:height\" content=\"600\" \/>\n\t<meta property=\"og:image:type\" content=\"image\/jpeg\" \/>\n<meta name=\"twitter:card\" content=\"summary_large_image\" \/>\n<meta name=\"twitter:site\" content=\"@tribu_exp\" \/>\n<script type=\"application\/ld+json\" class=\"yoast-schema-graph\">{\"@context\":\"https:\/\/schema.org\",\"@graph\":[{\"@type\":\"WebPage\",\"@id\":\"https:\/\/tribu.co\/fr\/project\/vrak-tv-santa-teresa\/\",\"url\":\"https:\/\/tribu.co\/fr\/project\/vrak-tv-santa-teresa\/\",\"name\":\"VRAK.TV @ SANTA-TERESA 2018 - Tribu Exp\u00e9rientiel SantaTeresa\",\"isPartOf\":{\"@id\":\"https:\/\/tribu.co\/#website\"},\"primaryImageOfPage\":{\"@id\":\"https:\/\/tribu.co\/fr\/project\/vrak-tv-santa-teresa\/#primaryimage\"},\"image\":{\"@id\":\"https:\/\/tribu.co\/fr\/project\/vrak-tv-santa-teresa\/#primaryimage\"},\"thumbnailUrl\":\"https:\/\/tribu.co\/wp-content\/uploads\/2019\/05\/Sans-titre-3.jpg\",\"datePublished\":\"2019-05-31T21:06:17+00:00\",\"dateModified\":\"2020-10-28T12:45:16+00:00\",\"description\":\"L\u2019\u00e9quipe de Vrak.TV nous a\u00a0donn\u00e9 comme mandat d\u2019\u00e9laborer une\u00a0strat\u00e9gie d\u2019activation pour leur pr\u00e9sence au\u00a0Festival Santa Teresa\",\"breadcrumb\":{\"@id\":\"https:\/\/tribu.co\/fr\/project\/vrak-tv-santa-teresa\/#breadcrumb\"},\"inLanguage\":\"fr-CA\",\"potentialAction\":[{\"@type\":\"ReadAction\",\"target\":[\"https:\/\/tribu.co\/fr\/project\/vrak-tv-santa-teresa\/\"]}]},{\"@type\":\"ImageObject\",\"inLanguage\":\"fr-CA\",\"@id\":\"https:\/\/tribu.co\/fr\/project\/vrak-tv-santa-teresa\/#primaryimage\",\"url\":\"https:\/\/tribu.co\/wp-content\/uploads\/2019\/05\/Sans-titre-3.jpg\",\"contentUrl\":\"https:\/\/tribu.co\/wp-content\/uploads\/2019\/05\/Sans-titre-3.jpg\",\"width\":1000,\"height\":600,\"caption\":\"VRAK.TV @ SANTA-TERESA 2018\"},{\"@type\":\"BreadcrumbList\",\"@id\":\"https:\/\/tribu.co\/fr\/project\/vrak-tv-santa-teresa\/#breadcrumb\",\"itemListElement\":[{\"@type\":\"ListItem\",\"position\":1,\"name\":\"Home\",\"item\":\"https:\/\/tribu.co\/fr\/accueil\/\"},{\"@type\":\"ListItem\",\"position\":2,\"name\":\"VRAK.TV @ SANTA-TERESA 2018\"}]},{\"@type\":\"WebSite\",\"@id\":\"https:\/\/tribu.co\/#website\",\"url\":\"https:\/\/tribu.co\/\",\"name\":\"Tribu\",\"description\":\"Integrated experiences\",\"publisher\":{\"@id\":\"https:\/\/tribu.co\/#organization\"},\"potentialAction\":[{\"@type\":\"SearchAction\",\"target\":{\"@type\":\"EntryPoint\",\"urlTemplate\":\"https:\/\/tribu.co\/?s={search_term_string}\"},\"query-input\":{\"@type\":\"PropertyValueSpecification\",\"valueRequired\":true,\"valueName\":\"search_term_string\"}}],\"inLanguage\":\"fr-CA\"},{\"@type\":\"Organization\",\"@id\":\"https:\/\/tribu.co\/#organization\",\"name\":\"Tribu\",\"url\":\"https:\/\/tribu.co\/\",\"logo\":{\"@type\":\"ImageObject\",\"inLanguage\":\"fr-CA\",\"@id\":\"https:\/\/tribu.co\/#\/schema\/logo\/image\/\",\"url\":\"https:\/\/tribu.co\/app\/uploads\/2020\/03\/Tribu-Header.png\",\"contentUrl\":\"https:\/\/tribu.co\/app\/uploads\/2020\/03\/Tribu-Header.png\",\"width\":2500,\"height\":1398,\"caption\":\"Tribu\"},\"image\":{\"@id\":\"https:\/\/tribu.co\/#\/schema\/logo\/image\/\"},\"sameAs\":[\"https:\/\/www.facebook.com\/TribuExperientiel\/\",\"https:\/\/x.com\/tribu_exp\",\"https:\/\/www.instagram.com\/tribuexperientiel\/\",\"https:\/\/www.linkedin.com\/tribuexperientiel\/\"]}]}<\/script>\n<!-- \/ Yoast SEO plugin. -->","yoast_head_json":{"title":"VRAK.TV @ SANTA-TERESA 2018 - Tribu Exp\u00e9rientiel SantaTeresa","description":"L\u2019\u00e9quipe de Vrak.TV nous a\u00a0donn\u00e9 comme mandat d\u2019\u00e9laborer une\u00a0strat\u00e9gie d\u2019activation pour leur pr\u00e9sence au\u00a0Festival Santa Teresa","robots":{"index":"index","follow":"follow","max-snippet":"max-snippet:-1","max-image-preview":"max-image-preview:large","max-video-preview":"max-video-preview:-1"},"canonical":"https:\/\/tribu.co\/fr\/project\/vrak-tv-santa-teresa\/","og_locale":"fr_CA","og_type":"article","og_title":"VRAK.TV @ SANTA-TERESA 2018 - Tribu Exp\u00e9rientiel SantaTeresa","og_description":"L\u2019\u00e9quipe de Vrak.TV nous a\u00a0donn\u00e9 comme mandat d\u2019\u00e9laborer une\u00a0strat\u00e9gie d\u2019activation pour leur pr\u00e9sence au\u00a0Festival Santa Teresa","og_url":"https:\/\/tribu.co\/fr\/project\/vrak-tv-santa-teresa\/","og_site_name":"Tribu Exp\u00e9rientiel","article_publisher":"https:\/\/www.facebook.com\/TribuExperientiel\/","article_modified_time":"2020-10-28T12:45:16+00:00","og_image":[{"width":1000,"height":600,"url":"https:\/\/tribu.co\/app\/uploads\/2019\/05\/Sans-titre-3.jpg","type":"image\/jpeg"}],"twitter_card":"summary_large_image","twitter_site":"@tribu_exp","schema":{"@context":"https:\/\/schema.org","@graph":[{"@type":"WebPage","@id":"https:\/\/tribu.co\/fr\/project\/vrak-tv-santa-teresa\/","url":"https:\/\/tribu.co\/fr\/project\/vrak-tv-santa-teresa\/","name":"VRAK.TV @ SANTA-TERESA 2018 - Tribu Exp\u00e9rientiel SantaTeresa","isPartOf":{"@id":"https:\/\/tribu.co\/#website"},"primaryImageOfPage":{"@id":"https:\/\/tribu.co\/fr\/project\/vrak-tv-santa-teresa\/#primaryimage"},"image":{"@id":"https:\/\/tribu.co\/fr\/project\/vrak-tv-santa-teresa\/#primaryimage"},"thumbnailUrl":"https:\/\/tribu.co\/wp-content\/uploads\/2019\/05\/Sans-titre-3.jpg","datePublished":"2019-05-31T21:06:17+00:00","dateModified":"2020-10-28T12:45:16+00:00","description":"L\u2019\u00e9quipe de Vrak.TV nous a\u00a0donn\u00e9 comme mandat d\u2019\u00e9laborer une\u00a0strat\u00e9gie d\u2019activation pour leur pr\u00e9sence au\u00a0Festival Santa Teresa","breadcrumb":{"@id":"https:\/\/tribu.co\/fr\/project\/vrak-tv-santa-teresa\/#breadcrumb"},"inLanguage":"fr-CA","potentialAction":[{"@type":"ReadAction","target":["https:\/\/tribu.co\/fr\/project\/vrak-tv-santa-teresa\/"]}]},{"@type":"ImageObject","inLanguage":"fr-CA","@id":"https:\/\/tribu.co\/fr\/project\/vrak-tv-santa-teresa\/#primaryimage","url":"https:\/\/tribu.co\/wp-content\/uploads\/2019\/05\/Sans-titre-3.jpg","contentUrl":"https:\/\/tribu.co\/wp-content\/uploads\/2019\/05\/Sans-titre-3.jpg","width":1000,"height":600,"caption":"VRAK.TV @ SANTA-TERESA 2018"},{"@type":"BreadcrumbList","@id":"https:\/\/tribu.co\/fr\/project\/vrak-tv-santa-teresa\/#breadcrumb","itemListElement":[{"@type":"ListItem","position":1,"name":"Home","item":"https:\/\/tribu.co\/fr\/accueil\/"},{"@type":"ListItem","position":2,"name":"VRAK.TV @ SANTA-TERESA 2018"}]},{"@type":"WebSite","@id":"https:\/\/tribu.co\/#website","url":"https:\/\/tribu.co\/","name":"Tribu","description":"Integrated experiences","publisher":{"@id":"https:\/\/tribu.co\/#organization"},"potentialAction":[{"@type":"SearchAction","target":{"@type":"EntryPoint","urlTemplate":"https:\/\/tribu.co\/?s={search_term_string}"},"query-input":{"@type":"PropertyValueSpecification","valueRequired":true,"valueName":"search_term_string"}}],"inLanguage":"fr-CA"},{"@type":"Organization","@id":"https:\/\/tribu.co\/#organization","name":"Tribu","url":"https:\/\/tribu.co\/","logo":{"@type":"ImageObject","inLanguage":"fr-CA","@id":"https:\/\/tribu.co\/#\/schema\/logo\/image\/","url":"https:\/\/tribu.co\/app\/uploads\/2020\/03\/Tribu-Header.png","contentUrl":"https:\/\/tribu.co\/app\/uploads\/2020\/03\/Tribu-Header.png","width":2500,"height":1398,"caption":"Tribu"},"image":{"@id":"https:\/\/tribu.co\/#\/schema\/logo\/image\/"},"sameAs":["https:\/\/www.facebook.com\/TribuExperientiel\/","https:\/\/x.com\/tribu_exp","https:\/\/www.instagram.com\/tribuexperientiel\/","https:\/\/www.linkedin.com\/tribuexperientiel\/"]}]}},"_links":{"self":[{"href":"https:\/\/tribu.co\/fr\/wp-json\/wp\/v2\/project\/2213","targetHints":{"allow":["GET"]}}],"collection":[{"href":"https:\/\/tribu.co\/fr\/wp-json\/wp\/v2\/project"}],"about":[{"href":"https:\/\/tribu.co\/fr\/wp-json\/wp\/v2\/types\/project"}],"author":[{"embeddable":true,"href":"https:\/\/tribu.co\/fr\/wp-json\/wp\/v2\/users\/2"}],"wp:featuredmedia":[{"embeddable":true,"href":"https:\/\/tribu.co\/fr\/wp-json\/wp\/v2\/media\/1756"}],"wp:attachment":[{"href":"https:\/\/tribu.co\/fr\/wp-json\/wp\/v2\/media?parent=2213"}],"wp:term":[{"taxonomy":"project-service","embeddable":true,"href":"https:\/\/tribu.co\/fr\/wp-json\/wp\/v2\/project-service?post=2213"},{"taxonomy":"project-event","embeddable":true,"href":"https:\/\/tribu.co\/fr\/wp-json\/wp\/v2\/project-event?post=2213"},{"taxonomy":"project-location","embeddable":true,"href":"https:\/\/tribu.co\/fr\/wp-json\/wp\/v2\/project-location?post=2213"}],"curies":[{"name":"wp","href":"https:\/\/api.w.org\/{rel}","templated":true}]}}