{"id":3312,"date":"2019-10-16T12:31:33","date_gmt":"2019-10-16T17:31:33","guid":{"rendered":"https:\/\/tribu.co\/?post_type=project&#038;p=3312"},"modified":"2020-10-28T07:44:38","modified_gmt":"2020-10-28T12:44:38","slug":"danone-journee-mondiale-de-lalimentation","status":"publish","type":"project","link":"https:\/\/tribu.co\/fr\/project\/danone-journee-mondiale-de-lalimentation\/","title":{"rendered":"Danone : Journ\u00e9e mondiale de l&#8217;alimentation 2019"},"content":{"rendered":"<section block class=\"b-text\" data-watch>\n\t<div class=\"container-narrow container--align-center\">\n\t\t<div class=\"b-text-content wysiwyg wysiwyg--text\">\n\t\t\t<h2>Le projet<\/h2>\n<p>L\u2019offre alimentaire est de plus en plus diversifi\u00e9e et les sollicitations sont nombreuses, pourtant, au Canada, trop nombreux sont ceux pour qui l&#8217;acc\u00e8s \u00e0 la nourriture est encore un luxe. \u00c0 l\u2019occasion de la journ\u00e9e mondiale de l\u2019alimentation, <a href=\"https:\/\/www.danone.ca\/fr\/notre-entreprise\/\">Danone<\/a> utilise sa voix pour sensibiliser, et rappeler que le pouvoir de changer r\u00e9side en chacun de nous.<\/p>\n<p>Objectif : Cr\u00e9er une vid\u00e9o impactante qui sera diffus\u00e9e sur les r\u00e9seaux sociaux, pour communiquer les valeurs de Danone, partenaire fondateur du <a href=\"https:\/\/www.breakfastclubcanada.org\/fr\/\">Club des petits d\u00e9jeuners<\/a>, et engag\u00e9 depuis 20 ans dans la mission, afin qu&#8217;aucun enfant ne se rende \u00e0 l&#8217;\u00e9cole le ventre vide.<\/p>\n\n\t\t<\/div>\n\t<\/div>\n<\/section>\n\n<section block class=\"b-video\" data-watch>\n\t<div class=\"container-inset\">\n\t\t<div class=\"b-video-frame wysiwyg wysiwyg--text\">\n\n\t\t\t\t\t\t\t<div class=\"b-video-player video-player--vimeo\">\n\t\t\t\t\t<iframe loading=\"lazy\" src=\"https:\/\/player.vimeo.com\/video\/366789113\" width=\"640\" height=\"480\" frameborder=\"0\" allow=\"autoplay; fullscreen\" allowfullscreen><\/iframe>\n\t\t\t\t<\/div>\n\t\t\t\n\t\t\t\n\t\t<\/div>\n\t<\/div>\n<\/section>\n\n<section block class=\"b-text\" data-watch>\n\t<div class=\"container-narrow container--align-center\">\n\t\t<div class=\"b-text-content wysiwyg wysiwyg--text\">\n\t\t\t<h2>Le concept<\/h2>\n<p><strong>INSTAGRAM VS R\u00c9ALIT\u00c9<\/strong><\/p>\n<p>\u00c0 une \u00e9poque o\u00f9 les r\u00e9seaux sociaux et les images \u201cinstagrammables\u201d de nourriture font partie int\u00e9grante de notre quotidien, il est important de ne pas oublier que l\u2019acc\u00e8s \u00e0 la nourriture n\u2019est pas une \u00e9vidence pour tout le monde. Une courte vid\u00e9o qui fait le contraste entre l\u2019impression d\u2019abondance et la r\u00e9alit\u00e9 de nombreux canadiens, apprenez-en plus sur cette r\u00e9alit\u00e9 gr\u00e2ce \u00e0 <a href=\"https:\/\/www.grenier.qc.ca\/nouvelles\/19462\/danone-canada-sassocie-a-la-journee-mondiale-de-lalimentation\">cet article du Grenier<\/a>.<\/p>\n<p>Vous aussi vous voulez faire une diff\u00e9rence dans la vie des jeunes Canadiens ?<br \/>\nJoignez-vous \u00e0 Danone et au Club des petits d\u00e9jeuners en cliquant <a href=\"https:\/\/www.breakfastclubcanada.org\/fr\">ici\u00a0<\/a><\/p>\n<p>&nbsp;<\/p>\n<p>&nbsp;<\/p>\n\n\t\t<\/div>\n\t<\/div>\n<\/section>","protected":false},"author":2,"featured_media":3313,"menu_order":9,"template":"","project-service":[72],"project-event":[],"project-location":[64],"class_list":["post-3312","project","type-project","status-publish","has-post-thumbnail","hentry","project-service-contenu","project-location-canada-fr"],"acf":[],"yoast_head":"<!-- This site is optimized with the Yoast SEO plugin v26.7 - https:\/\/yoast.com\/wordpress\/plugins\/seo\/ -->\n<title>Danone : Journ\u00e9e mondiale de l&#039;alimentation 2019 - Tribu Exp\u00e9rientiel<\/title>\n<meta name=\"description\" content=\"Danone utilise sa voix pour sensibiliser, et rappeler que le pouvoir de changer r\u00e9side en chacun de nous pour l&#039;acc\u00e8s a la nourriture.\" \/>\n<meta name=\"robots\" content=\"index, follow, max-snippet:-1, max-image-preview:large, max-video-preview:-1\" \/>\n<link rel=\"canonical\" href=\"https:\/\/tribu.co\/fr\/project\/danone-journee-mondiale-de-lalimentation\/\" \/>\n<meta property=\"og:locale\" content=\"fr_CA\" \/>\n<meta property=\"og:type\" content=\"article\" \/>\n<meta property=\"og:title\" content=\"Danone : Journ\u00e9e mondiale de l&#039;alimentation 2019 - Tribu Exp\u00e9rientiel\" \/>\n<meta property=\"og:description\" content=\"Danone utilise sa voix pour sensibiliser, et rappeler que le pouvoir de changer r\u00e9side en chacun de nous pour l&#039;acc\u00e8s a la nourriture.\" \/>\n<meta property=\"og:url\" content=\"https:\/\/tribu.co\/fr\/project\/danone-journee-mondiale-de-lalimentation\/\" \/>\n<meta property=\"og:site_name\" content=\"Tribu Exp\u00e9rientiel\" \/>\n<meta property=\"article:publisher\" content=\"https:\/\/www.facebook.com\/TribuExperientiel\/\" \/>\n<meta property=\"article:modified_time\" content=\"2020-10-28T12:44:38+00:00\" \/>\n<meta property=\"og:image\" content=\"https:\/\/tribu.co\/app\/uploads\/2019\/10\/Capture-d\u2019e\u0301cran-le-2019-10-16-a\u0300-13.26.36.png\" \/>\n\t<meta property=\"og:image:width\" content=\"1249\" \/>\n\t<meta property=\"og:image:height\" content=\"688\" \/>\n\t<meta property=\"og:image:type\" content=\"image\/png\" \/>\n<meta name=\"twitter:card\" content=\"summary_large_image\" \/>\n<meta name=\"twitter:site\" content=\"@tribu_exp\" \/>\n<script type=\"application\/ld+json\" class=\"yoast-schema-graph\">{\"@context\":\"https:\/\/schema.org\",\"@graph\":[{\"@type\":\"WebPage\",\"@id\":\"https:\/\/tribu.co\/fr\/project\/danone-journee-mondiale-de-lalimentation\/\",\"url\":\"https:\/\/tribu.co\/fr\/project\/danone-journee-mondiale-de-lalimentation\/\",\"name\":\"Danone : Journ\u00e9e mondiale de l'alimentation 2019 - Tribu Exp\u00e9rientiel\",\"isPartOf\":{\"@id\":\"https:\/\/tribu.co\/#website\"},\"primaryImageOfPage\":{\"@id\":\"https:\/\/tribu.co\/fr\/project\/danone-journee-mondiale-de-lalimentation\/#primaryimage\"},\"image\":{\"@id\":\"https:\/\/tribu.co\/fr\/project\/danone-journee-mondiale-de-lalimentation\/#primaryimage\"},\"thumbnailUrl\":\"https:\/\/tribu.co\/wp-content\/uploads\/2019\/10\/Capture-d\u2019e\u0301cran-le-2019-10-16-a\u0300-13.26.36.png\",\"datePublished\":\"2019-10-16T17:31:33+00:00\",\"dateModified\":\"2020-10-28T12:44:38+00:00\",\"description\":\"Danone utilise sa voix pour sensibiliser, et rappeler que le pouvoir de changer r\u00e9side en chacun de nous pour l'acc\u00e8s a la nourriture.\",\"breadcrumb\":{\"@id\":\"https:\/\/tribu.co\/fr\/project\/danone-journee-mondiale-de-lalimentation\/#breadcrumb\"},\"inLanguage\":\"fr-CA\",\"potentialAction\":[{\"@type\":\"ReadAction\",\"target\":[\"https:\/\/tribu.co\/fr\/project\/danone-journee-mondiale-de-lalimentation\/\"]}]},{\"@type\":\"ImageObject\",\"inLanguage\":\"fr-CA\",\"@id\":\"https:\/\/tribu.co\/fr\/project\/danone-journee-mondiale-de-lalimentation\/#primaryimage\",\"url\":\"https:\/\/tribu.co\/wp-content\/uploads\/2019\/10\/Capture-d\u2019e\u0301cran-le-2019-10-16-a\u0300-13.26.36.png\",\"contentUrl\":\"https:\/\/tribu.co\/wp-content\/uploads\/2019\/10\/Capture-d\u2019e\u0301cran-le-2019-10-16-a\u0300-13.26.36.png\",\"width\":1249,\"height\":688},{\"@type\":\"BreadcrumbList\",\"@id\":\"https:\/\/tribu.co\/fr\/project\/danone-journee-mondiale-de-lalimentation\/#breadcrumb\",\"itemListElement\":[{\"@type\":\"ListItem\",\"position\":1,\"name\":\"Home\",\"item\":\"https:\/\/tribu.co\/fr\/accueil\/\"},{\"@type\":\"ListItem\",\"position\":2,\"name\":\"Danone : Journ\u00e9e mondiale de l&rsquo;alimentation 2019\"}]},{\"@type\":\"WebSite\",\"@id\":\"https:\/\/tribu.co\/#website\",\"url\":\"https:\/\/tribu.co\/\",\"name\":\"Tribu\",\"description\":\"Integrated experiences\",\"publisher\":{\"@id\":\"https:\/\/tribu.co\/#organization\"},\"potentialAction\":[{\"@type\":\"SearchAction\",\"target\":{\"@type\":\"EntryPoint\",\"urlTemplate\":\"https:\/\/tribu.co\/?s={search_term_string}\"},\"query-input\":{\"@type\":\"PropertyValueSpecification\",\"valueRequired\":true,\"valueName\":\"search_term_string\"}}],\"inLanguage\":\"fr-CA\"},{\"@type\":\"Organization\",\"@id\":\"https:\/\/tribu.co\/#organization\",\"name\":\"Tribu\",\"url\":\"https:\/\/tribu.co\/\",\"logo\":{\"@type\":\"ImageObject\",\"inLanguage\":\"fr-CA\",\"@id\":\"https:\/\/tribu.co\/#\/schema\/logo\/image\/\",\"url\":\"https:\/\/tribu.co\/app\/uploads\/2020\/03\/Tribu-Header.png\",\"contentUrl\":\"https:\/\/tribu.co\/app\/uploads\/2020\/03\/Tribu-Header.png\",\"width\":2500,\"height\":1398,\"caption\":\"Tribu\"},\"image\":{\"@id\":\"https:\/\/tribu.co\/#\/schema\/logo\/image\/\"},\"sameAs\":[\"https:\/\/www.facebook.com\/TribuExperientiel\/\",\"https:\/\/x.com\/tribu_exp\",\"https:\/\/www.instagram.com\/tribuexperientiel\/\",\"https:\/\/www.linkedin.com\/tribuexperientiel\/\"]}]}<\/script>\n<!-- \/ Yoast SEO plugin. -->","yoast_head_json":{"title":"Danone : Journ\u00e9e mondiale de l'alimentation 2019 - Tribu Exp\u00e9rientiel","description":"Danone utilise sa voix pour sensibiliser, et rappeler que le pouvoir de changer r\u00e9side en chacun de nous pour l'acc\u00e8s a la nourriture.","robots":{"index":"index","follow":"follow","max-snippet":"max-snippet:-1","max-image-preview":"max-image-preview:large","max-video-preview":"max-video-preview:-1"},"canonical":"https:\/\/tribu.co\/fr\/project\/danone-journee-mondiale-de-lalimentation\/","og_locale":"fr_CA","og_type":"article","og_title":"Danone : Journ\u00e9e mondiale de l'alimentation 2019 - Tribu Exp\u00e9rientiel","og_description":"Danone utilise sa voix pour sensibiliser, et rappeler que le pouvoir de changer r\u00e9side en chacun de nous pour l'acc\u00e8s a la nourriture.","og_url":"https:\/\/tribu.co\/fr\/project\/danone-journee-mondiale-de-lalimentation\/","og_site_name":"Tribu Exp\u00e9rientiel","article_publisher":"https:\/\/www.facebook.com\/TribuExperientiel\/","article_modified_time":"2020-10-28T12:44:38+00:00","og_image":[{"width":1249,"height":688,"url":"https:\/\/tribu.co\/app\/uploads\/2019\/10\/Capture-d\u2019e\u0301cran-le-2019-10-16-a\u0300-13.26.36.png","type":"image\/png"}],"twitter_card":"summary_large_image","twitter_site":"@tribu_exp","schema":{"@context":"https:\/\/schema.org","@graph":[{"@type":"WebPage","@id":"https:\/\/tribu.co\/fr\/project\/danone-journee-mondiale-de-lalimentation\/","url":"https:\/\/tribu.co\/fr\/project\/danone-journee-mondiale-de-lalimentation\/","name":"Danone : Journ\u00e9e mondiale de l'alimentation 2019 - Tribu Exp\u00e9rientiel","isPartOf":{"@id":"https:\/\/tribu.co\/#website"},"primaryImageOfPage":{"@id":"https:\/\/tribu.co\/fr\/project\/danone-journee-mondiale-de-lalimentation\/#primaryimage"},"image":{"@id":"https:\/\/tribu.co\/fr\/project\/danone-journee-mondiale-de-lalimentation\/#primaryimage"},"thumbnailUrl":"https:\/\/tribu.co\/wp-content\/uploads\/2019\/10\/Capture-d\u2019e\u0301cran-le-2019-10-16-a\u0300-13.26.36.png","datePublished":"2019-10-16T17:31:33+00:00","dateModified":"2020-10-28T12:44:38+00:00","description":"Danone utilise sa voix pour sensibiliser, et rappeler que le pouvoir de changer r\u00e9side en chacun de nous pour l'acc\u00e8s a la nourriture.","breadcrumb":{"@id":"https:\/\/tribu.co\/fr\/project\/danone-journee-mondiale-de-lalimentation\/#breadcrumb"},"inLanguage":"fr-CA","potentialAction":[{"@type":"ReadAction","target":["https:\/\/tribu.co\/fr\/project\/danone-journee-mondiale-de-lalimentation\/"]}]},{"@type":"ImageObject","inLanguage":"fr-CA","@id":"https:\/\/tribu.co\/fr\/project\/danone-journee-mondiale-de-lalimentation\/#primaryimage","url":"https:\/\/tribu.co\/wp-content\/uploads\/2019\/10\/Capture-d\u2019e\u0301cran-le-2019-10-16-a\u0300-13.26.36.png","contentUrl":"https:\/\/tribu.co\/wp-content\/uploads\/2019\/10\/Capture-d\u2019e\u0301cran-le-2019-10-16-a\u0300-13.26.36.png","width":1249,"height":688},{"@type":"BreadcrumbList","@id":"https:\/\/tribu.co\/fr\/project\/danone-journee-mondiale-de-lalimentation\/#breadcrumb","itemListElement":[{"@type":"ListItem","position":1,"name":"Home","item":"https:\/\/tribu.co\/fr\/accueil\/"},{"@type":"ListItem","position":2,"name":"Danone : Journ\u00e9e mondiale de l&rsquo;alimentation 2019"}]},{"@type":"WebSite","@id":"https:\/\/tribu.co\/#website","url":"https:\/\/tribu.co\/","name":"Tribu","description":"Integrated experiences","publisher":{"@id":"https:\/\/tribu.co\/#organization"},"potentialAction":[{"@type":"SearchAction","target":{"@type":"EntryPoint","urlTemplate":"https:\/\/tribu.co\/?s={search_term_string}"},"query-input":{"@type":"PropertyValueSpecification","valueRequired":true,"valueName":"search_term_string"}}],"inLanguage":"fr-CA"},{"@type":"Organization","@id":"https:\/\/tribu.co\/#organization","name":"Tribu","url":"https:\/\/tribu.co\/","logo":{"@type":"ImageObject","inLanguage":"fr-CA","@id":"https:\/\/tribu.co\/#\/schema\/logo\/image\/","url":"https:\/\/tribu.co\/app\/uploads\/2020\/03\/Tribu-Header.png","contentUrl":"https:\/\/tribu.co\/app\/uploads\/2020\/03\/Tribu-Header.png","width":2500,"height":1398,"caption":"Tribu"},"image":{"@id":"https:\/\/tribu.co\/#\/schema\/logo\/image\/"},"sameAs":["https:\/\/www.facebook.com\/TribuExperientiel\/","https:\/\/x.com\/tribu_exp","https:\/\/www.instagram.com\/tribuexperientiel\/","https:\/\/www.linkedin.com\/tribuexperientiel\/"]}]}},"_links":{"self":[{"href":"https:\/\/tribu.co\/fr\/wp-json\/wp\/v2\/project\/3312","targetHints":{"allow":["GET"]}}],"collection":[{"href":"https:\/\/tribu.co\/fr\/wp-json\/wp\/v2\/project"}],"about":[{"href":"https:\/\/tribu.co\/fr\/wp-json\/wp\/v2\/types\/project"}],"author":[{"embeddable":true,"href":"https:\/\/tribu.co\/fr\/wp-json\/wp\/v2\/users\/2"}],"wp:featuredmedia":[{"embeddable":true,"href":"https:\/\/tribu.co\/fr\/wp-json\/wp\/v2\/media\/3313"}],"wp:attachment":[{"href":"https:\/\/tribu.co\/fr\/wp-json\/wp\/v2\/media?parent=3312"}],"wp:term":[{"taxonomy":"project-service","embeddable":true,"href":"https:\/\/tribu.co\/fr\/wp-json\/wp\/v2\/project-service?post=3312"},{"taxonomy":"project-event","embeddable":true,"href":"https:\/\/tribu.co\/fr\/wp-json\/wp\/v2\/project-event?post=3312"},{"taxonomy":"project-location","embeddable":true,"href":"https:\/\/tribu.co\/fr\/wp-json\/wp\/v2\/project-location?post=3312"}],"curies":[{"name":"wp","href":"https:\/\/api.w.org\/{rel}","templated":true}]}}