{"id":6334,"date":"2020-03-01T10:34:12","date_gmt":"2020-03-01T15:34:12","guid":{"rendered":"https:\/\/tribu.co\/?post_type=project&#038;p=6334"},"modified":"2021-01-11T11:24:18","modified_gmt":"2021-01-11T16:24:18","slug":"republique-dominicaine-2020","status":"publish","type":"project","link":"https:\/\/tribu.co\/fr\/project\/republique-dominicaine-2020\/","title":{"rendered":"R\u00e9publique Dominicaine 2020"},"content":{"rendered":"<section block class=\"b-text\" data-watch>\n\t<div class=\"container-narrow container--align-center\">\n\t\t<div class=\"b-text-content wysiwyg wysiwyg--text\">\n\t\t\t<h2 style=\"text-align: center;\">Le Projet<\/h2>\n<p style=\"text-align: center;\">En 2020 Tribu a particip\u00e9 \u00e0 l\u2019\u00e9laboration d\u2019un \u00e9v\u00e9nement en partenariat avec <a href=\"https:\/\/www.godominicanrepublic.com\/fr\/\">Tourisme R\u00e9publique Dominicaine <\/a>dont l&#8217;objectif \u00e9tait d&#8217;augmenter la notori\u00e9t\u00e9 de cette magnifique destination aupr\u00e8s du public Canadien gr\u00e2ce \u00e0 une micro experience sur mesure d\u00e9ploy\u00e9e lors du populaire festival <a href=\"https:\/\/igloofest.ca\/\">Igloofest de Montr\u00e9al<\/a>.<\/p>\n\n\t\t<\/div>\n\t<\/div>\n<\/section>\n\n<section block class=\"b-video\" data-watch>\n\t<div class=\"container-inset\">\n\t\t<div class=\"b-video-frame wysiwyg wysiwyg--text\">\n\n\t\t\t\t\t\t\t<div class=\"b-video-player video-player--vimeo\">\n\t\t\t\t\t<iframe loading=\"lazy\" src=\"https:\/\/player.vimeo.com\/video\/439011144\" width=\"640\" height=\"480\" frameborder=\"0\" allow=\"autoplay; fullscreen\" allowfullscreen><\/iframe>\n\t\t\t\t<\/div>\n\t\t\t\n\t\t\t\n\t\t<\/div>\n\t<\/div>\n<\/section>\n\n<section block class=\"b-gallery\" data-watch>\n\t<div class=\"container-inset\">\n\n\t\t<div class=\"b-gallery-items\">\n\n\t\t\t\n\t\t\t\t<div\n\t\t\t\t\tclass=\"b-gallery-item\"\n\t\t\t\t\tdata-watch\n\t\t\t\t\tdata-watch-enter=\"0.65\"\n\t\t\t\t\tdata-watch-class=\"item-on-screen\">\n\t\t\t\t\t<div class=\"image image--with-layer\"><div class=\"layer\" style=\"background-image: url(https:\/\/tribu.co\/wp-content\/uploads\/2020\/10\/DSC9382-1920x0-c-default.jpg)\"><\/div><\/div>\n\t\t\t\t<\/div>\n\n\t\t\t\n\t\t\t\t<div\n\t\t\t\t\tclass=\"b-gallery-item\"\n\t\t\t\t\tdata-watch\n\t\t\t\t\tdata-watch-enter=\"0.65\"\n\t\t\t\t\tdata-watch-class=\"item-on-screen\">\n\t\t\t\t\t<div class=\"image image--with-layer\"><div class=\"layer\" style=\"background-image: url(https:\/\/tribu.co\/wp-content\/uploads\/2020\/10\/DSC8936-1920x0-c-default.jpg)\"><\/div><\/div>\n\t\t\t\t<\/div>\n\n\t\t\t\n\t\t\t\t<div\n\t\t\t\t\tclass=\"b-gallery-item\"\n\t\t\t\t\tdata-watch\n\t\t\t\t\tdata-watch-enter=\"0.65\"\n\t\t\t\t\tdata-watch-class=\"item-on-screen\">\n\t\t\t\t\t<div class=\"image image--with-layer\"><div class=\"layer\" style=\"background-image: url(https:\/\/tribu.co\/wp-content\/uploads\/2020\/10\/DSC9046-e1606749826491-1920x0-c-default.jpg)\"><\/div><\/div>\n\t\t\t\t<\/div>\n\n\t\t\t\n\t\t\t\t<div\n\t\t\t\t\tclass=\"b-gallery-item\"\n\t\t\t\t\tdata-watch\n\t\t\t\t\tdata-watch-enter=\"0.65\"\n\t\t\t\t\tdata-watch-class=\"item-on-screen\">\n\t\t\t\t\t<div class=\"image image--with-layer\"><div class=\"layer\" style=\"background-image: url(https:\/\/tribu.co\/wp-content\/uploads\/2020\/10\/DSC8799-1920x0-c-default.jpg)\"><\/div><\/div>\n\t\t\t\t<\/div>\n\n\t\t\t\n\t\t<\/div>\n\n\t<\/div>\n<\/section>\n\n<section block class=\"b-text\" data-watch>\n\t<div class=\"container-narrow container--align-center\">\n\t\t<div class=\"b-text-content wysiwyg wysiwyg--text\">\n\t\t\t<h2 style=\"text-align: center;\">L\u2019experience<\/h2>\n<p style=\"text-align: center;\">L\u2019activation avait pour but de faire d\u00e9couvrir la R\u00e9publique Dominicaine au travers des 5 sens. Gr\u00e2ce \u00e0 un espace chauff\u00e9 o\u00f9 r\u00e9gnait une ambiance digne de Punta Cana, les festivaliers \u00e9taient invit\u00e9 \u00e0 d\u00e9couvrir la destination exotique. Ils pouvaient ainsi \u00eatre immerg\u00e9s dans un d\u00e9cor exotique, danser sous la musique, go\u00fbter un cocktail \u00e0 base de rhum (l&#8217;alcool national) ou m\u00eame se voir transporter sur place gr\u00e2ce au casque de r\u00e9alit\u00e9 virtuelle.<\/p>\n\n\t\t<\/div>\n\t<\/div>\n<\/section>\n\n<section block class=\"b-slider slider\" data-watch>\n\t<div class=\"container-inset\">\n\n\t\t<div class=\"b-slider-content\">\n\n\t\t\t<div class=\"b-slider-items slider-items\">\n\t\t\t\t\t\t\t\t\t<div class=\"b-slider-item slider-item\">\n\t\t\t\t\t\t<img decoding=\"async\" class=\"image\" src=\"https:\/\/tribu.co\/wp-content\/uploads\/2020\/10\/DSC8914-1920x0-c-default.jpg\">\n\t\t\t\t\t<\/div>\n\t\t\t\t\t\t\t\t\t<div class=\"b-slider-item slider-item\">\n\t\t\t\t\t\t<img decoding=\"async\" class=\"image\" src=\"https:\/\/tribu.co\/wp-content\/uploads\/2020\/10\/DSC8848-1920x0-c-default.jpg\">\n\t\t\t\t\t<\/div>\n\t\t\t\t\t\t\t\t\t<div class=\"b-slider-item slider-item\">\n\t\t\t\t\t\t<img decoding=\"async\" class=\"image\" src=\"https:\/\/tribu.co\/wp-content\/uploads\/2020\/10\/DSC9157-1920x0-c-default.jpg\">\n\t\t\t\t\t<\/div>\n\t\t\t\t\t\t\t\t\t<div class=\"b-slider-item slider-item\">\n\t\t\t\t\t\t<img decoding=\"async\" class=\"image\" src=\"https:\/\/tribu.co\/wp-content\/uploads\/2020\/10\/DSC8953-1920x0-c-default.jpg\">\n\t\t\t\t\t<\/div>\n\t\t\t\t\t\t\t\t\t<div class=\"b-slider-item slider-item\">\n\t\t\t\t\t\t<img decoding=\"async\" class=\"image\" src=\"https:\/\/tribu.co\/wp-content\/uploads\/2020\/10\/DSC9357-1920x0-c-default.jpg\">\n\t\t\t\t\t<\/div>\n\t\t\t\t\t\t\t\t\t<div class=\"b-slider-item slider-item\">\n\t\t\t\t\t\t<img decoding=\"async\" class=\"image\" src=\"https:\/\/tribu.co\/wp-content\/uploads\/2020\/10\/DSC8980-1920x0-c-default.jpg\">\n\t\t\t\t\t<\/div>\n\t\t\t\t\t\t\t\t\t<div class=\"b-slider-item slider-item\">\n\t\t\t\t\t\t<img decoding=\"async\" class=\"image\" src=\"https:\/\/tribu.co\/wp-content\/uploads\/2020\/10\/DSC9528-1920x0-c-default.jpg\">\n\t\t\t\t\t<\/div>\n\t\t\t\t\t\t\t<\/div>\n\n\t\t\t<div class=\"b-slider-prev button-prev slider-prev\">\n\t\t\t\t<svg xmlns=\"http:\/\/www.w3.org\/2000\/svg\" viewBox=\"0 0 936 720\">\n\t\t\t\t\t<path stroke=\"#000\" stroke-width=\"1rem\" fill=\"transparent\" d=\"M417.5 596l-189-189h659v-94H228.9c62.9-62.6 125.5-125.6 188.6-188-22-22-45-44-67-67-100 101-201 202-302 302l302 302c22-22 45-44 67-66z\"\/>\n\t\t\t\t<\/svg>\n\t\t\t<\/div>\n\n\t\t\t<div class=\"b-slider-next button-next slider-next\">\n\t\t\t\t<svg xmlns=\"http:\/\/www.w3.org\/2000\/svg\" viewBox=\"0 0 936 720\">\n\t\t\t\t\t<path stroke=\"#000\" stroke-width=\"1rem\" fill=\"transparent\" d=\"M518.5 124l189 189h-659v94h658.6c-62.9 62.6-125.5 125.6-188.6 188 22 22 45 44 67 67 100-101 201-202 302-302l-302-302c-22 22-45 44-67 66z\"\/>\n\t\t\t\t<\/svg>\n\t\t\t<\/div>\n\n\t\t<\/div>\n\n\t<\/div>\n<\/section>","protected":false},"author":2,"featured_media":6764,"menu_order":19,"template":"","project-service":[35],"project-event":[],"project-location":[64],"class_list":["post-6334","project","type-project","status-publish","has-post-thumbnail","hentry","project-service-experience-de-marque","project-location-canada-fr"],"acf":[],"yoast_head":"<!-- This site is optimized with the Yoast SEO plugin v26.7 - https:\/\/yoast.com\/wordpress\/plugins\/seo\/ -->\n<title>R\u00e9publique Dominicaine 2020 - Tribu Exp\u00e9rientiel<\/title>\n<meta name=\"description\" content=\"En 2020 Tribu a particip\u00e9 \u00e0 l\u2019\u00e9laboration d\u2019un \u00e9v\u00e9nement en partenariat avec Tourisme R\u00e9publique Dominicaine\" \/>\n<meta name=\"robots\" content=\"index, follow, max-snippet:-1, max-image-preview:large, max-video-preview:-1\" \/>\n<link rel=\"canonical\" href=\"https:\/\/tribu.co\/fr\/project\/republique-dominicaine-2020\/\" \/>\n<meta property=\"og:locale\" content=\"fr_CA\" \/>\n<meta property=\"og:type\" content=\"article\" \/>\n<meta property=\"og:title\" content=\"R\u00e9publique Dominicaine 2020 - Tribu Exp\u00e9rientiel\" \/>\n<meta property=\"og:description\" content=\"En 2020 Tribu a particip\u00e9 \u00e0 l\u2019\u00e9laboration d\u2019un \u00e9v\u00e9nement en partenariat avec Tourisme R\u00e9publique Dominicaine\" \/>\n<meta property=\"og:url\" content=\"https:\/\/tribu.co\/fr\/project\/republique-dominicaine-2020\/\" \/>\n<meta property=\"og:site_name\" content=\"Tribu Exp\u00e9rientiel\" \/>\n<meta property=\"article:publisher\" content=\"https:\/\/www.facebook.com\/TribuExperientiel\/\" \/>\n<meta property=\"article:modified_time\" content=\"2021-01-11T16:24:18+00:00\" \/>\n<meta property=\"og:image\" content=\"https:\/\/tribu.co\/app\/uploads\/2020\/10\/DSC9528-1024x731.jpg\" \/>\n\t<meta property=\"og:image:width\" content=\"1024\" \/>\n\t<meta property=\"og:image:height\" content=\"731\" \/>\n\t<meta property=\"og:image:type\" content=\"image\/jpeg\" \/>\n<meta name=\"twitter:card\" content=\"summary_large_image\" \/>\n<meta name=\"twitter:site\" content=\"@tribu_exp\" \/>\n<script type=\"application\/ld+json\" class=\"yoast-schema-graph\">{\"@context\":\"https:\/\/schema.org\",\"@graph\":[{\"@type\":\"WebPage\",\"@id\":\"https:\/\/tribu.co\/fr\/project\/republique-dominicaine-2020\/\",\"url\":\"https:\/\/tribu.co\/fr\/project\/republique-dominicaine-2020\/\",\"name\":\"R\u00e9publique Dominicaine 2020 - Tribu Exp\u00e9rientiel\",\"isPartOf\":{\"@id\":\"https:\/\/tribu.co\/#website\"},\"primaryImageOfPage\":{\"@id\":\"https:\/\/tribu.co\/fr\/project\/republique-dominicaine-2020\/#primaryimage\"},\"image\":{\"@id\":\"https:\/\/tribu.co\/fr\/project\/republique-dominicaine-2020\/#primaryimage\"},\"thumbnailUrl\":\"https:\/\/tribu.co\/wp-content\/uploads\/2020\/10\/DSC9528.jpg\",\"datePublished\":\"2020-03-01T15:34:12+00:00\",\"dateModified\":\"2021-01-11T16:24:18+00:00\",\"description\":\"En 2020 Tribu a particip\u00e9 \u00e0 l\u2019\u00e9laboration d\u2019un \u00e9v\u00e9nement en partenariat avec Tourisme R\u00e9publique Dominicaine\",\"breadcrumb\":{\"@id\":\"https:\/\/tribu.co\/fr\/project\/republique-dominicaine-2020\/#breadcrumb\"},\"inLanguage\":\"fr-CA\",\"potentialAction\":[{\"@type\":\"ReadAction\",\"target\":[\"https:\/\/tribu.co\/fr\/project\/republique-dominicaine-2020\/\"]}]},{\"@type\":\"ImageObject\",\"inLanguage\":\"fr-CA\",\"@id\":\"https:\/\/tribu.co\/fr\/project\/republique-dominicaine-2020\/#primaryimage\",\"url\":\"https:\/\/tribu.co\/wp-content\/uploads\/2020\/10\/DSC9528.jpg\",\"contentUrl\":\"https:\/\/tribu.co\/wp-content\/uploads\/2020\/10\/DSC9528.jpg\",\"width\":4200,\"height\":3000},{\"@type\":\"BreadcrumbList\",\"@id\":\"https:\/\/tribu.co\/fr\/project\/republique-dominicaine-2020\/#breadcrumb\",\"itemListElement\":[{\"@type\":\"ListItem\",\"position\":1,\"name\":\"Home\",\"item\":\"https:\/\/tribu.co\/fr\/accueil\/\"},{\"@type\":\"ListItem\",\"position\":2,\"name\":\"R\u00e9publique Dominicaine 2020\"}]},{\"@type\":\"WebSite\",\"@id\":\"https:\/\/tribu.co\/#website\",\"url\":\"https:\/\/tribu.co\/\",\"name\":\"Tribu\",\"description\":\"Integrated experiences\",\"publisher\":{\"@id\":\"https:\/\/tribu.co\/#organization\"},\"potentialAction\":[{\"@type\":\"SearchAction\",\"target\":{\"@type\":\"EntryPoint\",\"urlTemplate\":\"https:\/\/tribu.co\/?s={search_term_string}\"},\"query-input\":{\"@type\":\"PropertyValueSpecification\",\"valueRequired\":true,\"valueName\":\"search_term_string\"}}],\"inLanguage\":\"fr-CA\"},{\"@type\":\"Organization\",\"@id\":\"https:\/\/tribu.co\/#organization\",\"name\":\"Tribu\",\"url\":\"https:\/\/tribu.co\/\",\"logo\":{\"@type\":\"ImageObject\",\"inLanguage\":\"fr-CA\",\"@id\":\"https:\/\/tribu.co\/#\/schema\/logo\/image\/\",\"url\":\"https:\/\/tribu.co\/app\/uploads\/2020\/03\/Tribu-Header.png\",\"contentUrl\":\"https:\/\/tribu.co\/app\/uploads\/2020\/03\/Tribu-Header.png\",\"width\":2500,\"height\":1398,\"caption\":\"Tribu\"},\"image\":{\"@id\":\"https:\/\/tribu.co\/#\/schema\/logo\/image\/\"},\"sameAs\":[\"https:\/\/www.facebook.com\/TribuExperientiel\/\",\"https:\/\/x.com\/tribu_exp\",\"https:\/\/www.instagram.com\/tribuexperientiel\/\",\"https:\/\/www.linkedin.com\/tribuexperientiel\/\"]}]}<\/script>\n<!-- \/ Yoast SEO plugin. -->","yoast_head_json":{"title":"R\u00e9publique Dominicaine 2020 - Tribu Exp\u00e9rientiel","description":"En 2020 Tribu a particip\u00e9 \u00e0 l\u2019\u00e9laboration d\u2019un \u00e9v\u00e9nement en partenariat avec Tourisme R\u00e9publique Dominicaine","robots":{"index":"index","follow":"follow","max-snippet":"max-snippet:-1","max-image-preview":"max-image-preview:large","max-video-preview":"max-video-preview:-1"},"canonical":"https:\/\/tribu.co\/fr\/project\/republique-dominicaine-2020\/","og_locale":"fr_CA","og_type":"article","og_title":"R\u00e9publique Dominicaine 2020 - Tribu Exp\u00e9rientiel","og_description":"En 2020 Tribu a particip\u00e9 \u00e0 l\u2019\u00e9laboration d\u2019un \u00e9v\u00e9nement en partenariat avec Tourisme R\u00e9publique Dominicaine","og_url":"https:\/\/tribu.co\/fr\/project\/republique-dominicaine-2020\/","og_site_name":"Tribu Exp\u00e9rientiel","article_publisher":"https:\/\/www.facebook.com\/TribuExperientiel\/","article_modified_time":"2021-01-11T16:24:18+00:00","og_image":[{"width":1024,"height":731,"url":"https:\/\/tribu.co\/app\/uploads\/2020\/10\/DSC9528-1024x731.jpg","type":"image\/jpeg"}],"twitter_card":"summary_large_image","twitter_site":"@tribu_exp","schema":{"@context":"https:\/\/schema.org","@graph":[{"@type":"WebPage","@id":"https:\/\/tribu.co\/fr\/project\/republique-dominicaine-2020\/","url":"https:\/\/tribu.co\/fr\/project\/republique-dominicaine-2020\/","name":"R\u00e9publique Dominicaine 2020 - Tribu Exp\u00e9rientiel","isPartOf":{"@id":"https:\/\/tribu.co\/#website"},"primaryImageOfPage":{"@id":"https:\/\/tribu.co\/fr\/project\/republique-dominicaine-2020\/#primaryimage"},"image":{"@id":"https:\/\/tribu.co\/fr\/project\/republique-dominicaine-2020\/#primaryimage"},"thumbnailUrl":"https:\/\/tribu.co\/wp-content\/uploads\/2020\/10\/DSC9528.jpg","datePublished":"2020-03-01T15:34:12+00:00","dateModified":"2021-01-11T16:24:18+00:00","description":"En 2020 Tribu a particip\u00e9 \u00e0 l\u2019\u00e9laboration d\u2019un \u00e9v\u00e9nement en partenariat avec Tourisme R\u00e9publique Dominicaine","breadcrumb":{"@id":"https:\/\/tribu.co\/fr\/project\/republique-dominicaine-2020\/#breadcrumb"},"inLanguage":"fr-CA","potentialAction":[{"@type":"ReadAction","target":["https:\/\/tribu.co\/fr\/project\/republique-dominicaine-2020\/"]}]},{"@type":"ImageObject","inLanguage":"fr-CA","@id":"https:\/\/tribu.co\/fr\/project\/republique-dominicaine-2020\/#primaryimage","url":"https:\/\/tribu.co\/wp-content\/uploads\/2020\/10\/DSC9528.jpg","contentUrl":"https:\/\/tribu.co\/wp-content\/uploads\/2020\/10\/DSC9528.jpg","width":4200,"height":3000},{"@type":"BreadcrumbList","@id":"https:\/\/tribu.co\/fr\/project\/republique-dominicaine-2020\/#breadcrumb","itemListElement":[{"@type":"ListItem","position":1,"name":"Home","item":"https:\/\/tribu.co\/fr\/accueil\/"},{"@type":"ListItem","position":2,"name":"R\u00e9publique Dominicaine 2020"}]},{"@type":"WebSite","@id":"https:\/\/tribu.co\/#website","url":"https:\/\/tribu.co\/","name":"Tribu","description":"Integrated experiences","publisher":{"@id":"https:\/\/tribu.co\/#organization"},"potentialAction":[{"@type":"SearchAction","target":{"@type":"EntryPoint","urlTemplate":"https:\/\/tribu.co\/?s={search_term_string}"},"query-input":{"@type":"PropertyValueSpecification","valueRequired":true,"valueName":"search_term_string"}}],"inLanguage":"fr-CA"},{"@type":"Organization","@id":"https:\/\/tribu.co\/#organization","name":"Tribu","url":"https:\/\/tribu.co\/","logo":{"@type":"ImageObject","inLanguage":"fr-CA","@id":"https:\/\/tribu.co\/#\/schema\/logo\/image\/","url":"https:\/\/tribu.co\/app\/uploads\/2020\/03\/Tribu-Header.png","contentUrl":"https:\/\/tribu.co\/app\/uploads\/2020\/03\/Tribu-Header.png","width":2500,"height":1398,"caption":"Tribu"},"image":{"@id":"https:\/\/tribu.co\/#\/schema\/logo\/image\/"},"sameAs":["https:\/\/www.facebook.com\/TribuExperientiel\/","https:\/\/x.com\/tribu_exp","https:\/\/www.instagram.com\/tribuexperientiel\/","https:\/\/www.linkedin.com\/tribuexperientiel\/"]}]}},"_links":{"self":[{"href":"https:\/\/tribu.co\/fr\/wp-json\/wp\/v2\/project\/6334","targetHints":{"allow":["GET"]}}],"collection":[{"href":"https:\/\/tribu.co\/fr\/wp-json\/wp\/v2\/project"}],"about":[{"href":"https:\/\/tribu.co\/fr\/wp-json\/wp\/v2\/types\/project"}],"author":[{"embeddable":true,"href":"https:\/\/tribu.co\/fr\/wp-json\/wp\/v2\/users\/2"}],"wp:featuredmedia":[{"embeddable":true,"href":"https:\/\/tribu.co\/fr\/wp-json\/wp\/v2\/media\/6764"}],"wp:attachment":[{"href":"https:\/\/tribu.co\/fr\/wp-json\/wp\/v2\/media?parent=6334"}],"wp:term":[{"taxonomy":"project-service","embeddable":true,"href":"https:\/\/tribu.co\/fr\/wp-json\/wp\/v2\/project-service?post=6334"},{"taxonomy":"project-event","embeddable":true,"href":"https:\/\/tribu.co\/fr\/wp-json\/wp\/v2\/project-event?post=6334"},{"taxonomy":"project-location","embeddable":true,"href":"https:\/\/tribu.co\/fr\/wp-json\/wp\/v2\/project-location?post=6334"}],"curies":[{"name":"wp","href":"https:\/\/api.w.org\/{rel}","templated":true}]}}