{"id":8368,"date":"2022-10-27T15:02:26","date_gmt":"2022-10-27T20:02:26","guid":{"rendered":"https:\/\/tribu.co\/?post_type=project&#038;p=8368"},"modified":"2022-11-02T20:53:43","modified_gmt":"2022-11-03T01:53:43","slug":"evenement-reconnaissance-b-tech","status":"publish","type":"project","link":"https:\/\/tribu.co\/fr\/project\/evenement-reconnaissance-b-tech\/","title":{"rendered":"\u00c9v\u00e9nement reconnaissance B.Tech"},"content":{"rendered":"<section block class=\"b-text\" data-watch>\n\t<div class=\"container-narrow container--align-center\">\n\t\t<div class=\"b-text-content wysiwyg wysiwyg--text\">\n\t\t\t<h2 style=\"text-align: center;\">Le projet<\/h2>\n<p style=\"text-align: center;\">\u00c0 l\u2019occasion de l\u2019\u00e9v\u00e9nement de reconnaissance pour les Dipl\u00f4m\u00e9s B-Tech qui avait lieu \u00e0 l\u2019\u00c9TS et en ligne, nous avons \u00e9t\u00e9 mandat\u00e9s pour rendre l&#8217;exp\u00e9rience plus divertissante et appuyer le storytelling de cette journ\u00e9e \u00e0 l\u2019aide de contenu vid\u00e9o.<\/p>\n<p style=\"text-align: center;\">Trois objectifs: renforcer le sentiment d\u2019appartenance, affirmer la reconnaissance de l\u2019\u00e9cole envers toute une g\u00e9n\u00e9ration de pionniers, divertir les participants \u00e0 l\u2019\u00e9v\u00e9nement.<\/p>\n\n\t\t<\/div>\n\t<\/div>\n<\/section>\n\n<section block class=\"b-text\" data-watch>\n\t<div class=\"container-narrow container--align-center\">\n\t\t<div class=\"b-text-content wysiwyg wysiwyg--text\">\n\t\t\t<h2 style=\"text-align: center;\">L\u2019exp\u00e9rience<\/h2>\n<p style=\"text-align: center;\">Dans cet objectif, nous avons assur\u00e9 la conception et la production de 2 s\u00e9ries de capsules vid\u00e9o cl\u00e9 en mains, accompagn\u00e9es de d\u00e9clinaisons vid\u00e9o pour faire rayonner l&#8217;initiative sur les m\u00e9dias sociaux.<\/p>\n<p style=\"text-align: center;\">Nous avons imagin\u00e9 et produit deux concepts, qui ont suscit\u00e9 nostalgie et \u00e9motions du rire aux larmes dans l\u2019assembl\u00e9e le jour de l\u2019\u00e9v\u00e9nement.<\/p>\n<p style=\"text-align: center;\"><strong>Concept 1 &#8211; \u2018\u2019\u00c7a reste entre nous\u2019\u2019<\/strong><\/p>\n<p style=\"text-align: center;\">Entrevues \u00e9clair d\u2019une s\u00e9lection de pionniers, portant \u00e0 la fois sur des anecdotes de couloir, ou sur des moments ou parcours marquants qui m\u00e9ritent d&#8217;\u00eatre soulign\u00e9s.<\/p>\n<p style=\"text-align: center;\"><strong>Concept 2 &#8211; \u201cPassage de relais\u201d<\/strong><\/p>\n<p style=\"text-align: center;\">Formation de bin\u00f4mes pour une visite guid\u00e9e dans le pavillon des Clubs \u00e9tudiants.\u00a0 L\u2019\u00e9tudiant de la promotion 2022 invite l\u2019un des fondateurs du Club dans l\u2019atelier de son club pour vivre un choc des g\u00e9n\u00e9rations entre les impressionnants prototypes r\u00e9alis\u00e9s aujourd\u2019hui VS les moyens disponibles aux balbutiements du Club.<\/p>\n\n\t\t<\/div>\n\t<\/div>\n<\/section>\n\n<section block class=\"b-video\" data-watch>\n\t<div class=\"container-inset\">\n\t\t<div class=\"b-video-frame wysiwyg wysiwyg--text\">\n\n\t\t\t\t\t\t\t<div class=\"b-video-player video-player--vimeo\">\n\t\t\t\t\t<iframe loading=\"lazy\" src=\"https:\/\/player.vimeo.com\/video\/764706628\" width=\"640\" height=\"480\" frameborder=\"0\" allow=\"autoplay; fullscreen\" allowfullscreen><\/iframe>\n\t\t\t\t<\/div>\n\t\t\t\n\t\t\t\n\t\t<\/div>\n\t<\/div>\n<\/section>\n\n<section block class=\"b-quote\" data-watch>\n\t<div class=\"container\">\n\n\t\t<div class=\"b-quote-body\">\n\n\t\t\t<div class=\"b-quote-open\">\n\t\t\t\t<span>\u00ab<\/span>\n\t\t\t<\/div>\n\n\t\t\t<div class=\"b-quote-content wysiwyg\" data-break-lines=\"h1, h2, p\">\n\t\t\t\t<p>On me le disait pas directement mais je sais que certains m\u2019appelaient Croc. Croc\u2026Odile \ud83d\ude42<\/p>\n\n\t\t\t<\/div>\n\n\t\t\t<div class=\"b-quote-close\">\n\t\t\t\t<span>\u00bb<\/span>\n\t\t\t<\/div>\n\n\t\t<\/div>\n\n\t\t\t\t\t<div class=\"b-quote-foot\">\n\t\t\t\t<div class=\"b-quote-source\">\n\t\t\t\t\t<div class=\"b-quote-source-text\">\n\t\t\t\t\t\tOdile Boisjoli  \n\t\t\t\t\t<\/div>\n\t\t\t\t<\/div>\n\t\t\t<\/div>\n\t\t\n\t<\/div>\n<\/section>\n\n<section block class=\"b-enum\" data-watch>\n\t<div class=\"container-inset\">\n\n\t\t\t\t\t<div class=\"b-enum-heading wysiwyg wysiwyg--small wysiwyg--color\">\n\t\t\t\t<h2>Les r\u00e9sultats?<\/h2>\n\n\t\t\t<\/div>\n\t\t\n\t\t<div class=\"b-enum-items\">\n\n\t\t\t\n\t\t\t\t<div\n\t\t\t\t\tclass=\"b-enum-item\"\n\t\t\t\t\tdata-watch\n\t\t\t\t\tdata-watch-enter=\"0.65\"\n\t\t\t\t\tdata-watch-class=\"item-on-screen\"\n\t\t\t\t\tdata-break-lines=\".b-enum-item-value\">\n\n\t\t\t\t\t\t\t\t\t\t\t<div class=\"b-enum-item-value\">\n\t\t\t\t\t\t\t10 capsules vid\u00e9os<br \/>\r\n\n\t\t\t\t\t\t<\/div>\n\t\t\t\t\t\n\t\t\t\t\t\n\t\t\t\t<\/div>\n\n\t\t\t\n\t\t\t\t<div\n\t\t\t\t\tclass=\"b-enum-item\"\n\t\t\t\t\tdata-watch\n\t\t\t\t\tdata-watch-enter=\"0.65\"\n\t\t\t\t\tdata-watch-class=\"item-on-screen\"\n\t\t\t\t\tdata-break-lines=\".b-enum-item-value\">\n\n\t\t\t\t\t\t\t\t\t\t\t<div class=\"b-enum-item-value\">\n\t\t\t\t\t\t\t200 participants \n\t\t\t\t\t\t<\/div>\n\t\t\t\t\t\n\t\t\t\t\t\n\t\t\t\t<\/div>\n\n\t\t\t\n\t\t\t\t<div\n\t\t\t\t\tclass=\"b-enum-item\"\n\t\t\t\t\tdata-watch\n\t\t\t\t\tdata-watch-enter=\"0.65\"\n\t\t\t\t\tdata-watch-class=\"item-on-screen\"\n\t\t\t\t\tdata-break-lines=\".b-enum-item-value\">\n\n\t\t\t\t\t\t\t\t\t\t\t<div class=\"b-enum-item-value\">\n\t\t\t\t\t\t\tLe moment fort: diffusion des vid\u00e9os\n\t\t\t\t\t\t<\/div>\n\t\t\t\t\t\n\t\t\t\t\t\n\t\t\t\t<\/div>\n\n\t\t\t\n\t\t<\/div>\n\n\t<\/div>\n<\/section>","protected":false},"author":1,"featured_media":8464,"menu_order":0,"template":"","project-service":[72],"project-event":[],"project-location":[],"class_list":["post-8368","project","type-project","status-publish","has-post-thumbnail","hentry","project-service-contenu"],"acf":[],"yoast_head":"<!-- This site is optimized with the Yoast SEO plugin v26.7 - https:\/\/yoast.com\/wordpress\/plugins\/seo\/ -->\n<title>\u00c9v\u00e9nement reconnaissance B.Tech - Tribu Exp\u00e9rientiel<\/title>\n<meta name=\"description\" content=\"\u00c0 l\u2019occasion de l\u2019\u00e9v\u00e9nement de reconnaissance pour les Dipl\u00f4m\u00e9s B-Tech qui avait lieu \u00e0 l\u2019\u00c9TS et en ligne, nous avons \u00e9t\u00e9 mandat\u00e9s pour rendre l&#039;exp\u00e9rience plus divertissante et appuyer le storytelling de cette journ\u00e9e \u00e0 l\u2019aide de contenu vid\u00e9o.\" \/>\n<meta name=\"robots\" content=\"index, follow, max-snippet:-1, max-image-preview:large, max-video-preview:-1\" \/>\n<link rel=\"canonical\" href=\"https:\/\/tribu.co\/fr\/project\/evenement-reconnaissance-b-tech\/\" \/>\n<meta property=\"og:locale\" content=\"fr_CA\" \/>\n<meta property=\"og:type\" content=\"article\" \/>\n<meta property=\"og:title\" content=\"\u00c9v\u00e9nement reconnaissance B.Tech - Tribu Exp\u00e9rientiel\" \/>\n<meta property=\"og:description\" content=\"\u00c0 l\u2019occasion de l\u2019\u00e9v\u00e9nement de reconnaissance pour les Dipl\u00f4m\u00e9s B-Tech qui avait lieu \u00e0 l\u2019\u00c9TS et en ligne, nous avons \u00e9t\u00e9 mandat\u00e9s pour rendre l&#039;exp\u00e9rience plus divertissante et appuyer le storytelling de cette journ\u00e9e \u00e0 l\u2019aide de contenu vid\u00e9o.\" \/>\n<meta property=\"og:url\" content=\"https:\/\/tribu.co\/fr\/project\/evenement-reconnaissance-b-tech\/\" \/>\n<meta property=\"og:site_name\" content=\"Tribu Exp\u00e9rientiel\" \/>\n<meta property=\"article:publisher\" content=\"https:\/\/www.facebook.com\/TribuExperientiel\/\" \/>\n<meta property=\"article:modified_time\" content=\"2022-11-03T01:53:43+00:00\" \/>\n<meta property=\"og:image\" content=\"https:\/\/tribu.co\/app\/uploads\/2022\/10\/IMG_2127-2-scaled.jpg\" \/>\n\t<meta property=\"og:image:width\" content=\"2560\" \/>\n\t<meta property=\"og:image:height\" content=\"1920\" \/>\n\t<meta property=\"og:image:type\" content=\"image\/jpeg\" \/>\n<meta name=\"twitter:card\" content=\"summary_large_image\" \/>\n<meta name=\"twitter:site\" content=\"@tribu_exp\" \/>\n<script type=\"application\/ld+json\" class=\"yoast-schema-graph\">{\"@context\":\"https:\/\/schema.org\",\"@graph\":[{\"@type\":\"WebPage\",\"@id\":\"https:\/\/tribu.co\/fr\/project\/evenement-reconnaissance-b-tech\/\",\"url\":\"https:\/\/tribu.co\/fr\/project\/evenement-reconnaissance-b-tech\/\",\"name\":\"\u00c9v\u00e9nement reconnaissance B.Tech - Tribu Exp\u00e9rientiel\",\"isPartOf\":{\"@id\":\"https:\/\/tribu.co\/#website\"},\"primaryImageOfPage\":{\"@id\":\"https:\/\/tribu.co\/fr\/project\/evenement-reconnaissance-b-tech\/#primaryimage\"},\"image\":{\"@id\":\"https:\/\/tribu.co\/fr\/project\/evenement-reconnaissance-b-tech\/#primaryimage\"},\"thumbnailUrl\":\"https:\/\/tribu.co\/wp-content\/uploads\/2022\/10\/IMG_2127-2-scaled.jpg\",\"datePublished\":\"2022-10-27T20:02:26+00:00\",\"dateModified\":\"2022-11-03T01:53:43+00:00\",\"description\":\"\u00c0 l\u2019occasion de l\u2019\u00e9v\u00e9nement de reconnaissance pour les Dipl\u00f4m\u00e9s B-Tech qui avait lieu \u00e0 l\u2019\u00c9TS et en ligne, nous avons \u00e9t\u00e9 mandat\u00e9s pour rendre l'exp\u00e9rience plus divertissante et appuyer le storytelling de cette journ\u00e9e \u00e0 l\u2019aide de contenu vid\u00e9o.\",\"breadcrumb\":{\"@id\":\"https:\/\/tribu.co\/fr\/project\/evenement-reconnaissance-b-tech\/#breadcrumb\"},\"inLanguage\":\"fr-CA\",\"potentialAction\":[{\"@type\":\"ReadAction\",\"target\":[\"https:\/\/tribu.co\/fr\/project\/evenement-reconnaissance-b-tech\/\"]}]},{\"@type\":\"ImageObject\",\"inLanguage\":\"fr-CA\",\"@id\":\"https:\/\/tribu.co\/fr\/project\/evenement-reconnaissance-b-tech\/#primaryimage\",\"url\":\"https:\/\/tribu.co\/wp-content\/uploads\/2022\/10\/IMG_2127-2-scaled.jpg\",\"contentUrl\":\"https:\/\/tribu.co\/wp-content\/uploads\/2022\/10\/IMG_2127-2-scaled.jpg\",\"width\":2560,\"height\":1920},{\"@type\":\"BreadcrumbList\",\"@id\":\"https:\/\/tribu.co\/fr\/project\/evenement-reconnaissance-b-tech\/#breadcrumb\",\"itemListElement\":[{\"@type\":\"ListItem\",\"position\":1,\"name\":\"Home\",\"item\":\"https:\/\/tribu.co\/fr\/accueil\/\"},{\"@type\":\"ListItem\",\"position\":2,\"name\":\"\u00c9v\u00e9nement reconnaissance B.Tech\"}]},{\"@type\":\"WebSite\",\"@id\":\"https:\/\/tribu.co\/#website\",\"url\":\"https:\/\/tribu.co\/\",\"name\":\"Tribu\",\"description\":\"Integrated experiences\",\"publisher\":{\"@id\":\"https:\/\/tribu.co\/#organization\"},\"potentialAction\":[{\"@type\":\"SearchAction\",\"target\":{\"@type\":\"EntryPoint\",\"urlTemplate\":\"https:\/\/tribu.co\/?s={search_term_string}\"},\"query-input\":{\"@type\":\"PropertyValueSpecification\",\"valueRequired\":true,\"valueName\":\"search_term_string\"}}],\"inLanguage\":\"fr-CA\"},{\"@type\":\"Organization\",\"@id\":\"https:\/\/tribu.co\/#organization\",\"name\":\"Tribu\",\"url\":\"https:\/\/tribu.co\/\",\"logo\":{\"@type\":\"ImageObject\",\"inLanguage\":\"fr-CA\",\"@id\":\"https:\/\/tribu.co\/#\/schema\/logo\/image\/\",\"url\":\"https:\/\/tribu.co\/app\/uploads\/2020\/03\/Tribu-Header.png\",\"contentUrl\":\"https:\/\/tribu.co\/app\/uploads\/2020\/03\/Tribu-Header.png\",\"width\":2500,\"height\":1398,\"caption\":\"Tribu\"},\"image\":{\"@id\":\"https:\/\/tribu.co\/#\/schema\/logo\/image\/\"},\"sameAs\":[\"https:\/\/www.facebook.com\/TribuExperientiel\/\",\"https:\/\/x.com\/tribu_exp\",\"https:\/\/www.instagram.com\/tribuexperientiel\/\",\"https:\/\/www.linkedin.com\/tribuexperientiel\/\"]}]}<\/script>\n<!-- \/ Yoast SEO plugin. -->","yoast_head_json":{"title":"\u00c9v\u00e9nement reconnaissance B.Tech - Tribu Exp\u00e9rientiel","description":"\u00c0 l\u2019occasion de l\u2019\u00e9v\u00e9nement de reconnaissance pour les Dipl\u00f4m\u00e9s B-Tech qui avait lieu \u00e0 l\u2019\u00c9TS et en ligne, nous avons \u00e9t\u00e9 mandat\u00e9s pour rendre l'exp\u00e9rience plus divertissante et appuyer le storytelling de cette journ\u00e9e \u00e0 l\u2019aide de contenu vid\u00e9o.","robots":{"index":"index","follow":"follow","max-snippet":"max-snippet:-1","max-image-preview":"max-image-preview:large","max-video-preview":"max-video-preview:-1"},"canonical":"https:\/\/tribu.co\/fr\/project\/evenement-reconnaissance-b-tech\/","og_locale":"fr_CA","og_type":"article","og_title":"\u00c9v\u00e9nement reconnaissance B.Tech - Tribu Exp\u00e9rientiel","og_description":"\u00c0 l\u2019occasion de l\u2019\u00e9v\u00e9nement de reconnaissance pour les Dipl\u00f4m\u00e9s B-Tech qui avait lieu \u00e0 l\u2019\u00c9TS et en ligne, nous avons \u00e9t\u00e9 mandat\u00e9s pour rendre l'exp\u00e9rience plus divertissante et appuyer le storytelling de cette journ\u00e9e \u00e0 l\u2019aide de contenu vid\u00e9o.","og_url":"https:\/\/tribu.co\/fr\/project\/evenement-reconnaissance-b-tech\/","og_site_name":"Tribu Exp\u00e9rientiel","article_publisher":"https:\/\/www.facebook.com\/TribuExperientiel\/","article_modified_time":"2022-11-03T01:53:43+00:00","og_image":[{"width":2560,"height":1920,"url":"https:\/\/tribu.co\/app\/uploads\/2022\/10\/IMG_2127-2-scaled.jpg","type":"image\/jpeg"}],"twitter_card":"summary_large_image","twitter_site":"@tribu_exp","schema":{"@context":"https:\/\/schema.org","@graph":[{"@type":"WebPage","@id":"https:\/\/tribu.co\/fr\/project\/evenement-reconnaissance-b-tech\/","url":"https:\/\/tribu.co\/fr\/project\/evenement-reconnaissance-b-tech\/","name":"\u00c9v\u00e9nement reconnaissance B.Tech - Tribu Exp\u00e9rientiel","isPartOf":{"@id":"https:\/\/tribu.co\/#website"},"primaryImageOfPage":{"@id":"https:\/\/tribu.co\/fr\/project\/evenement-reconnaissance-b-tech\/#primaryimage"},"image":{"@id":"https:\/\/tribu.co\/fr\/project\/evenement-reconnaissance-b-tech\/#primaryimage"},"thumbnailUrl":"https:\/\/tribu.co\/wp-content\/uploads\/2022\/10\/IMG_2127-2-scaled.jpg","datePublished":"2022-10-27T20:02:26+00:00","dateModified":"2022-11-03T01:53:43+00:00","description":"\u00c0 l\u2019occasion de l\u2019\u00e9v\u00e9nement de reconnaissance pour les Dipl\u00f4m\u00e9s B-Tech qui avait lieu \u00e0 l\u2019\u00c9TS et en ligne, nous avons \u00e9t\u00e9 mandat\u00e9s pour rendre l'exp\u00e9rience plus divertissante et appuyer le storytelling de cette journ\u00e9e \u00e0 l\u2019aide de contenu vid\u00e9o.","breadcrumb":{"@id":"https:\/\/tribu.co\/fr\/project\/evenement-reconnaissance-b-tech\/#breadcrumb"},"inLanguage":"fr-CA","potentialAction":[{"@type":"ReadAction","target":["https:\/\/tribu.co\/fr\/project\/evenement-reconnaissance-b-tech\/"]}]},{"@type":"ImageObject","inLanguage":"fr-CA","@id":"https:\/\/tribu.co\/fr\/project\/evenement-reconnaissance-b-tech\/#primaryimage","url":"https:\/\/tribu.co\/wp-content\/uploads\/2022\/10\/IMG_2127-2-scaled.jpg","contentUrl":"https:\/\/tribu.co\/wp-content\/uploads\/2022\/10\/IMG_2127-2-scaled.jpg","width":2560,"height":1920},{"@type":"BreadcrumbList","@id":"https:\/\/tribu.co\/fr\/project\/evenement-reconnaissance-b-tech\/#breadcrumb","itemListElement":[{"@type":"ListItem","position":1,"name":"Home","item":"https:\/\/tribu.co\/fr\/accueil\/"},{"@type":"ListItem","position":2,"name":"\u00c9v\u00e9nement reconnaissance B.Tech"}]},{"@type":"WebSite","@id":"https:\/\/tribu.co\/#website","url":"https:\/\/tribu.co\/","name":"Tribu","description":"Integrated experiences","publisher":{"@id":"https:\/\/tribu.co\/#organization"},"potentialAction":[{"@type":"SearchAction","target":{"@type":"EntryPoint","urlTemplate":"https:\/\/tribu.co\/?s={search_term_string}"},"query-input":{"@type":"PropertyValueSpecification","valueRequired":true,"valueName":"search_term_string"}}],"inLanguage":"fr-CA"},{"@type":"Organization","@id":"https:\/\/tribu.co\/#organization","name":"Tribu","url":"https:\/\/tribu.co\/","logo":{"@type":"ImageObject","inLanguage":"fr-CA","@id":"https:\/\/tribu.co\/#\/schema\/logo\/image\/","url":"https:\/\/tribu.co\/app\/uploads\/2020\/03\/Tribu-Header.png","contentUrl":"https:\/\/tribu.co\/app\/uploads\/2020\/03\/Tribu-Header.png","width":2500,"height":1398,"caption":"Tribu"},"image":{"@id":"https:\/\/tribu.co\/#\/schema\/logo\/image\/"},"sameAs":["https:\/\/www.facebook.com\/TribuExperientiel\/","https:\/\/x.com\/tribu_exp","https:\/\/www.instagram.com\/tribuexperientiel\/","https:\/\/www.linkedin.com\/tribuexperientiel\/"]}]}},"_links":{"self":[{"href":"https:\/\/tribu.co\/fr\/wp-json\/wp\/v2\/project\/8368","targetHints":{"allow":["GET"]}}],"collection":[{"href":"https:\/\/tribu.co\/fr\/wp-json\/wp\/v2\/project"}],"about":[{"href":"https:\/\/tribu.co\/fr\/wp-json\/wp\/v2\/types\/project"}],"author":[{"embeddable":true,"href":"https:\/\/tribu.co\/fr\/wp-json\/wp\/v2\/users\/1"}],"wp:featuredmedia":[{"embeddable":true,"href":"https:\/\/tribu.co\/fr\/wp-json\/wp\/v2\/media\/8464"}],"wp:attachment":[{"href":"https:\/\/tribu.co\/fr\/wp-json\/wp\/v2\/media?parent=8368"}],"wp:term":[{"taxonomy":"project-service","embeddable":true,"href":"https:\/\/tribu.co\/fr\/wp-json\/wp\/v2\/project-service?post=8368"},{"taxonomy":"project-event","embeddable":true,"href":"https:\/\/tribu.co\/fr\/wp-json\/wp\/v2\/project-event?post=8368"},{"taxonomy":"project-location","embeddable":true,"href":"https:\/\/tribu.co\/fr\/wp-json\/wp\/v2\/project-location?post=8368"}],"curies":[{"name":"wp","href":"https:\/\/api.w.org\/{rel}","templated":true}]}}