{"id":8854,"date":"2023-03-01T16:12:17","date_gmt":"2023-03-01T21:12:17","guid":{"rendered":"https:\/\/tribu.co\/?post_type=project&#038;p=8854"},"modified":"2026-02-25T09:54:59","modified_gmt":"2026-02-25T14:54:59","slug":"apik-fest","status":"publish","type":"project","link":"https:\/\/tribu.co\/fr\/project\/apik-fest\/","title":{"rendered":"APIK &#8211; Quartier latin 2023"},"content":{"rendered":"<section block class=\"b-text\" data-watch>\n\t<div class=\"container-narrow container--align-center\">\n\t\t<div class=\"b-text-content wysiwyg wysiwyg--text\">\n\t\t\t<h2 style=\"text-align: center;\">LE PROJET<\/h2>\n<p><a href=\"https:\/\/www.instagram.com\/apikfest\/\">APIK<\/a> est un \u00e9v\u00e9nement urbain GRATUIT en plein coeur de Montr\u00e9al pour les passionn\u00e9s d&#8217;adr\u00e9naline &#8211; du 24 F\u00e9vrier au 5 Mars 2023 dans le Quartier latin (rue Saint-Denis\/Ontario)<\/p>\n<p>Activit\u00e9s hivernales pour tous les \u00e2ges (mini snowpark, course \u00e0 obstacles, mur d&#8217;escalade de bloc) tout le long de l&#8217;\u00e9v\u00e9nement &amp; comp\u00e9tition de ski et snowboard, pop up shops, DJ sets, after party les 25 et 26 f\u00e9vrier.<\/p>\n<p>L&#8217;esprit de la montagne arrive en ville, c&#8217;est l&#8217;occasion id\u00e9ale de profiter de l&#8217;hiver en famille ou entre amis.<\/p>\n\n\t\t<\/div>\n\t<\/div>\n<\/section>\n\n<section block class=\"b-gallery\" data-watch>\n\t<div class=\"container-inset\">\n\n\t\t<div class=\"b-gallery-items\">\n\n\t\t\t\n\t\t\t\t<div\n\t\t\t\t\tclass=\"b-gallery-item\"\n\t\t\t\t\tdata-watch\n\t\t\t\t\tdata-watch-enter=\"0.65\"\n\t\t\t\t\tdata-watch-class=\"item-on-screen\">\n\t\t\t\t\t<div class=\"image image--with-layer\"><div class=\"layer\" style=\"background-image: url(https:\/\/tribu.co\/wp-content\/uploads\/2023\/03\/@jay_gallant_demande-3-7.jpg)\"><\/div><\/div>\n\t\t\t\t<\/div>\n\n\t\t\t\n\t\t\t\t<div\n\t\t\t\t\tclass=\"b-gallery-item\"\n\t\t\t\t\tdata-watch\n\t\t\t\t\tdata-watch-enter=\"0.65\"\n\t\t\t\t\tdata-watch-class=\"item-on-screen\">\n\t\t\t\t\t<div class=\"image image--with-layer\"><div class=\"layer\" style=\"background-image: url(https:\/\/tribu.co\/wp-content\/uploads\/2023\/03\/@jay_gallant_demande-3-49-e1677782620137.jpg)\"><\/div><\/div>\n\t\t\t\t<\/div>\n\n\t\t\t\n\t\t\t\t<div\n\t\t\t\t\tclass=\"b-gallery-item\"\n\t\t\t\t\tdata-watch\n\t\t\t\t\tdata-watch-enter=\"0.65\"\n\t\t\t\t\tdata-watch-class=\"item-on-screen\">\n\t\t\t\t\t<div class=\"image image--with-layer\"><div class=\"layer\" style=\"background-image: url(https:\/\/tribu.co\/wp-content\/uploads\/2023\/03\/@jay_gallant_demande-3-53-scaled.jpg)\"><\/div><\/div>\n\t\t\t\t<\/div>\n\n\t\t\t\n\t\t\t\t<div\n\t\t\t\t\tclass=\"b-gallery-item\"\n\t\t\t\t\tdata-watch\n\t\t\t\t\tdata-watch-enter=\"0.65\"\n\t\t\t\t\tdata-watch-class=\"item-on-screen\">\n\t\t\t\t\t<div class=\"image image--with-layer\"><div class=\"layer\" style=\"background-image: url(https:\/\/tribu.co\/wp-content\/uploads\/2023\/03\/Sans-titre-12.jpg)\"><\/div><\/div>\n\t\t\t\t<\/div>\n\n\t\t\t\n\t\t<\/div>\n\n\t<\/div>\n<\/section>\n\n<section block class=\"b-text\" data-watch>\n\t<div class=\"container-narrow container--align-center\">\n\t\t<div class=\"b-text-content wysiwyg wysiwyg--text\">\n\t\t\t<h2 style=\"text-align: center;\">L&#8217;EXP\u00c9RIENCE<\/h2>\n<p>APIK, situ\u00e9 au coeur du Quartier latin, proposait des activit\u00e9s hivernales participatives pour tous comme de l\u2019escalade de bloc, du hockey bottine, du fat bike, du snow skate, des comp\u00e9titions de ski et snowboard et bien plus. La programmation permettait donc aux festivaliers d\u2019apprendre \u00e0 retomber en amour avec la saison la plus froide de l\u2019ann\u00e9e et de d\u00e9couvrir ou red\u00e9couvrir ce que le Quartier latin a \u00e0 offrir!<\/p>\n<p><img loading=\"lazy\" decoding=\"async\" class=\"aligncenter wp-image-8884 size-large\" src=\"https:\/\/tribu.co\/app\/uploads\/2023\/03\/Screen-Shot-2023-03-02-at-11.50.17-AM-1024x791.png\" alt=\"\" width=\"1024\" height=\"791\" srcset=\"https:\/\/tribu.co\/wp-content\/uploads\/2023\/03\/Screen-Shot-2023-03-02-at-11.50.17-AM-1024x791.png 1024w, https:\/\/tribu.co\/wp-content\/uploads\/2023\/03\/Screen-Shot-2023-03-02-at-11.50.17-AM-300x232.png 300w, https:\/\/tribu.co\/wp-content\/uploads\/2023\/03\/Screen-Shot-2023-03-02-at-11.50.17-AM-768x593.png 768w, https:\/\/tribu.co\/wp-content\/uploads\/2023\/03\/Screen-Shot-2023-03-02-at-11.50.17-AM.png 1276w\" sizes=\"auto, (max-width: 1024px) 100vw, 1024px\" \/><\/p>\n\n\t\t<\/div>\n\t<\/div>\n<\/section>\n\n<section block class=\"b-gallery\" data-watch>\n\t<div class=\"container-inset\">\n\n\t\t<div class=\"b-gallery-items\">\n\n\t\t\t\n\t\t\t\t<div\n\t\t\t\t\tclass=\"b-gallery-item\"\n\t\t\t\t\tdata-watch\n\t\t\t\t\tdata-watch-enter=\"0.65\"\n\t\t\t\t\tdata-watch-class=\"item-on-screen\">\n\t\t\t\t\t<div class=\"image image--with-layer\"><div class=\"layer\" style=\"background-image: url(https:\/\/tribu.co\/wp-content\/uploads\/2023\/03\/1.jpg)\"><\/div><\/div>\n\t\t\t\t<\/div>\n\n\t\t\t\n\t\t\t\t<div\n\t\t\t\t\tclass=\"b-gallery-item\"\n\t\t\t\t\tdata-watch\n\t\t\t\t\tdata-watch-enter=\"0.65\"\n\t\t\t\t\tdata-watch-class=\"item-on-screen\">\n\t\t\t\t\t<div class=\"image image--with-layer\"><div class=\"layer\" style=\"background-image: url(https:\/\/tribu.co\/wp-content\/uploads\/2023\/03\/2.jpg)\"><\/div><\/div>\n\t\t\t\t<\/div>\n\n\t\t\t\n\t\t\t\t<div\n\t\t\t\t\tclass=\"b-gallery-item\"\n\t\t\t\t\tdata-watch\n\t\t\t\t\tdata-watch-enter=\"0.65\"\n\t\t\t\t\tdata-watch-class=\"item-on-screen\">\n\t\t\t\t\t<div class=\"image image--with-layer\"><div class=\"layer\" style=\"background-image: url(https:\/\/tribu.co\/wp-content\/uploads\/2023\/03\/3.jpg)\"><\/div><\/div>\n\t\t\t\t<\/div>\n\n\t\t\t\n\t\t\t\t<div\n\t\t\t\t\tclass=\"b-gallery-item\"\n\t\t\t\t\tdata-watch\n\t\t\t\t\tdata-watch-enter=\"0.65\"\n\t\t\t\t\tdata-watch-class=\"item-on-screen\">\n\t\t\t\t\t<div class=\"image image--with-layer\"><div class=\"layer\" style=\"background-image: url(https:\/\/tribu.co\/wp-content\/uploads\/2023\/03\/4.jpg)\"><\/div><\/div>\n\t\t\t\t<\/div>\n\n\t\t\t\n\t\t<\/div>\n\n\t<\/div>\n<\/section>\n\n<section block class=\"b-video\" data-watch>\n\t<div class=\"container-inset\">\n\t\t<div class=\"b-video-frame wysiwyg wysiwyg--text\">\n\n\t\t\t\t\t\t\t<div class=\"b-video-player video-player--vimeo\">\n\t\t\t\t\t<iframe loading=\"lazy\" src=\"https:\/\/player.vimeo.com\/video\/807658232\" width=\"640\" height=\"480\" frameborder=\"0\" allow=\"autoplay; fullscreen\" allowfullscreen><\/iframe>\n\t\t\t\t<\/div>\n\t\t\t\n\t\t\t\n\t\t<\/div>\n\t<\/div>\n<\/section>\n\n<section block class=\"b-text\" data-watch>\n\t<div class=\"container-narrow container--align-center\">\n\t\t<div class=\"b-text-content wysiwyg wysiwyg--text\">\n\t\t\t<p>APIK est une id\u00e9e originale de <a href=\"http:\/\/www.tribu.co\">Tribu Experientiel<\/a> et rendu possible gr\u00e2ce au <a href=\"https:\/\/www.quartierdesspectacles.com\/fr\/\">Quartier des Spectacles<\/a>, ASA, au soutien financier de l&#8217;<a href=\"https:\/\/montreal.ca\/ville-marie\">Arrondissement Ville-Marie<\/a>, de <a href=\"https:\/\/www.mtl.org\/fr\">Tourisme Montr\u00e9al<\/a> et du <a href=\"https:\/\/www.quebec.ca\/\">Gouvernement du Qu\u00e9bec<\/a> et avec la collaboration de <a href=\"https:\/\/ca.whiteclaw.com\/\">White Claw,<\/a> le <a href=\"https:\/\/quartierlatin.ca\/\">Quartier latin<\/a> et la <a href=\"https:\/\/montreal.ca\/\">ville de Montr\u00e9al<\/a>.<\/p>\n\n\t\t<\/div>\n\t<\/div>\n<\/section>\n\n<section block class=\"b-gallery\" data-watch>\n\t<div class=\"container-inset\">\n\n\t\t<div class=\"b-gallery-items\">\n\n\t\t\t\n\t\t\t\t<div\n\t\t\t\t\tclass=\"b-gallery-item\"\n\t\t\t\t\tdata-watch\n\t\t\t\t\tdata-watch-enter=\"0.65\"\n\t\t\t\t\tdata-watch-class=\"item-on-screen\">\n\t\t\t\t\t<div class=\"image image--with-layer\"><div class=\"layer\" style=\"background-image: url(https:\/\/tribu.co\/wp-content\/uploads\/2023\/03\/@jay_gallant_Apikfest_podium-4.jpg)\"><\/div><\/div>\n\t\t\t\t<\/div>\n\n\t\t\t\n\t\t\t\t<div\n\t\t\t\t\tclass=\"b-gallery-item\"\n\t\t\t\t\tdata-watch\n\t\t\t\t\tdata-watch-enter=\"0.65\"\n\t\t\t\t\tdata-watch-class=\"item-on-screen\">\n\t\t\t\t\t<div class=\"image image--with-layer\"><div class=\"layer\" style=\"background-image: url(https:\/\/tribu.co\/wp-content\/uploads\/2023\/03\/@jay_gallant_Apikfest_podium-2.jpg)\"><\/div><\/div>\n\t\t\t\t<\/div>\n\n\t\t\t\n\t\t\t\t<div\n\t\t\t\t\tclass=\"b-gallery-item\"\n\t\t\t\t\tdata-watch\n\t\t\t\t\tdata-watch-enter=\"0.65\"\n\t\t\t\t\tdata-watch-class=\"item-on-screen\">\n\t\t\t\t\t<div class=\"image image--with-layer\"><div class=\"layer\" style=\"background-image: url(https:\/\/tribu.co\/wp-content\/uploads\/2023\/03\/@jay_gallant_Apikfest_podium-1.jpg)\"><\/div><\/div>\n\t\t\t\t<\/div>\n\n\t\t\t\n\t\t\t\t<div\n\t\t\t\t\tclass=\"b-gallery-item\"\n\t\t\t\t\tdata-watch\n\t\t\t\t\tdata-watch-enter=\"0.65\"\n\t\t\t\t\tdata-watch-class=\"item-on-screen\">\n\t\t\t\t\t<div class=\"image image--with-layer\"><div class=\"layer\" style=\"background-image: url(https:\/\/tribu.co\/wp-content\/uploads\/2023\/03\/@jay_gallant_Apikfest_podium-6.jpg)\"><\/div><\/div>\n\t\t\t\t<\/div>\n\n\t\t\t\n\t\t<\/div>\n\n\t<\/div>\n<\/section>\n\n<section block class=\"b-enum\" data-watch>\n\t<div class=\"container-inset\">\n\n\t\t\t\t\t<div class=\"b-enum-heading wysiwyg wysiwyg--small wysiwyg--color\">\n\t\t\t\t<h2>LES R\u00c9SULTATS?<\/h2>\n\n\t\t\t<\/div>\n\t\t\n\t\t<div class=\"b-enum-items\">\n\n\t\t\t\n\t\t\t\t<div\n\t\t\t\t\tclass=\"b-enum-item\"\n\t\t\t\t\tdata-watch\n\t\t\t\t\tdata-watch-enter=\"0.65\"\n\t\t\t\t\tdata-watch-class=\"item-on-screen\"\n\t\t\t\t\tdata-break-lines=\".b-enum-item-value\">\n\n\t\t\t\t\t\t\t\t\t\t\t<div class=\"b-enum-item-value\">\n\t\t\t\t\t\t\t101 athl\u00e8tes\n\t\t\t\t\t\t<\/div>\n\t\t\t\t\t\n\t\t\t\t\t\t\t\t\t\t\t<div class=\"b-enum-item-label\">\n\t\t\t\t\t\t\tont particip\u00e9 \u00e0 la comp\u00e9tition\n\t\t\t\t\t\t<\/div>\n\t\t\t\t\t\n\t\t\t\t<\/div>\n\n\t\t\t\n\t\t\t\t<div\n\t\t\t\t\tclass=\"b-enum-item\"\n\t\t\t\t\tdata-watch\n\t\t\t\t\tdata-watch-enter=\"0.65\"\n\t\t\t\t\tdata-watch-class=\"item-on-screen\"\n\t\t\t\t\tdata-break-lines=\".b-enum-item-value\">\n\n\t\t\t\t\t\t\t\t\t\t\t<div class=\"b-enum-item-value\">\n\t\t\t\t\t\t\t+ de 22K visiteurs \n\t\t\t\t\t\t<\/div>\n\t\t\t\t\t\n\t\t\t\t\t\t\t\t\t\t\t<div class=\"b-enum-item-label\">\n\t\t\t\t\t\t\tau cours du premier weekend\n\t\t\t\t\t\t<\/div>\n\t\t\t\t\t\n\t\t\t\t<\/div>\n\n\t\t\t\n\t\t\t\t<div\n\t\t\t\t\tclass=\"b-enum-item\"\n\t\t\t\t\tdata-watch\n\t\t\t\t\tdata-watch-enter=\"0.65\"\n\t\t\t\t\tdata-watch-class=\"item-on-screen\"\n\t\t\t\t\tdata-break-lines=\".b-enum-item-value\">\n\n\t\t\t\t\t\t\t\t\t\t\t<div class=\"b-enum-item-value\">\n\t\t\t\t\t\t\t+ de 13 MILLIONS \n\t\t\t\t\t\t<\/div>\n\t\t\t\t\t\n\t\t\t\t\t\t\t\t\t\t\t<div class=\"b-enum-item-label\">\n\t\t\t\t\t\t\tde retomb\u00e9es presse\n\t\t\t\t\t\t<\/div>\n\t\t\t\t\t\n\t\t\t\t<\/div>\n\n\t\t\t\n\t\t<\/div>\n\n\t<\/div>\n<\/section>","protected":false},"author":1,"featured_media":8863,"menu_order":0,"template":"","project-service":[38],"project-event":[],"project-location":[64],"class_list":["post-8854","project","type-project","status-publish","has-post-thumbnail","hentry","project-service-nos-marques","project-location-canada-fr"],"acf":[],"yoast_head":"<!-- This site is optimized with the Yoast SEO plugin v26.7 - https:\/\/yoast.com\/wordpress\/plugins\/seo\/ -->\n<title>APIK - Quartier latin 2023 - Tribu Exp\u00e9rientiel<\/title>\n<meta name=\"description\" content=\"APIK est un \u00e9v\u00e9nement urbain GRATUIT en plein coeur de Montr\u00e9al pour les passionn\u00e9s d&#039;adr\u00e9naline - du 24 F\u00e9v au 5 Mars dans le Quartier latin.\" \/>\n<meta name=\"robots\" content=\"index, follow, max-snippet:-1, max-image-preview:large, max-video-preview:-1\" \/>\n<link rel=\"canonical\" href=\"https:\/\/tribu.co\/project\/apik-fest-2\/\" \/>\n<meta property=\"og:locale\" content=\"fr_CA\" \/>\n<meta property=\"og:type\" content=\"article\" \/>\n<meta property=\"og:title\" content=\"APIK - Quartier latin 2023 - Tribu Exp\u00e9rientiel\" \/>\n<meta property=\"og:description\" content=\"APIK est un \u00e9v\u00e9nement urbain GRATUIT en plein coeur de Montr\u00e9al pour les passionn\u00e9s d&#039;adr\u00e9naline - du 24 F\u00e9v au 5 Mars dans le Quartier latin.\" \/>\n<meta property=\"og:url\" content=\"https:\/\/tribu.co\/project\/apik-fest-2\/\" \/>\n<meta property=\"og:site_name\" content=\"Tribu Exp\u00e9rientiel\" \/>\n<meta property=\"article:publisher\" content=\"https:\/\/www.facebook.com\/TribuExperientiel\/\" \/>\n<meta property=\"article:modified_time\" content=\"2026-02-25T14:54:59+00:00\" \/>\n<meta property=\"og:image\" content=\"https:\/\/tribu.co\/wp-content\/uploads\/2023\/03\/@jay_gallant_Apikfest-58-1.jpg\" \/>\n\t<meta property=\"og:image:width\" content=\"1500\" \/>\n\t<meta property=\"og:image:height\" content=\"1000\" \/>\n\t<meta property=\"og:image:type\" content=\"image\/jpeg\" \/>\n<meta name=\"twitter:card\" content=\"summary_large_image\" \/>\n<meta name=\"twitter:site\" content=\"@tribu_exp\" \/>\n<script type=\"application\/ld+json\" class=\"yoast-schema-graph\">{\"@context\":\"https:\/\/schema.org\",\"@graph\":[{\"@type\":\"WebPage\",\"@id\":\"https:\/\/tribu.co\/project\/apik-fest-2\/\",\"url\":\"https:\/\/tribu.co\/project\/apik-fest-2\/\",\"name\":\"APIK - Quartier latin 2023 - Tribu Exp\u00e9rientiel\",\"isPartOf\":{\"@id\":\"https:\/\/tribu.co\/#website\"},\"primaryImageOfPage\":{\"@id\":\"https:\/\/tribu.co\/project\/apik-fest-2\/#primaryimage\"},\"image\":{\"@id\":\"https:\/\/tribu.co\/project\/apik-fest-2\/#primaryimage\"},\"thumbnailUrl\":\"https:\/\/tribu.co\/wp-content\/uploads\/2023\/03\/@jay_gallant_Apikfest-58-1.jpg\",\"datePublished\":\"2023-03-01T21:12:17+00:00\",\"dateModified\":\"2026-02-25T14:54:59+00:00\",\"description\":\"APIK est un \u00e9v\u00e9nement urbain GRATUIT en plein coeur de Montr\u00e9al pour les passionn\u00e9s d'adr\u00e9naline - du 24 F\u00e9v au 5 Mars dans le Quartier latin.\",\"breadcrumb\":{\"@id\":\"https:\/\/tribu.co\/project\/apik-fest-2\/#breadcrumb\"},\"inLanguage\":\"fr-CA\",\"potentialAction\":[{\"@type\":\"ReadAction\",\"target\":[\"https:\/\/tribu.co\/project\/apik-fest-2\/\"]}]},{\"@type\":\"ImageObject\",\"inLanguage\":\"fr-CA\",\"@id\":\"https:\/\/tribu.co\/project\/apik-fest-2\/#primaryimage\",\"url\":\"https:\/\/tribu.co\/wp-content\/uploads\/2023\/03\/@jay_gallant_Apikfest-58-1.jpg\",\"contentUrl\":\"https:\/\/tribu.co\/wp-content\/uploads\/2023\/03\/@jay_gallant_Apikfest-58-1.jpg\",\"width\":1500,\"height\":1000},{\"@type\":\"BreadcrumbList\",\"@id\":\"https:\/\/tribu.co\/project\/apik-fest-2\/#breadcrumb\",\"itemListElement\":[{\"@type\":\"ListItem\",\"position\":1,\"name\":\"Home\",\"item\":\"https:\/\/tribu.co\/fr\/accueil\/\"},{\"@type\":\"ListItem\",\"position\":2,\"name\":\"APIK &#8211; Quartier latin 2023\"}]},{\"@type\":\"WebSite\",\"@id\":\"https:\/\/tribu.co\/#website\",\"url\":\"https:\/\/tribu.co\/\",\"name\":\"Tribu\",\"description\":\"Integrated experiences\",\"publisher\":{\"@id\":\"https:\/\/tribu.co\/#organization\"},\"potentialAction\":[{\"@type\":\"SearchAction\",\"target\":{\"@type\":\"EntryPoint\",\"urlTemplate\":\"https:\/\/tribu.co\/?s={search_term_string}\"},\"query-input\":{\"@type\":\"PropertyValueSpecification\",\"valueRequired\":true,\"valueName\":\"search_term_string\"}}],\"inLanguage\":\"fr-CA\"},{\"@type\":\"Organization\",\"@id\":\"https:\/\/tribu.co\/#organization\",\"name\":\"Tribu\",\"url\":\"https:\/\/tribu.co\/\",\"logo\":{\"@type\":\"ImageObject\",\"inLanguage\":\"fr-CA\",\"@id\":\"https:\/\/tribu.co\/#\/schema\/logo\/image\/\",\"url\":\"https:\/\/tribu.co\/app\/uploads\/2020\/03\/Tribu-Header.png\",\"contentUrl\":\"https:\/\/tribu.co\/app\/uploads\/2020\/03\/Tribu-Header.png\",\"width\":2500,\"height\":1398,\"caption\":\"Tribu\"},\"image\":{\"@id\":\"https:\/\/tribu.co\/#\/schema\/logo\/image\/\"},\"sameAs\":[\"https:\/\/www.facebook.com\/TribuExperientiel\/\",\"https:\/\/x.com\/tribu_exp\",\"https:\/\/www.instagram.com\/tribuexperientiel\/\",\"https:\/\/www.linkedin.com\/tribuexperientiel\/\"]}]}<\/script>\n<!-- \/ Yoast SEO plugin. -->","yoast_head_json":{"title":"APIK - Quartier latin 2023 - Tribu Exp\u00e9rientiel","description":"APIK est un \u00e9v\u00e9nement urbain GRATUIT en plein coeur de Montr\u00e9al pour les passionn\u00e9s d'adr\u00e9naline - du 24 F\u00e9v au 5 Mars dans le Quartier latin.","robots":{"index":"index","follow":"follow","max-snippet":"max-snippet:-1","max-image-preview":"max-image-preview:large","max-video-preview":"max-video-preview:-1"},"canonical":"https:\/\/tribu.co\/project\/apik-fest-2\/","og_locale":"fr_CA","og_type":"article","og_title":"APIK - Quartier latin 2023 - Tribu Exp\u00e9rientiel","og_description":"APIK est un \u00e9v\u00e9nement urbain GRATUIT en plein coeur de Montr\u00e9al pour les passionn\u00e9s d'adr\u00e9naline - du 24 F\u00e9v au 5 Mars dans le Quartier latin.","og_url":"https:\/\/tribu.co\/project\/apik-fest-2\/","og_site_name":"Tribu Exp\u00e9rientiel","article_publisher":"https:\/\/www.facebook.com\/TribuExperientiel\/","article_modified_time":"2026-02-25T14:54:59+00:00","og_image":[{"width":1500,"height":1000,"url":"https:\/\/tribu.co\/wp-content\/uploads\/2023\/03\/@jay_gallant_Apikfest-58-1.jpg","type":"image\/jpeg"}],"twitter_card":"summary_large_image","twitter_site":"@tribu_exp","schema":{"@context":"https:\/\/schema.org","@graph":[{"@type":"WebPage","@id":"https:\/\/tribu.co\/project\/apik-fest-2\/","url":"https:\/\/tribu.co\/project\/apik-fest-2\/","name":"APIK - Quartier latin 2023 - Tribu Exp\u00e9rientiel","isPartOf":{"@id":"https:\/\/tribu.co\/#website"},"primaryImageOfPage":{"@id":"https:\/\/tribu.co\/project\/apik-fest-2\/#primaryimage"},"image":{"@id":"https:\/\/tribu.co\/project\/apik-fest-2\/#primaryimage"},"thumbnailUrl":"https:\/\/tribu.co\/wp-content\/uploads\/2023\/03\/@jay_gallant_Apikfest-58-1.jpg","datePublished":"2023-03-01T21:12:17+00:00","dateModified":"2026-02-25T14:54:59+00:00","description":"APIK est un \u00e9v\u00e9nement urbain GRATUIT en plein coeur de Montr\u00e9al pour les passionn\u00e9s d'adr\u00e9naline - du 24 F\u00e9v au 5 Mars dans le Quartier latin.","breadcrumb":{"@id":"https:\/\/tribu.co\/project\/apik-fest-2\/#breadcrumb"},"inLanguage":"fr-CA","potentialAction":[{"@type":"ReadAction","target":["https:\/\/tribu.co\/project\/apik-fest-2\/"]}]},{"@type":"ImageObject","inLanguage":"fr-CA","@id":"https:\/\/tribu.co\/project\/apik-fest-2\/#primaryimage","url":"https:\/\/tribu.co\/wp-content\/uploads\/2023\/03\/@jay_gallant_Apikfest-58-1.jpg","contentUrl":"https:\/\/tribu.co\/wp-content\/uploads\/2023\/03\/@jay_gallant_Apikfest-58-1.jpg","width":1500,"height":1000},{"@type":"BreadcrumbList","@id":"https:\/\/tribu.co\/project\/apik-fest-2\/#breadcrumb","itemListElement":[{"@type":"ListItem","position":1,"name":"Home","item":"https:\/\/tribu.co\/fr\/accueil\/"},{"@type":"ListItem","position":2,"name":"APIK &#8211; Quartier latin 2023"}]},{"@type":"WebSite","@id":"https:\/\/tribu.co\/#website","url":"https:\/\/tribu.co\/","name":"Tribu","description":"Integrated experiences","publisher":{"@id":"https:\/\/tribu.co\/#organization"},"potentialAction":[{"@type":"SearchAction","target":{"@type":"EntryPoint","urlTemplate":"https:\/\/tribu.co\/?s={search_term_string}"},"query-input":{"@type":"PropertyValueSpecification","valueRequired":true,"valueName":"search_term_string"}}],"inLanguage":"fr-CA"},{"@type":"Organization","@id":"https:\/\/tribu.co\/#organization","name":"Tribu","url":"https:\/\/tribu.co\/","logo":{"@type":"ImageObject","inLanguage":"fr-CA","@id":"https:\/\/tribu.co\/#\/schema\/logo\/image\/","url":"https:\/\/tribu.co\/app\/uploads\/2020\/03\/Tribu-Header.png","contentUrl":"https:\/\/tribu.co\/app\/uploads\/2020\/03\/Tribu-Header.png","width":2500,"height":1398,"caption":"Tribu"},"image":{"@id":"https:\/\/tribu.co\/#\/schema\/logo\/image\/"},"sameAs":["https:\/\/www.facebook.com\/TribuExperientiel\/","https:\/\/x.com\/tribu_exp","https:\/\/www.instagram.com\/tribuexperientiel\/","https:\/\/www.linkedin.com\/tribuexperientiel\/"]}]}},"_links":{"self":[{"href":"https:\/\/tribu.co\/fr\/wp-json\/wp\/v2\/project\/8854","targetHints":{"allow":["GET"]}}],"collection":[{"href":"https:\/\/tribu.co\/fr\/wp-json\/wp\/v2\/project"}],"about":[{"href":"https:\/\/tribu.co\/fr\/wp-json\/wp\/v2\/types\/project"}],"author":[{"embeddable":true,"href":"https:\/\/tribu.co\/fr\/wp-json\/wp\/v2\/users\/1"}],"wp:featuredmedia":[{"embeddable":true,"href":"https:\/\/tribu.co\/fr\/wp-json\/wp\/v2\/media\/8863"}],"wp:attachment":[{"href":"https:\/\/tribu.co\/fr\/wp-json\/wp\/v2\/media?parent=8854"}],"wp:term":[{"taxonomy":"project-service","embeddable":true,"href":"https:\/\/tribu.co\/fr\/wp-json\/wp\/v2\/project-service?post=8854"},{"taxonomy":"project-event","embeddable":true,"href":"https:\/\/tribu.co\/fr\/wp-json\/wp\/v2\/project-event?post=8854"},{"taxonomy":"project-location","embeddable":true,"href":"https:\/\/tribu.co\/fr\/wp-json\/wp\/v2\/project-location?post=8854"}],"curies":[{"name":"wp","href":"https:\/\/api.w.org\/{rel}","templated":true}]}}